{"id":35597,"date":"2025-12-11T03:23:46","date_gmt":"2025-12-11T02:23:46","guid":{"rendered":"http:\/\/events.parcsaintecroix.com\/?page_id=35597"},"modified":"2026-03-27T17:32:07","modified_gmt":"2026-03-27T16:32:07","slug":"politique-de-confidentialite","status":"publish","type":"page","link":"https:\/\/events.parcsaintecroix.com\/fr\/politique-de-confidentialite","title":{"rendered":"Politique de confidentialit\u00e9"},"content":{"rendered":"<section class=\"block-grid-wrapper block-grid-for-core-paragraph\">\n      <div class=\"default-editor-content grid-for-core-paragraph grid-container fluid fluid\">\n        <div class=\"grid-x grid-padding-x align-center\">\n          <div class=\"cell\">\n            \n<p><\/p>\n          <\/div>\n        <\/div>\n      <\/div>\n\n      <\/section>\n\n<section class=\"block-grid-wrapper block-grid-for-core-heading\">\n      <div class=\"default-editor-content grid-for-core-heading grid-container fluid fluid\">\n        <div class=\"grid-x grid-padding-x align-center\">\n          <div class=\"cell\">\n            \n<h1 class=\"wp-block-heading\">Politique de confidentialit\u00e9<\/h1>\n          <\/div>\n        <\/div>\n      <\/div>\n\n      <\/section>\n\n<section class=\"block-grid-wrapper block-grid-for-core-paragraph\">\n      <div class=\"default-editor-content grid-for-core-paragraph grid-container fluid fluid\">\n        <div class=\"grid-x grid-padding-x align-center\">\n          <div class=\"cell\">\n            \n<p><strong>Politique de protection des donn\u00e9es \u00e0 caract\u00e8re personnel<\/strong><\/p>\n          <\/div>\n        <\/div>\n      <\/div>\n\n      <\/section>\n\n<section class=\"block-grid-wrapper block-grid-for-core-paragraph\">\n      <div class=\"default-editor-content grid-for-core-paragraph grid-container fluid fluid\">\n        <div class=\"grid-x grid-padding-x align-center\">\n          <div class=\"cell\">\n            \n<p>Le Parc Animalier de Sainte-Croix (Sainte-Croix Events) est amen\u00e9, dans le cadre de ses activit\u00e9s, \u00e0 traiter des donn\u00e9es \u00e0 caract\u00e8re personnel \u00e0 partir de ce site et s\u2019engage \u00e0 le faire conform\u00e9ment aux dispositions du R\u00e8glement UE 2016\/679 du 27 avril 2016 (\u00ab R\u00e8glement G\u00e9n\u00e9ral sur la Protection des Donn\u00e9es \u00bb, \u00ab RGPD \u00bb) et de la loi n\u00b078-17 \u00ab Informatique et Libert\u00e9s \u00bb du 6 janvier 1978 modifi\u00e9e.<\/p>\n          <\/div>\n        <\/div>\n      <\/div>\n\n      <\/section>\n\n<section class=\"block-grid-wrapper block-grid-for-core-paragraph\">\n      <div class=\"default-editor-content grid-for-core-paragraph grid-container fluid fluid\">\n        <div class=\"grid-x grid-padding-x align-center\">\n          <div class=\"cell\">\n            \n<p>La protection de votre vie priv\u00e9e et de vos libert\u00e9s individuelles nous tient particuli\u00e8rement \u00e0 c\u0153ur, raison pour laquelle, nous tenons, par la pr\u00e9sente politique de protection des donn\u00e9es vise \u00e0 vous informer en toute transparence, quant aux engagements pris par le Parc Animalier de Sainte-Croix (Sainte-Croix Events) ainsi que des mesures qu\u2019il a prises afin de veiller \u00e0 la protection et \u00e0 la s\u00e9curit\u00e9 de vos donn\u00e9es \u00e0 caract\u00e8re personnel.<\/p>\n          <\/div>\n        <\/div>\n      <\/div>\n\n      <\/section>\n\n<section class=\"block-grid-wrapper block-grid-for-core-paragraph\">\n      <div class=\"default-editor-content grid-for-core-paragraph grid-container fluid fluid\">\n        <div class=\"grid-x grid-padding-x align-center\">\n          <div class=\"cell\">\n            \n<p>Le Parc Animalier de Sainte-Croix (Sainte-Croix Events) est un \u00e9tablissement conforme au RGPD.<\/p>\n          <\/div>\n        <\/div>\n      <\/div>\n\n      <\/section>\n\n<section class=\"block-grid-wrapper block-grid-for-core-heading\">\n      <div class=\"default-editor-content grid-for-core-heading grid-container fluid fluid\">\n        <div class=\"grid-x grid-padding-x align-center\">\n          <div class=\"cell\">\n            \n<h3 class=\"wp-block-heading\"><strong><strong>I. Utilisation nos sites internet<\/strong><\/strong><\/h3>\n          <\/div>\n        <\/div>\n      <\/div>\n\n      <\/section>\n\n<section class=\"block-grid-wrapper block-grid-for-core-list\">\n      <div class=\"default-editor-content grid-for-core-list grid-container fluid fluid\">\n        <div class=\"grid-x grid-padding-x align-center\">\n          <div class=\"cell\">\n            \n<ol class=\"wp-block-list\">\n<li><strong>Cat\u00e9gories de donn\u00e9es collect\u00e9es<\/strong><br>Lors de votre navigation sur les diff\u00e9rents sites \u00e9dit\u00e9s par le Parc animalier de Sainte-Croix (Sainte-Croix Events), ce dernier est susceptible de collecter des donn\u00e9es \u00e0 caract\u00e8re personnel vous concernant. Les cat\u00e9gories de donn\u00e9es susceptibles d\u2019\u00eatre ainsi collect\u00e9es sont les suivantes :\n<ul class=\"wp-block-list\">\n<li>Donn\u00e9es techniques de navigation (adresse IP, logs de connexion, etc.)<\/li>\n\n\n\n<li>Donn\u00e9es relatives \u00e0 votre navigation<\/li>\n\n\n\n<li>Donn\u00e9es relatives au mat\u00e9riel utilis\u00e9<\/li>\n<\/ul>\n<\/li>\n\n\n\n<li><strong>Finalit\u00e9s poursuivies<br><\/strong>Ces donn\u00e9es sont en partie collect\u00e9es dans le but de respecter nos obligations l\u00e9gales, ainsi qu\u2019\u00e0 des fins de gestion technique et d\u2019analyse statistique de nos sites.<\/li>\n\n\n\n<li><strong>Dur\u00e9e de conservation<\/strong> <br>Les donn\u00e9es collect\u00e9es dans le cadre de votre utilisation de nos sites sont conserv\u00e9es pour une dur\u00e9e n\u2019exc\u00e9dant pas la r\u00e9alisation des finalit\u00e9s susmentionn\u00e9es. En tout \u00e9tat de cause, elles ne sont pas conserv\u00e9es pour une dur\u00e9e sup\u00e9rieure \u00e0 un an.<\/li>\n\n\n\n<li><strong>Destinataires des donn\u00e9es<\/strong><br>Les donn\u00e9es collect\u00e9es dans le cadre de votre utilisation de nos sites sont exclusivement destin\u00e9es \u00e0 un usage interne, utilis\u00e9es par le parc animalier de Sainte-Croix (Sainte-Croix Events) et ses sous-traitants. Nous veillons particuli\u00e8rement \u00e0 ne jamais transmettre ces donn\u00e9es \u00e0 des tiers.<\/li>\n<\/ol>\n          <\/div>\n        <\/div>\n      <\/div>\n\n      <\/section>\n\n<section class=\"block-grid-wrapper block-grid-for-core-heading\">\n      <div class=\"default-editor-content grid-for-core-heading grid-container fluid fluid\">\n        <div class=\"grid-x grid-padding-x align-center\">\n          <div class=\"cell\">\n            \n<h3 class=\"wp-block-heading\"><strong><strong>II. Formulaire de contact<\/strong><\/strong><\/h3>\n          <\/div>\n        <\/div>\n      <\/div>\n\n      <\/section>\n\n<section class=\"block-grid-wrapper block-grid-for-core-list\">\n      <div class=\"default-editor-content grid-for-core-list grid-container fluid fluid\">\n        <div class=\"grid-x grid-padding-x align-center\">\n          <div class=\"cell\">\n            \n<ol class=\"wp-block-list\">\n<li><strong>Cat\u00e9gories de donn\u00e9es collect\u00e9es<\/strong><br>Dans le cadre de votre utilisation des formulaires de contact pr\u00e9sents sur nos diff\u00e9rents sites, les donn\u00e9es suivantes sont susceptibles d\u2019\u00eatre collect\u00e9es : <ul><li>Donn\u00e9es relatives \u00e0 votre identit\u00e9 (nom, pr\u00e9nom)&nbsp;<\/li><li>Adresse postale&nbsp;<\/li><li>Adresse \u00e9lectronique&nbsp;<\/li><li>Num\u00e9ro de t\u00e9l\u00e9phone portable et fixe<\/li><\/ul><br>Le caract\u00e8re obligatoire de ces informations est indiqu\u00e9 par la pr\u00e9sence d\u2019un ast\u00e9risque rouge. Ces donn\u00e9es sont collect\u00e9es sur la base de votre consentement expr\u00e8s.<\/li>\n\n\n\n<li><strong>Finalit\u00e9s poursuivies<\/strong><br>Les donn\u00e9es collect\u00e9es via nos formulaires de contact sont exclusivement trait\u00e9es dans le but de r\u00e9pondre \u00e0 votre question ou \u00e0 votre demande.<\/li>\n\n\n\n<li><strong>Dur\u00e9e de conservation<\/strong><br>Les donn\u00e9es collect\u00e9es dans le cadre de votre utilisation des formulaires de contact figurant sur nos sites ne sont conserv\u00e9es que pour une dur\u00e9e n\u2019exc\u00e9dant pas la r\u00e9alisation des finalit\u00e9s susmentionn\u00e9es et dans le respect de l\u2019exercice de vos droits.<\/li>\n\n\n\n<li><strong>Destinataires<\/strong><br>Les donn\u00e9es collect\u00e9es dans le cadre de l\u2019utilisation de nos sites sont exclusivement destin\u00e9es \u00e0 un usage interne de la part du parc animalier de Sainte-Croix (Sainte-Croix Events) et de ses sous-traitants. Elles ne sont en aucun cas transmises \u00e0 des tiers.<\/li>\n<\/ol>\n          <\/div>\n        <\/div>\n      <\/div>\n\n      <\/section>\n\n<section class=\"block-grid-wrapper block-grid-for-core-heading\">\n      <div class=\"default-editor-content grid-for-core-heading grid-container fluid fluid\">\n        <div class=\"grid-x grid-padding-x align-center\">\n          <div class=\"cell\">\n            \n<h3 class=\"wp-block-heading\"><strong>III. Newsletter et communication<\/strong><\/h3>\n          <\/div>\n        <\/div>\n      <\/div>\n\n      <\/section>\n\n<section class=\"block-grid-wrapper block-grid-for-core-paragraph\">\n      <div class=\"default-editor-content grid-for-core-paragraph grid-container fluid fluid\">\n        <div class=\"grid-x grid-padding-x align-center\">\n          <div class=\"cell\">\n            \n<p>Dans le cadre de votre inscription \u00e0 la lettre d\u2019information du Parc Animalier de Sainte-Croix, seule votre adresse \u00e9lectronique est susceptible d\u2019\u00eatre collect\u00e9e. Elle ne peut \u00eatre collect\u00e9e qu\u2019avec votre consentement expr\u00e8s, par le biais d\u2019un syst\u00e8me dit de \u00ab opt-in \u00bb.  Ce n\u2019est qu\u2019en cliquant sur le bouton de confirmation que votre inscription \u00e0 la newsletter sera enregistr\u00e9e.<\/p>\n          <\/div>\n        <\/div>\n      <\/div>\n\n      <\/section>\n\n<section class=\"block-grid-wrapper block-grid-for-core-paragraph\">\n      <div class=\"default-editor-content grid-for-core-paragraph grid-container fluid fluid\">\n        <div class=\"grid-x grid-padding-x align-center\">\n          <div class=\"cell\">\n            \n<p>Il est \u00e9galement possible que vous vous soyez inscrit \u00e0 la newsletter par un autre moyen que via le site principal du Parc Animalier de Sainte-Croix, auquel cas votre consentement explicite est \u00e9galement requis mais peut passer par d\u2019autres moyens, comme par exemple par le biais d\u2019une case \u00e0 cocher sur un formulaire.<\/p>\n          <\/div>\n        <\/div>\n      <\/div>\n\n      <\/section>\n\n<section class=\"block-grid-wrapper block-grid-for-core-paragraph\">\n      <div class=\"default-editor-content grid-for-core-paragraph grid-container fluid fluid\">\n        <div class=\"grid-x grid-padding-x align-center\">\n          <div class=\"cell\">\n            \n<p>Il vous est par ailleurs possible de vous d\u00e9sinscrire de cette liste \u00e0 tout moment en cliquant sur le lien \u00ab Me d\u00e9sabonner \u00bb pr\u00e9sent en pied de chaque newsletter. En cliquant sur ce lien, vous serez automatiquement d\u00e9sinscrit sans avoir \u00e0 entreprendre de d\u00e9marche suppl\u00e9mentaire.<\/p>\n          <\/div>\n        <\/div>\n      <\/div>\n\n      <\/section>\n\n<section class=\"block-grid-wrapper block-grid-for-core-paragraph\">\n      <div class=\"default-editor-content grid-for-core-paragraph grid-container fluid fluid\">\n        <div class=\"grid-x grid-padding-x align-center\">\n          <div class=\"cell\">\n            \n<p>La liste des personnes inscrites \u00e0 la newsletter du Parc Animalier du Sainte-Croix est r\u00e9serv\u00e9e \u00e0 notre usage interne ainsi qu\u2019\u00e0 nos \u00e9ventuels sous-traitants et n\u2019est transmise \u00e0 aucun tiers. Afin de prot\u00e9ger votre vie priv\u00e9e et dans le cas o\u00f9 nous serions amen\u00e9s \u00e0 vous transmettre par le biais de la newsletter les offres d\u2019un de nos partenaires, celui-ci n\u2019aurait en tout \u00e9tat de cause pas acc\u00e8s \u00e0 la liste des destinataires de tels courriers.<\/p>\n          <\/div>\n        <\/div>\n      <\/div>\n\n      <\/section>\n\n<section class=\"block-grid-wrapper block-grid-for-core-paragraph\">\n      <div class=\"default-editor-content grid-for-core-paragraph grid-container fluid fluid\">\n        <div class=\"grid-x grid-padding-x align-center\">\n          <div class=\"cell\">\n            \n<p><br><\/p>\n          <\/div>\n        <\/div>\n      <\/div>\n\n      <\/section>\n\n<section class=\"block-grid-wrapper block-grid-for-core-heading\">\n      <div class=\"default-editor-content grid-for-core-heading grid-container fluid fluid\">\n        <div class=\"grid-x grid-padding-x align-center\">\n          <div class=\"cell\">\n            \n<h3 class=\"wp-block-heading\"><strong>VIII. Vos droits<\/strong><\/h3>\n          <\/div>\n        <\/div>\n      <\/div>\n\n      <\/section>\n\n<section class=\"block-grid-wrapper block-grid-for-core-paragraph\">\n      <div class=\"default-editor-content grid-for-core-paragraph grid-container fluid fluid\">\n        <div class=\"grid-x grid-padding-x align-center\">\n          <div class=\"cell\">\n            \n<p>Conform\u00e9ment aux dispositions du RGPD et de la Loi Informatique et Libert\u00e9s modifi\u00e9e, nous vous informons que vous disposez d\u2019un ensemble de droits relatifs aux donn\u00e9es que vous nous confiez. Vous pouvez ainsi nous contacter \u00e0 tout moment pour :<\/p>\n          <\/div>\n        <\/div>\n      <\/div>\n\n      <\/section>\n\n<section class=\"block-grid-wrapper block-grid-for-core-list\">\n      <div class=\"default-editor-content grid-for-core-list grid-container fluid fluid\">\n        <div class=\"grid-x grid-padding-x align-center\">\n          <div class=\"cell\">\n            \n<ul class=\"wp-block-list\">\n<li>Acc\u00e9der \u00e0 et de rectifier vos donn\u00e9es \u00e0 caract\u00e8re personnel, ainsi que de nous demander une copie des donn\u00e9es vous concernant en notre possession (droit d\u2019acc\u00e8s et de rectification)&nbsp;<\/li>\n\n\n\n<li>Vous opposer au traitement de vos donn\u00e9es pour des motifs l\u00e9gitimes (droit d\u2019opposition)<\/li>\n\n\n\n<li>Dans les limites pr\u00e9vues par les textes, demander \u00e0 ce que le traitement de vos donn\u00e9es soit limit\u00e9 ou vos donn\u00e9es effac\u00e9es (droit \u00e0 la limitation et \u00e0 l\u2019effacement)&nbsp;<\/li>\n\n\n\n<li>Recevoir une copie de vos donn\u00e9es dans un format structur\u00e9, lisible et couramment utilis\u00e9, afin de les transmettre \u00e0 un autre responsable de traitement (droit \u00e0 la portabilit\u00e9)&nbsp;<\/li>\n\n\n\n<li>D\u00e9finir des directives relatives au sort de vos donn\u00e9es apr\u00e8s votre d\u00e9c\u00e8s<\/li>\n<\/ul>\n          <\/div>\n        <\/div>\n      <\/div>\n\n      <\/section>\n\n<section class=\"block-grid-wrapper block-grid-for-core-paragraph\">\n      <div class=\"default-editor-content grid-for-core-paragraph grid-container fluid fluid\">\n        <div class=\"grid-x grid-padding-x align-center\">\n          <div class=\"cell\">\n            \n<p>Pour exercer ces droits, vous pouvez nous contacter par email \u00e0 l&rsquo;adresse mail suivante : rgpd@parcsaintecroix.com  ou par courrier postal \u00e0 l\u2019adresse :<\/p>\n          <\/div>\n        <\/div>\n      <\/div>\n\n      <\/section>\n\n<section class=\"block-grid-wrapper block-grid-for-core-extended-special-paragraph-with-border\">\n      <div class=\"default-editor-content grid-for-core-extended-special-paragraph-with-border grid-container fluid fluid\">\n        <div class=\"grid-x grid-padding-x align-center\">\n          <div class=\"cell\">\n            \n<div class=\"wp-block-extended-special-paragraph-with-border\">\n<h3 class=\"wp-block-heading\"><\/h3>\n\n\n\n<p class=\"has-text-align-center\"><strong>Parc Animalier de Sainte-Croix<\/strong><\/p>\n\n\n\n<p class=\"has-text-align-center\"><strong>Domaine de Sainte-Croix<\/strong><\/p>\n\n\n\n<p class=\"has-text-align-center\"><strong>57810 RHODES<\/strong><\/p>\n<\/div>\n          <\/div>\n        <\/div>\n      <\/div>\n\n      <\/section>\n\n<section class=\"block-grid-wrapper block-grid-for-core-paragraph\">\n      <div class=\"default-editor-content grid-for-core-paragraph grid-container fluid fluid\">\n        <div class=\"grid-x grid-padding-x align-center\">\n          <div class=\"cell\">\n            \n<p>Afin de v\u00e9rifier votre identit\u00e9 et pour \u00e9viter de transmettre vos donn\u00e9es \u00e0 des tiers, nous vous prions de joindre \u00e0 vos demandes une copie de votre carte d\u2019identit\u00e9 dans un format lisible. Cette copie sera d\u00e9truite imm\u00e9diatement apr\u00e8s confirmation de votre identit\u00e9 et ne sera en aucun cas trait\u00e9e \u00e0 d\u2019autres fins.<\/p>\n          <\/div>\n        <\/div>\n      <\/div>\n\n      <\/section>\n\n<section class=\"block-grid-wrapper block-grid-for-core-paragraph\">\n      <div class=\"default-editor-content grid-for-core-paragraph grid-container fluid fluid\">\n        <div class=\"grid-x grid-padding-x align-center\">\n          <div class=\"cell\">\n            \n<p>Si vous estimez que Le Parc Animalier de Sainte-Croix ne respecte pas ses obligations au regard de vos informations personnelles, vous avez la possibilit\u00e9 de d\u00e9poser une plainte ou une demande aupr\u00e8s de l\u2019autorit\u00e9 comp\u00e9tente. En France, l\u2019autorit\u00e9 comp\u00e9tente est la CNIL \u00e0 laquelle vous pouvez adresser une demande \u00e9lectronique via le lien : https:\/\/www.cnil.fr\/fr\/plaintes\/internet&nbsp;<\/p>\n          <\/div>\n        <\/div>\n      <\/div>\n\n      <\/section>\n\n<section class=\"block-grid-wrapper block-grid-for-core-paragraph\">\n      <div class=\"default-editor-content grid-for-core-paragraph grid-container fluid fluid\">\n        <div class=\"grid-x grid-padding-x align-center\">\n          <div class=\"cell\">\n            \n<p>Le Parc Animalier de Sainte-Croix s\u2019engage \u00e0 r\u00e9pondre \u00e0 votre demande d\u2019acc\u00e8s, de rectification ou d\u2019opposition ou tout autre demande compl\u00e9mentaire d\u2019informations dans un d\u00e9lai raisonnable qui ne saurait d\u00e9passer un mois \u00e0 compter de la r\u00e9ception de votre demande. Veuillez pr\u00e9voir que la complexit\u00e9 de la demande peut \u00e9ventuellement prolonger le d\u00e9lai de notre r\u00e9ponse jusqu\u2019\u00e0 trois mois&nbsp;<\/p>\n          <\/div>\n        <\/div>\n      <\/div>\n\n      <\/section>\n\n<section class=\"block-grid-wrapper block-grid-for-core-heading\">\n      <div class=\"default-editor-content grid-for-core-heading grid-container fluid fluid\">\n        <div class=\"grid-x grid-padding-x align-center\">\n          <div class=\"cell\">\n            \n<h3 class=\"wp-block-heading\"><strong>IX. S\u00e9curit\u00e9<\/strong><\/h3>\n          <\/div>\n        <\/div>\n      <\/div>\n\n      <\/section>\n\n<section class=\"block-grid-wrapper block-grid-for-core-paragraph\">\n      <div class=\"default-editor-content grid-for-core-paragraph grid-container fluid fluid\">\n        <div class=\"grid-x grid-padding-x align-center\">\n          <div class=\"cell\">\n            \n<p>Le Parc Animalier de Sainte-Croix est attach\u00e9 \u00e0 pr\u00e9server la confidentialit\u00e9, l\u2019int\u00e9grit\u00e9 et la disponibilit\u00e9 de vos donn\u00e9es, et met en \u0153uvre des mesures de s\u00e9curit\u00e9 techniques, logistiques et organisationnelles adapt\u00e9es pour les prot\u00e9ger. Ces mesures assurent un niveau de s\u00e9curit\u00e9 adapt\u00e9 aux risques qui accompagnent le traitement de vos donn\u00e9es \u00e0 caract\u00e8re personnel collect\u00e9es dans le cadre de votre utilisation de ce site.<\/p>\n          <\/div>\n        <\/div>\n      <\/div>\n\n      <\/section>\n\n<section class=\"block-grid-wrapper block-grid-for-core-paragraph\">\n      <div class=\"default-editor-content grid-for-core-paragraph grid-container fluid fluid\">\n        <div class=\"grid-x grid-padding-x align-center\">\n          <div class=\"cell\">\n            \n<p>Les donn\u00e9es \u00e0 caract\u00e8re personnel trait\u00e9es pour la gestion de la relation client sont h\u00e9berg\u00e9es au sein de l\u2019Union europ\u00e9enne (Allemagne). Toutefois, certains traitements sp\u00e9cifiques peuvent entra\u00eener des transferts de donn\u00e9es vers d\u2019autres pays par notre sous-traitant HUBSPOT. Ces transferts sont encadr\u00e9s par des clauses contractuelles types, conform\u00e9ment \u00e0 la r\u00e9glementation europ\u00e9enne.<\/p>\n          <\/div>\n        <\/div>\n      <\/div>\n\n      <\/section>\n\n<section class=\"block-grid-wrapper block-grid-for-core-heading\">\n      <div class=\"default-editor-content grid-for-core-heading grid-container fluid fluid\">\n        <div class=\"grid-x grid-padding-x align-center\">\n          <div class=\"cell\">\n            \n<h3 class=\"wp-block-heading\"><strong>X. Cookies<\/strong><\/h3>\n          <\/div>\n        <\/div>\n      <\/div>\n\n      <\/section>\n\n<section class=\"block-grid-wrapper block-grid-for-core-paragraph\">\n      <div class=\"default-editor-content grid-for-core-paragraph grid-container fluid fluid\">\n        <div class=\"grid-x grid-padding-x align-center\">\n          <div class=\"cell\">\n            \n<p>Le Parc Animalier de Sainte-Croix a recours sur ses sites \u00e0 des cookies \u00e0 des fins statistiques et d\u2019analyse.<\/p>\n          <\/div>\n        <\/div>\n      <\/div>\n\n      <\/section>","protected":false},"excerpt":{"rendered":"<p>Politique de confidentialit\u00e9 Politique de protection des donn\u00e9es \u00e0 caract\u00e8re personnel Le Parc Animalier de Sainte-Croix (Sainte-Croix Events) est amen\u00e9, dans le cadre de ses activit\u00e9s, \u00e0 traiter des donn\u00e9es \u00e0 caract\u00e8re personnel \u00e0 partir de ce site et s\u2019engage \u00e0 le faire conform\u00e9ment aux dispositions du R\u00e8glement UE 2016\/679 du 27 avril 2016 (\u00ab [&hellip;]<\/p>\n","protected":false},"author":1,"featured_media":0,"parent":0,"menu_order":0,"comment_status":"closed","ping_status":"closed","template":"","meta":{"_acf_changed":false,"footnotes":""},"class_list":["post-35597","page","type-page","status-publish","hentry"],"acf":[],"yoast_head":"<!-- This site is optimized with the Yoast SEO plugin v27.3 - https:\/\/yoast.com\/product\/yoast-seo-wordpress\/ -->\n<title>Politique de confidentialit\u00e9 | Parc Animalier Sainte-Croix<\/title>\n<meta name=\"description\" content=\"Prendre connaissance de notre politique de confidentialit\u00e9.\" \/>\n<meta name=\"robots\" content=\"index, follow, max-snippet:-1, max-image-preview:large, max-video-preview:-1\" \/>\n<link rel=\"canonical\" href=\"https:\/\/events.parcsaintecroix.com\/fr\/politique-de-confidentialite\" \/>\n<meta property=\"og:locale\" content=\"fr_FR\" \/>\n<meta property=\"og:type\" content=\"article\" \/>\n<meta property=\"og:title\" content=\"Politique de confidentialit\u00e9 | Parc Animalier Sainte-Croix\" \/>\n<meta property=\"og:description\" content=\"Prendre connaissance de notre politique de confidentialit\u00e9.\" \/>\n<meta property=\"og:url\" content=\"https:\/\/events.parcsaintecroix.com\/fr\/politique-de-confidentialite\" \/>\n<meta property=\"og:site_name\" content=\"Sainte-Croix Events\" \/>\n<meta property=\"article:publisher\" content=\"https:\/\/www.facebook.com\/LodgesSainteCroix\/\" \/>\n<meta property=\"article:modified_time\" content=\"2026-03-27T16:32:07+00:00\" \/>\n<meta name=\"twitter:card\" content=\"summary_large_image\" \/>\n<meta name=\"twitter:site\" content=\"@parc_stecroix\" \/>\n<meta name=\"twitter:label1\" content=\"Dur\u00e9e de lecture estim\u00e9e\" \/>\n\t<meta name=\"twitter:data1\" content=\"7 minutes\" \/>\n<script type=\"application\/ld+json\" class=\"yoast-schema-graph\">{\"@context\":\"https:\\\/\\\/schema.org\",\"@graph\":[{\"@type\":\"WebPage\",\"@id\":\"https:\\\/\\\/events.parcsaintecroix.com\\\/fr\\\/politique-de-confidentialite\",\"url\":\"https:\\\/\\\/events.parcsaintecroix.com\\\/fr\\\/politique-de-confidentialite\",\"name\":\"Politique de confidentialit\u00e9 | Parc Animalier Sainte-Croix\",\"isPartOf\":{\"@id\":\"https:\\\/\\\/events.parcsaintecroix.com\\\/fr\\\/#website\"},\"datePublished\":\"2025-12-11T02:23:46+00:00\",\"dateModified\":\"2026-03-27T16:32:07+00:00\",\"description\":\"Prendre connaissance de notre politique de confidentialit\u00e9.\",\"breadcrumb\":{\"@id\":\"https:\\\/\\\/events.parcsaintecroix.com\\\/fr\\\/politique-de-confidentialite#breadcrumb\"},\"inLanguage\":\"fr-FR\",\"potentialAction\":[{\"@type\":\"ReadAction\",\"target\":[\"https:\\\/\\\/events.parcsaintecroix.com\\\/fr\\\/politique-de-confidentialite\"]}]},{\"@type\":\"BreadcrumbList\",\"@id\":\"https:\\\/\\\/events.parcsaintecroix.com\\\/fr\\\/politique-de-confidentialite#breadcrumb\",\"itemListElement\":[{\"@type\":\"ListItem\",\"position\":1,\"name\":\"Accueil\",\"item\":\"https:\\\/\\\/events.parcsaintecroix.com\\\/fr\"},{\"@type\":\"ListItem\",\"position\":2,\"name\":\"Politique de confidentialit\u00e9\"}]},{\"@type\":\"WebSite\",\"@id\":\"https:\\\/\\\/events.parcsaintecroix.com\\\/fr\\\/#website\",\"url\":\"https:\\\/\\\/events.parcsaintecroix.com\\\/fr\\\/\",\"name\":\"Sainte-Croix Events\",\"description\":\"Organiser votre s\u00e9minaire au c\u0153ur de la nature et du vivant\",\"publisher\":{\"@id\":\"https:\\\/\\\/events.parcsaintecroix.com\\\/fr\\\/#organization\"},\"alternateName\":\"PSC\",\"inLanguage\":\"fr-FR\"},{\"@type\":\"Organization\",\"@id\":\"https:\\\/\\\/events.parcsaintecroix.com\\\/fr\\\/#organization\",\"name\":\"Sainte-Croix Events\",\"url\":\"https:\\\/\\\/events.parcsaintecroix.com\\\/fr\\\/\",\"logo\":{\"@type\":\"ImageObject\",\"inLanguage\":\"fr-FR\",\"@id\":\"https:\\\/\\\/events.parcsaintecroix.com\\\/fr\\\/#\\\/schema\\\/logo\\\/image\\\/\",\"url\":\"\",\"contentUrl\":\"\",\"caption\":\"Sainte-Croix Events\"},\"image\":{\"@id\":\"https:\\\/\\\/events.parcsaintecroix.com\\\/fr\\\/#\\\/schema\\\/logo\\\/image\\\/\"},\"sameAs\":[\"https:\\\/\\\/www.facebook.com\\\/LodgesSainteCroix\\\/\",\"https:\\\/\\\/x.com\\\/parc_stecroix\"]}]}<\/script>\n<!-- \/ Yoast SEO plugin. -->","yoast_head_json":{"title":"Politique de confidentialit\u00e9 | Parc Animalier Sainte-Croix","description":"Prendre connaissance de notre politique de confidentialit\u00e9.","robots":{"index":"index","follow":"follow","max-snippet":"max-snippet:-1","max-image-preview":"max-image-preview:large","max-video-preview":"max-video-preview:-1"},"canonical":"https:\/\/events.parcsaintecroix.com\/fr\/politique-de-confidentialite","og_locale":"fr_FR","og_type":"article","og_title":"Politique de confidentialit\u00e9 | Parc Animalier Sainte-Croix","og_description":"Prendre connaissance de notre politique de confidentialit\u00e9.","og_url":"https:\/\/events.parcsaintecroix.com\/fr\/politique-de-confidentialite","og_site_name":"Sainte-Croix Events","article_publisher":"https:\/\/www.facebook.com\/LodgesSainteCroix\/","article_modified_time":"2026-03-27T16:32:07+00:00","twitter_card":"summary_large_image","twitter_site":"@parc_stecroix","twitter_misc":{"Dur\u00e9e de lecture estim\u00e9e":"7 minutes"},"schema":{"@context":"https:\/\/schema.org","@graph":[{"@type":"WebPage","@id":"https:\/\/events.parcsaintecroix.com\/fr\/politique-de-confidentialite","url":"https:\/\/events.parcsaintecroix.com\/fr\/politique-de-confidentialite","name":"Politique de confidentialit\u00e9 | Parc Animalier Sainte-Croix","isPartOf":{"@id":"https:\/\/events.parcsaintecroix.com\/fr\/#website"},"datePublished":"2025-12-11T02:23:46+00:00","dateModified":"2026-03-27T16:32:07+00:00","description":"Prendre connaissance de notre politique de confidentialit\u00e9.","breadcrumb":{"@id":"https:\/\/events.parcsaintecroix.com\/fr\/politique-de-confidentialite#breadcrumb"},"inLanguage":"fr-FR","potentialAction":[{"@type":"ReadAction","target":["https:\/\/events.parcsaintecroix.com\/fr\/politique-de-confidentialite"]}]},{"@type":"BreadcrumbList","@id":"https:\/\/events.parcsaintecroix.com\/fr\/politique-de-confidentialite#breadcrumb","itemListElement":[{"@type":"ListItem","position":1,"name":"Accueil","item":"https:\/\/events.parcsaintecroix.com\/fr"},{"@type":"ListItem","position":2,"name":"Politique de confidentialit\u00e9"}]},{"@type":"WebSite","@id":"https:\/\/events.parcsaintecroix.com\/fr\/#website","url":"https:\/\/events.parcsaintecroix.com\/fr\/","name":"Sainte-Croix Events","description":"Organiser votre s\u00e9minaire au c\u0153ur de la nature et du vivant","publisher":{"@id":"https:\/\/events.parcsaintecroix.com\/fr\/#organization"},"alternateName":"PSC","inLanguage":"fr-FR"},{"@type":"Organization","@id":"https:\/\/events.parcsaintecroix.com\/fr\/#organization","name":"Sainte-Croix Events","url":"https:\/\/events.parcsaintecroix.com\/fr\/","logo":{"@type":"ImageObject","inLanguage":"fr-FR","@id":"https:\/\/events.parcsaintecroix.com\/fr\/#\/schema\/logo\/image\/","url":"","contentUrl":"","caption":"Sainte-Croix Events"},"image":{"@id":"https:\/\/events.parcsaintecroix.com\/fr\/#\/schema\/logo\/image\/"},"sameAs":["https:\/\/www.facebook.com\/LodgesSainteCroix\/","https:\/\/x.com\/parc_stecroix"]}]}},"_links":{"self":[{"href":"https:\/\/events.parcsaintecroix.com\/fr\/wp-json\/wp\/v2\/pages\/35597","targetHints":{"allow":["GET"]}}],"collection":[{"href":"https:\/\/events.parcsaintecroix.com\/fr\/wp-json\/wp\/v2\/pages"}],"about":[{"href":"https:\/\/events.parcsaintecroix.com\/fr\/wp-json\/wp\/v2\/types\/page"}],"author":[{"embeddable":true,"href":"https:\/\/events.parcsaintecroix.com\/fr\/wp-json\/wp\/v2\/users\/1"}],"replies":[{"embeddable":true,"href":"https:\/\/events.parcsaintecroix.com\/fr\/wp-json\/wp\/v2\/comments?post=35597"}],"version-history":[{"count":4,"href":"https:\/\/events.parcsaintecroix.com\/fr\/wp-json\/wp\/v2\/pages\/35597\/revisions"}],"predecessor-version":[{"id":39897,"href":"https:\/\/events.parcsaintecroix.com\/fr\/wp-json\/wp\/v2\/pages\/35597\/revisions\/39897"}],"wp:attachment":[{"href":"https:\/\/events.parcsaintecroix.com\/fr\/wp-json\/wp\/v2\/media?parent=35597"}],"curies":[{"name":"wp","href":"https:\/\/api.w.org\/{rel}","templated":true}]}}