{"id":35735,"date":"2025-12-16T16:32:56","date_gmt":"2025-12-16T15:32:56","guid":{"rendered":"https:\/\/events.parcsaintecroix.com\/?page_id=35735"},"modified":"2026-03-31T11:28:32","modified_gmt":"2026-03-31T09:28:32","slug":"journee-detudes","status":"publish","type":"page","link":"https:\/\/events.parcsaintecroix.com\/fr\/journee-detudes","title":{"rendered":"Journ\u00e9e d\u2019\u00e9tudes"},"content":{"rendered":"\n<section  class=\"wp-block-acf-header-edito-page  block-index-0 section-content section-header-edito-page\"   itemprop=\"hasPart\" itemscope itemtype=\"https:\/\/schema.org\/WebPageElement\">\n\n  <div class=\"breadcrumbs-wrapper\">\n      <div class=\"grid-container full breadcrumb-container\">\n    <div class=\"grid-x\">\n      <div class=\"cell\">\n        <div class=\"breadcrumbs\"><span><span><a href=\"https:\/\/events.parcsaintecroix.com\/fr\">Accueil<\/a><\/span>  <span class=\"breadcrumb_last\" aria-current=\"page\">Journ\u00e9e d\u2019\u00e9tudes<\/span><\/span>        <\/div>\n      <\/div>\n    <\/div>\n  <\/div>  <\/div>\n\n  \n    <figure>\n      <picture><source srcset=\"https:\/\/events.parcsaintecroix.com\/wp-content\/uploads\/2026\/03\/seminaire-1366x1366-97a69d9a5c71.jpg\" media=\"(min-width: 48rem) and (min-resolution: 192dpi), (min-width: 48rem) and (-webkit-min-device-pixel-ratio: 2)\"><source srcset=\"https:\/\/events.parcsaintecroix.com\/wp-content\/uploads\/2026\/03\/seminaire-1366x2225-4755b5289b92.jpg\" media=\"(min-resolution: 192dpi), (-webkit-min-device-pixel-ratio: 2)\"><source srcset=\"https:\/\/events.parcsaintecroix.com\/wp-content\/uploads\/2026\/03\/seminaire-2048x660-6f5301f4f3cc.jpg\" media=\"(min-width: 75rem)\"><source srcset=\"https:\/\/events.parcsaintecroix.com\/wp-content\/uploads\/2026\/03\/seminaire-2048x752-aaa1a541a1d1.jpg\" media=\"(min-width: 64rem)\"><source srcset=\"https:\/\/events.parcsaintecroix.com\/wp-content\/uploads\/2026\/03\/seminaire-1023x1023-2a426e98586f.jpg\" media=\"(min-width: 48rem)\"><img decoding=\"async\" src=\"https:\/\/events.parcsaintecroix.com\/wp-content\/uploads\/2026\/03\/seminaire-767x1250-8e783b4c1964.jpg\" alt=\"\" style=\";--aspect-ratio-small: 0.6136;--aspect-ratio-medium: 1;--aspect-ratio-large: 2.725;--aspect-ratio-xlarge: 3.1045454545455;--aspect-ratio-retina: 0.6136;--aspect-ratio-medium_retina: 1\" data-has-aspect-ratio=\"true\" \/><\/picture>    <\/figure>\n  \n  <div class=\"grid-container fluid\">\n    <div class=\"grid-x grid-padding-x align-center\">\n      <div class=\"cell medium-10 large-9 text-center\">\n\n                  <h1 class=\"page-title\">\n            <variable-width>\n              Journ\u00e9e d\u2019\u00e9tudes            <\/variable-width>\n          <\/h1>\n        \n        <div class=\"page-descr\"><\/div>\n      <\/div>\n    <\/div>\n  <\/div>\n<\/section>\n\n\n<section class=\"block-grid-wrapper block-grid-for-core-heading\">\n      <div class=\"default-editor-content grid-for-core-heading grid-container fluid fluid\">\n        <div class=\"grid-x grid-padding-x align-center\">\n          <div class=\"cell\">\n            \n<h2 class=\"wp-block-heading\"><strong>Offrez \u00e0 vos \u00e9quipes une journ\u00e9e de travail et de d\u00e9paysement<\/strong><\/h2>\n          <\/div>\n        <\/div>\n      <\/div>\n\n      <\/section>\n\n<section class=\"block-grid-wrapper block-grid-for-core-paragraph\">\n      <div class=\"default-editor-content grid-for-core-paragraph grid-container fluid fluid\">\n        <div class=\"grid-x grid-padding-x align-center\">\n          <div class=\"cell\">\n            \n<p>Organisez votre s\u00e9minaire dans un cadre naturel, propice \u00e0 la concentration, \u00e0 la coh\u00e9sion et \u00e0 l\u2019inspiration. Le Parc Sainte-Croix et ses \u00e9quipes vous accueille pour une journ\u00e9e compl\u00e8te m\u00ealant sessions de travail, moments conviviaux et activit\u00e9s de coh\u00e9sion.<\/p>\n          <\/div>\n        <\/div>\n      <\/div>\n\n      <\/section>\n\n<section class=\"block-grid-wrapper block-grid-for-core-paragraph\">\n      <div class=\"default-editor-content grid-for-core-paragraph grid-container fluid fluid\">\n        <div class=\"grid-x grid-padding-x align-center\">\n          <div class=\"cell\">\n            \n<p>Id\u00e9al pour vos r\u00e9unions d\u2019\u00e9quipe, lancements de projets, formations ou encore pour vos \u00e9v\u00e9nements d\u2019entreprise, notre offre s\u00e9minaire \u00e0 la journ\u00e9e vous permet d\u2019allier efficacit\u00e9 professionnelle et exp\u00e9rience immersive, tout cela avec du sur-mesure. <\/p>\n          <\/div>\n        <\/div>\n      <\/div>\n\n      <\/section>\n\n<section  class=\"wp-block-acf-two-images  block-index-4 section-content section-two-images\"   itemprop=\"hasPart\" itemscope itemtype=\"https:\/\/schema.org\/WebPageElement\">\n  <div class=\"grid-container fluid\">\n    <div class=\"grid-x grid-padding-x align-middle\">\n      <div class=\"cell small-6\">\n                  <figure>\n            <picture><source srcset=\"data:image\/svg+xml;base64,PHN2ZyB4bWxucz0naHR0cDovL3d3dy53My5vcmcvMjAwMC9zdmcnIHk9JzAnIHg9JzAnIHdpZHRoPScxMTI4JyBoZWlnaHQ9JzExMjgnIHZpZXdCb3g9JzAgMCAxMTI4IDExMjgnPjwvc3ZnPg==\" data-srcset=\"https:\/\/events.parcsaintecroix.com\/wp-content\/uploads\/2026\/03\/Zone-Nouveau-Monde-cp-morgane-bricard-WEB-scaled-1128x1128-856c1b2a36df.jpg\" media=\"(min-width: 64rem)\"><source srcset=\"data:image\/svg+xml;base64,PHN2ZyB4bWxucz0naHR0cDovL3d3dy53My5vcmcvMjAwMC9zdmcnIHk9JzAnIHg9JzAnIHdpZHRoPScxMTI4JyBoZWlnaHQ9JzExMjgnIHZpZXdCb3g9JzAgMCAxMTI4IDExMjgnPjwvc3ZnPg==\" data-srcset=\"https:\/\/events.parcsaintecroix.com\/wp-content\/uploads\/2026\/03\/Zone-Nouveau-Monde-cp-morgane-bricard-WEB-scaled-1128x1128-f24007e60c88.jpg\" media=\"(min-width: 48rem)\"><img loading=\"lazy\" decoding=\"async\" src=\"data:image\/svg+xml;base64,PHN2ZyB4bWxucz0naHR0cDovL3d3dy53My5vcmcvMjAwMC9zdmcnIHk9JzAnIHg9JzAnIHdpZHRoPSczMjAnIGhlaWdodD0nMzIwJyB2aWV3Qm94PScwIDAgMzIwIDMyMCc+PC9zdmc+\"  width=\"320\" height=\"320\" data-fade-in data-lazy-img data-src=\"https:\/\/events.parcsaintecroix.com\/wp-content\/uploads\/2026\/03\/Zone-Nouveau-Monde-cp-morgane-bricard-WEB-scaled-320x320-2c997b4cd4d1.jpg\" alt=\"\" style=\";--aspect-ratio-small: 1;--aspect-ratio-medium: 1;--aspect-ratio-large: 1\" data-has-aspect-ratio=\"true\" \/><\/picture>          <\/figure>\n              <\/div>\n\n      <div class=\"cell small-6\">\n                  <figure>\n            <picture><source srcset=\"data:image\/svg+xml;base64,PHN2ZyB4bWxucz0naHR0cDovL3d3dy53My5vcmcvMjAwMC9zdmcnIHk9JzAnIHg9JzAnIHdpZHRoPScxMTI4JyBoZWlnaHQ9JzExMjgnIHZpZXdCb3g9JzAgMCAxMTI4IDExMjgnPjwvc3ZnPg==\" data-srcset=\"https:\/\/events.parcsaintecroix.com\/wp-content\/uploads\/2026\/03\/evenement-champetre-1128x1128-856c1b2a36df.jpg\" media=\"(min-width: 64rem)\"><source srcset=\"data:image\/svg+xml;base64,PHN2ZyB4bWxucz0naHR0cDovL3d3dy53My5vcmcvMjAwMC9zdmcnIHk9JzAnIHg9JzAnIHdpZHRoPScxMTI4JyBoZWlnaHQ9JzExMjgnIHZpZXdCb3g9JzAgMCAxMTI4IDExMjgnPjwvc3ZnPg==\" data-srcset=\"https:\/\/events.parcsaintecroix.com\/wp-content\/uploads\/2026\/03\/evenement-champetre-1128x1128-f24007e60c88.jpg\" media=\"(min-width: 48rem)\"><img loading=\"lazy\" decoding=\"async\" src=\"data:image\/svg+xml;base64,PHN2ZyB4bWxucz0naHR0cDovL3d3dy53My5vcmcvMjAwMC9zdmcnIHk9JzAnIHg9JzAnIHdpZHRoPSczMjAnIGhlaWdodD0nMzIwJyB2aWV3Qm94PScwIDAgMzIwIDMyMCc+PC9zdmc+\"  width=\"320\" height=\"320\" data-fade-in data-lazy-img data-src=\"https:\/\/events.parcsaintecroix.com\/wp-content\/uploads\/2026\/03\/evenement-champetre-320x320-2c997b4cd4d1.jpg\" alt=\"\" style=\";--aspect-ratio-small: 1;--aspect-ratio-medium: 1;--aspect-ratio-large: 1\" data-has-aspect-ratio=\"true\" \/><\/picture>          <\/figure>\n              <\/div>\n\n    <\/div>\n  <\/div>\n<\/section>\n\n\n<section class=\"block-grid-wrapper block-grid-for-core-heading\">\n      <div class=\"default-editor-content grid-for-core-heading grid-container fluid fluid\">\n        <div class=\"grid-x grid-padding-x align-center\">\n          <div class=\"cell\">\n            \n<h2 class=\"wp-block-heading\">&nbsp;Une journ\u00e9e pour allier travail et d\u00e9paysement<\/h2>\n          <\/div>\n        <\/div>\n      <\/div>\n\n      <\/section>\n\n<section class=\"block-grid-wrapper block-grid-for-core-heading\">\n      <div class=\"default-editor-content grid-for-core-heading grid-container fluid fluid\">\n        <div class=\"grid-x grid-padding-x align-center\">\n          <div class=\"cell\">\n            \n<h3 class=\"wp-block-heading\"><strong>Matin\u00e9e : accueil et pl\u00e9ni\u00e8re dans un cadre inspirant&nbsp;<\/strong><\/h3>\n          <\/div>\n        <\/div>\n      <\/div>\n\n      <\/section>\n\n<section class=\"block-grid-wrapper block-grid-for-core-paragraph\">\n      <div class=\"default-editor-content grid-for-core-paragraph grid-container fluid fluid\">\n        <div class=\"grid-x grid-padding-x align-center\">\n          <div class=\"cell\">\n            \n<p>Votre journ\u00e9e commence par un accueil personnalis\u00e9 \u00e0 l\u2019Accueil pour du parc, o\u00f9 notre \u00e9quipe vous re\u00e7oit. Un caf\u00e9 d\u2019accueil avec viennoiseries vous est propos\u00e9 dans un cadre chaleureux pour d\u00e9marrer la journ\u00e9e en douceur.<\/p>\n          <\/div>\n        <\/div>\n      <\/div>\n\n      <\/section>\n\n<section class=\"block-grid-wrapper block-grid-for-core-paragraph\">\n      <div class=\"default-editor-content grid-for-core-paragraph grid-container fluid fluid\">\n        <div class=\"grid-x grid-padding-x align-center\">\n          <div class=\"cell\">\n            \n<p>Poursuivez par une r\u00e9union de travail dans un lieu qui vous ressemble <\/p>\n          <\/div>\n        <\/div>\n      <\/div>\n\n      <\/section>\n\n\n<section  class=\"wp-block-acf-general-internal-linking  block-index-9 section-content section-internal-linking\"  itemprop=\"hasPart\" itemscope itemtype=\"https:\/\/schema.org\/WebPageElement\">\n  <div class=\"grid-container full\">\n    <div class=\"grid-x grid-padding-x\">\n      <div class=\"cell text-center\">\n              <\/div>\n    <\/div>\n\n          <div class=\"grid-x internal-linking-wrapper align-center\">\n                  <div class=\"cell medium-6 large-4 cell-colored text-center\" >\n            <div class=\"wrapper\">\n                                <figure>\n                    <picture><source srcset=\"data:image\/svg+xml;base64,PHN2ZyB4bWxucz0naHR0cDovL3d3dy53My5vcmcvMjAwMC9zdmcnIHk9JzAnIHg9JzAnIHdpZHRoPSc4NDQnIGhlaWdodD0nNDgyJyB2aWV3Qm94PScwIDAgODQ0IDQ4Mic+PC9zdmc+\" data-srcset=\"https:\/\/events.parcsaintecroix.com\/wp-content\/uploads\/2025\/12\/loup-comptoir-844x482-d9c38540e3e0.jpg\" media=\"(min-width: 64rem)\"><source srcset=\"data:image\/svg+xml;base64,PHN2ZyB4bWxucz0naHR0cDovL3d3dy53My5vcmcvMjAwMC9zdmcnIHk9JzAnIHg9JzAnIHdpZHRoPSc0MjgnIGhlaWdodD0nMzYwJyB2aWV3Qm94PScwIDAgNDI4IDM2MCc+PC9zdmc+\" data-srcset=\"https:\/\/events.parcsaintecroix.com\/wp-content\/uploads\/2025\/12\/loup-comptoir-428x360-e8f49b86c123.jpg\" media=\"(min-width: 48rem)\"><img loading=\"lazy\" decoding=\"async\" src=\"data:image\/svg+xml;base64,PHN2ZyB4bWxucz0naHR0cDovL3d3dy53My5vcmcvMjAwMC9zdmcnIHk9JzAnIHg9JzAnIHdpZHRoPSc2NzInIGhlaWdodD0nMzgwJyB2aWV3Qm94PScwIDAgNjcyIDM4MCc+PC9zdmc+\"  width=\"672\" height=\"380\" data-fade-in data-lazy-img data-src=\"https:\/\/events.parcsaintecroix.com\/wp-content\/uploads\/2025\/12\/loup-comptoir-672x380-3bbe5c31bbe7.jpg\" alt=\"\" style=\";--aspect-ratio-small: 1.7684210526316;--aspect-ratio-medium: 1.1888888888889;--aspect-ratio-large: 1.7510373443983\" data-has-aspect-ratio=\"true\" \/><\/picture>                  <\/figure>\n                \n              <div class=\"text-wrapper\">\n                                  <h3 class=\"title\" itemprop=\"name\">Le comptoir du trappeur<\/h3>\n                \n                                  <p class=\"descr\" itemprop=\"description\">Une salle de r\u00e9union face \u00e0 une meute de loups blancs, pour une immersion totale et une ambiance unique. Travailler sous le regard de ses animaux embl\u00e9matiques est une exp\u00e9rience qui marque les esprits et stimule les \u00e9changes !<\/p>\n                \n                              <\/div>\n            <\/div>\n          <\/div>\n\n                  <div class=\"cell medium-6 large-4 cell-colored text-center\" >\n            <div class=\"wrapper\">\n                                <figure>\n                    <picture><source srcset=\"data:image\/svg+xml;base64,PHN2ZyB4bWxucz0naHR0cDovL3d3dy53My5vcmcvMjAwMC9zdmcnIHk9JzAnIHg9JzAnIHdpZHRoPSc4NDQnIGhlaWdodD0nNDgyJyB2aWV3Qm94PScwIDAgODQ0IDQ4Mic+PC9zdmc+\" data-srcset=\"https:\/\/events.parcsaintecroix.com\/wp-content\/uploads\/2026\/03\/A-partir-de-mi-avril-1-844x482-d9c38540e3e0.png\" media=\"(min-width: 64rem)\"><source srcset=\"data:image\/svg+xml;base64,PHN2ZyB4bWxucz0naHR0cDovL3d3dy53My5vcmcvMjAwMC9zdmcnIHk9JzAnIHg9JzAnIHdpZHRoPSc0MjgnIGhlaWdodD0nMzYwJyB2aWV3Qm94PScwIDAgNDI4IDM2MCc+PC9zdmc+\" data-srcset=\"https:\/\/events.parcsaintecroix.com\/wp-content\/uploads\/2026\/03\/A-partir-de-mi-avril-1-428x360-e8f49b86c123.png\" media=\"(min-width: 48rem)\"><img loading=\"lazy\" decoding=\"async\" src=\"data:image\/svg+xml;base64,PHN2ZyB4bWxucz0naHR0cDovL3d3dy53My5vcmcvMjAwMC9zdmcnIHk9JzAnIHg9JzAnIHdpZHRoPSc2NzInIGhlaWdodD0nMzgwJyB2aWV3Qm94PScwIDAgNjcyIDM4MCc+PC9zdmc+\"  width=\"672\" height=\"380\" data-fade-in data-lazy-img data-src=\"https:\/\/events.parcsaintecroix.com\/wp-content\/uploads\/2026\/03\/A-partir-de-mi-avril-1-672x380-3bbe5c31bbe7.png\" alt=\"\" style=\";--aspect-ratio-small: 1.7684210526316;--aspect-ratio-medium: 1.1888888888889;--aspect-ratio-large: 1.7510373443983\" data-has-aspect-ratio=\"true\" \/><\/picture>                  <\/figure>\n                \n              <div class=\"text-wrapper\">\n                                  <h3 class=\"title\" itemprop=\"name\">La clairi\u00e8re<\/h3>\n                \n                                  <p class=\"descr\" itemprop=\"description\">Une salle ultra modulable et id\u00e9alement situ\u00e9e pour vos pr\u00e9sentations, r\u00e9unions ou groupes de travail. Toute \u00e9quip\u00e9e et lumineuse, elle vous offrira le confort souhait\u00e9 pour votre demie journ\u00e9e ou journ\u00e9e de travail.<\/p>\n                \n                              <\/div>\n            <\/div>\n          <\/div>\n\n                  <div class=\"cell medium-6 large-4 cell-colored text-center\" >\n            <div class=\"wrapper\">\n                                <figure>\n                    <picture><source srcset=\"data:image\/svg+xml;base64,PHN2ZyB4bWxucz0naHR0cDovL3d3dy53My5vcmcvMjAwMC9zdmcnIHk9JzAnIHg9JzAnIHdpZHRoPSc4NDQnIGhlaWdodD0nNDgyJyB2aWV3Qm94PScwIDAgODQ0IDQ4Mic+PC9zdmc+\" data-srcset=\"https:\/\/events.parcsaintecroix.com\/wp-content\/uploads\/2025\/12\/amphitheatre-scaled-844x482-d9c38540e3e0.jpg\" media=\"(min-width: 64rem)\"><source srcset=\"data:image\/svg+xml;base64,PHN2ZyB4bWxucz0naHR0cDovL3d3dy53My5vcmcvMjAwMC9zdmcnIHk9JzAnIHg9JzAnIHdpZHRoPSc0MjgnIGhlaWdodD0nMzYwJyB2aWV3Qm94PScwIDAgNDI4IDM2MCc+PC9zdmc+\" data-srcset=\"https:\/\/events.parcsaintecroix.com\/wp-content\/uploads\/2025\/12\/amphitheatre-scaled-428x360-e8f49b86c123.jpg\" media=\"(min-width: 48rem)\"><img loading=\"lazy\" decoding=\"async\" src=\"data:image\/svg+xml;base64,PHN2ZyB4bWxucz0naHR0cDovL3d3dy53My5vcmcvMjAwMC9zdmcnIHk9JzAnIHg9JzAnIHdpZHRoPSc2NzInIGhlaWdodD0nMzgwJyB2aWV3Qm94PScwIDAgNjcyIDM4MCc+PC9zdmc+\"  width=\"672\" height=\"380\" data-fade-in data-lazy-img data-src=\"https:\/\/events.parcsaintecroix.com\/wp-content\/uploads\/2025\/12\/amphitheatre-scaled-672x380-3bbe5c31bbe7.jpg\" alt=\"\" style=\";--aspect-ratio-small: 1.7684210526316;--aspect-ratio-medium: 1.1888888888889;--aspect-ratio-large: 1.7510373443983\" data-has-aspect-ratio=\"true\" \/><\/picture>                  <\/figure>\n                \n              <div class=\"text-wrapper\">\n                                  <h3 class=\"title\" itemprop=\"name\">La Grange aux spectacles<\/h3>\n                \n                                  <p class=\"descr\" itemprop=\"description\">Pour les plus grands groupes, notre amphith\u00e9\u00e2tre peut accueillir une pl\u00e9ni\u00e8re jusqu\u2019\u00e0 180 personnes.<\/p>\n                \n                              <\/div>\n            <\/div>\n          <\/div>\n\n              <\/div>\n    \n  <\/div>\n<\/section>\n\n\n<section class=\"block-grid-wrapper block-grid-for-core-buttons\">\n      <div class=\"default-editor-content grid-for-core-buttons grid-container fluid fluid\">\n        <div class=\"grid-x grid-padding-x align-center\">\n          <div class=\"cell\">\n            \n<div class=\"wp-block-buttons is-content-justification-center is-layout-flex wp-container-core-buttons-is-layout-16018d1d wp-block-buttons-is-layout-flex\">\n<div class=\"wp-block-button is-style-large-button-navy\" data-gtm=\"false\" data-gtm-event=\"click_cta\" data-gtm-event-label=\"false\"><a class=\"wp-block-button__link wp-element-button\" href=\"https:\/\/events.parcsaintecroix.com\/fr\/salles-de-reunion\">D\u00e9couvrir nos salles<\/a><\/div>\n<\/div>\n          <\/div>\n        <\/div>\n      <\/div>\n\n      <\/section>\n\n<section class=\"block-grid-wrapper block-grid-for-core-columns\">\n      <div class=\"default-editor-content grid-for-core-columns grid-container fluid fluid\">\n        <div class=\"grid-x grid-padding-x align-center\">\n          <div class=\"cell\">\n            \n<div class=\"wp-block-columns is-layout-flex wp-container-core-columns-is-layout-9d6595d7 wp-block-columns-is-layout-flex\">\n<div class=\"wp-block-column is-layout-flow wp-block-column-is-layout-flow\" style=\"flex-basis:66.66%\">\n<figure class=\"wp-block-image size-large\"><img loading=\"lazy\" decoding=\"async\" width=\"1024\" height=\"768\" src=\"http:\/\/events.parcsaintecroix.com\/wp-content\/uploads\/2026\/03\/Chipotte-restauration-scaled-1024x768-fd90e2c36371.jpg\" alt=\"\" class=\"wp-image-36133\" style=\"aspect-ratio:1.3333462252475248\" srcset=\"https:\/\/events.parcsaintecroix.com\/wp-content\/uploads\/2026\/03\/Chipotte-restauration-scaled-1024x768-fd90e2c36371.jpg 1024w, https:\/\/events.parcsaintecroix.com\/wp-content\/uploads\/2026\/03\/Chipotte-restauration-scaled-300x225-512c1e2135f8.jpg 300w, https:\/\/events.parcsaintecroix.com\/wp-content\/uploads\/2026\/03\/Chipotte-restauration-scaled-768x576-b56108145cc7.jpg 768w, https:\/\/events.parcsaintecroix.com\/wp-content\/uploads\/2026\/03\/Chipotte-restauration-scaled-1536x1152-3c33d8efde71.jpg 1536w, https:\/\/events.parcsaintecroix.com\/wp-content\/uploads\/2026\/03\/Chipotte-restauration-scaled-2048x1536-539fcd4e84ba.jpg 2048w, https:\/\/events.parcsaintecroix.com\/wp-content\/uploads\/2026\/03\/Chipotte-restauration-scaled-100x75-fab7673e88b9.jpg 100w, https:\/\/events.parcsaintecroix.com\/wp-content\/uploads\/2026\/03\/Chipotte-restauration-scaled-1515x1136-8421bee02ef1.jpg 1515w\" sizes=\"auto, (max-width: 1024px) 100vw, 1024px\" \/><\/figure>\n<\/div>\n\n\n\n<div class=\"wp-block-column is-vertically-aligned-center is-layout-flow wp-block-column-is-layout-flow\" style=\"flex-basis:33.33%\">\n<h3 class=\"wp-block-heading\">Midi : pause d\u00e9jeuner gourmande et conviviale<\/h3>\n\n\n\n<p><\/p>\n\n\n\n<p><\/p>\n\n\n\n<p>Place au d\u00e9jeuner, avec un barbecue gourmand et convivial servi \u00e0 <a href=\"https:\/\/events.parcsaintecroix.com\/fr\/restaurant\/aire-plaine-des-cerfs-seminaire\">la Chipote<\/a>, notre belle structure en bois, face \u00e0 la plaine des Cervid\u00e9s. L\u2019espace est d\u00e9limit\u00e9 pour une privatisation pour votre groupe avec une vue imprenable sur la nature pour une ambiance immersive et conviviale.<\/p>\n\n\n\n<p>Au menu, viandes grill\u00e9es, accompagnements de saison, salades et desserts gourmands. C\u2019est le moment id\u00e9al pour vos \u00e9quipes de se retrouver et se ressourcer.<\/p>\n<\/div>\n<\/div>\n          <\/div>\n        <\/div>\n      <\/div>\n\n      <\/section>\n\n<section class=\"block-grid-wrapper block-grid-for-core-heading\">\n      <div class=\"default-editor-content grid-for-core-heading grid-container fluid fluid\">\n        <div class=\"grid-x grid-padding-x align-center\">\n          <div class=\"cell\">\n            \n<h3 class=\"wp-block-heading\">Apr\u00e8s-midi : d\u00e9tente, coh\u00e9sion et d\u00e9couverte<\/h3>\n          <\/div>\n        <\/div>\n      <\/div>\n\n      <\/section>\n\n<section class=\"block-grid-wrapper block-grid-for-core-paragraph\">\n      <div class=\"default-editor-content grid-for-core-paragraph grid-container fluid fluid\">\n        <div class=\"grid-x grid-padding-x align-center\">\n          <div class=\"cell\">\n            \n<p>C\u2019est l\u2019heure de la d\u00e9tente ou de la coh\u00e9sion ! Plusieurs option s\u2019offrent \u00e0 vous pour dynamiser votre journ\u00e9e :<\/p>\n          <\/div>\n        <\/div>\n      <\/div>\n\n      <\/section>\n\n<section class=\"block-grid-wrapper block-grid-for-core-list\">\n      <div class=\"default-editor-content grid-for-core-list grid-container fluid fluid\">\n        <div class=\"grid-x grid-padding-x align-center\">\n          <div class=\"cell\">\n            \n<ul class=\"wp-block-list\">\n<li>Exp\u00e9dition en safari train : vous embarquez \u00e0 bord de notre safari train pour d\u00e9couvrir le vaste territoire de nos animaux d\u2019Europe. Une activit\u00e9 d\u00e9paysante et id\u00e9ale pour la digestion et la d\u00e9tente.<\/li>\n\n\n\n<li>Animation animali\u00e8re privative avec un animateur guide : vous partez \u00e0 la rencontre de nos animaux embl\u00e9matiques, apprenez \u00e0 mieux les conna\u00eetre,&nbsp; d\u00e9couvrez des anecdotes et les enjeux de la biodiversit\u00e9.<\/li>\n\n\n\n<li>Activit\u00e9 ludique et sportive : optez pour une activit\u00e9 comme un rallye photo, une chasse au tr\u00e9sor ou des jeux collaboratifs pour stimuler l\u2019esprit d\u2019\u00e9quipe et vous challenger en pleine nature.<\/li>\n<\/ul>\n          <\/div>\n        <\/div>\n      <\/div>\n\n      <\/section>\n\n<section class=\"block-grid-wrapper block-grid-for-core-buttons\">\n      <div class=\"default-editor-content grid-for-core-buttons grid-container fluid fluid\">\n        <div class=\"grid-x grid-padding-x align-center\">\n          <div class=\"cell\">\n            \n<div class=\"wp-block-buttons is-content-justification-center is-layout-flex wp-container-core-buttons-is-layout-16018d1d wp-block-buttons-is-layout-flex\">\n<div class=\"wp-block-button is-style-large-button-navy\" data-gtm=\"false\" data-gtm-event=\"click_cta\" data-gtm-event-label=\"false\"><a class=\"wp-block-button__link wp-element-button\" href=\"https:\/\/events.parcsaintecroix.com\/fr\/activites-teambuilding-seminaire\">D\u00e9couvrir les activit\u00e9s<\/a><\/div>\n<\/div>\n          <\/div>\n        <\/div>\n      <\/div>\n\n      <\/section>\n\n\n<section  class=\"wp-block-acf-home-insta-slider-v2  block-index-29 section-content section-home-insta-slider section-home-insta-slider-v2\"   itemprop=\"hasPart\" itemscope itemtype=\"https:\/\/schema.org\/WebPageElement\">\n\n  <div class=\"grid-container fluid grid-insta\">\n\n    \n    \n  <\/div>\n\n      <div class=\"home-insta-slider home-insta-slider-v2\">\n                <div>\n            \n            <figure>\n              <picture><source srcset=\"data:image\/svg+xml;base64,PHN2ZyB4bWxucz0naHR0cDovL3d3dy53My5vcmcvMjAwMC9zdmcnIHk9JzAnIHg9JzAnIHdpZHRoPScxNDM0JyBoZWlnaHQ9JzE0MzQnIHZpZXdCb3g9JzAgMCAxNDM0IDE0MzQnPjwvc3ZnPg==\" data-srcset=\"https:\/\/events.parcsaintecroix.com\/wp-content\/uploads\/2025\/12\/safari-train-automne-biches-scaled-1434x1434-9a47d799afc0.jpg\" media=\"(min-width: 90rem) and (min-resolution: 192dpi), (min-width: 90rem) and (-webkit-min-device-pixel-ratio: 2)\"><source srcset=\"data:image\/svg+xml;base64,PHN2ZyB4bWxucz0naHR0cDovL3d3dy53My5vcmcvMjAwMC9zdmcnIHk9JzAnIHg9JzAnIHdpZHRoPScxMTE0JyBoZWlnaHQ9JzExMTQnIHZpZXdCb3g9JzAgMCAxMTE0IDExMTQnPjwvc3ZnPg==\" data-srcset=\"https:\/\/events.parcsaintecroix.com\/wp-content\/uploads\/2025\/12\/safari-train-automne-biches-scaled-1114x1114-9019338081fd.jpg\" media=\"(min-width: 75rem) and (min-resolution: 192dpi), (min-width: 75rem) and (-webkit-min-device-pixel-ratio: 2)\"><source srcset=\"data:image\/svg+xml;base64,PHN2ZyB4bWxucz0naHR0cDovL3d3dy53My5vcmcvMjAwMC9zdmcnIHk9JzAnIHg9JzAnIHdpZHRoPSc3NDAnIGhlaWdodD0nNzQwJyB2aWV3Qm94PScwIDAgNzQwIDc0MCc+PC9zdmc+\" data-srcset=\"https:\/\/events.parcsaintecroix.com\/wp-content\/uploads\/2025\/12\/safari-train-automne-biches-scaled-740x740-541343d2b933.jpg\" media=\"(min-width: 64rem) and (min-resolution: 192dpi), (min-width: 64rem) and (-webkit-min-device-pixel-ratio: 2)\"><source srcset=\"data:image\/svg+xml;base64,PHN2ZyB4bWxucz0naHR0cDovL3d3dy53My5vcmcvMjAwMC9zdmcnIHk9JzAnIHg9JzAnIHdpZHRoPSc0OTInIGhlaWdodD0nNDkyJyB2aWV3Qm94PScwIDAgNDkyIDQ5Mic+PC9zdmc+\" data-srcset=\"https:\/\/events.parcsaintecroix.com\/wp-content\/uploads\/2025\/12\/safari-train-automne-biches-scaled-492x492-11f09bf121b8.jpg\" media=\"(min-resolution: 192dpi), (-webkit-min-device-pixel-ratio: 2)\"><source srcset=\"data:image\/svg+xml;base64,PHN2ZyB4bWxucz0naHR0cDovL3d3dy53My5vcmcvMjAwMC9zdmcnIHk9JzAnIHg9JzAnIHdpZHRoPSc3MTcnIGhlaWdodD0nNzE3JyB2aWV3Qm94PScwIDAgNzE3IDcxNyc+PC9zdmc+\" data-srcset=\"https:\/\/events.parcsaintecroix.com\/wp-content\/uploads\/2025\/12\/safari-train-automne-biches-scaled-717x717-63289f274e1a.jpg\" media=\"(min-width: 90rem)\"><source srcset=\"data:image\/svg+xml;base64,PHN2ZyB4bWxucz0naHR0cDovL3d3dy53My5vcmcvMjAwMC9zdmcnIHk9JzAnIHg9JzAnIHdpZHRoPSc1NTcnIGhlaWdodD0nNTU3JyB2aWV3Qm94PScwIDAgNTU3IDU1Nyc+PC9zdmc+\" data-srcset=\"https:\/\/events.parcsaintecroix.com\/wp-content\/uploads\/2025\/12\/safari-train-automne-biches-scaled-557x557-87d4579f6953.jpg\" media=\"(min-width: 75rem)\"><source srcset=\"data:image\/svg+xml;base64,PHN2ZyB4bWxucz0naHR0cDovL3d3dy53My5vcmcvMjAwMC9zdmcnIHk9JzAnIHg9JzAnIHdpZHRoPSczNzAnIGhlaWdodD0nMzcwJyB2aWV3Qm94PScwIDAgMzcwIDM3MCc+PC9zdmc+\" data-srcset=\"https:\/\/events.parcsaintecroix.com\/wp-content\/uploads\/2025\/12\/safari-train-automne-biches-scaled-370x370-dcf66bb03c69.jpg\" media=\"(min-width: 64rem)\"><img loading=\"lazy\" decoding=\"async\" src=\"data:image\/svg+xml;base64,PHN2ZyB4bWxucz0naHR0cDovL3d3dy53My5vcmcvMjAwMC9zdmcnIHk9JzAnIHg9JzAnIHdpZHRoPScyNDYnIGhlaWdodD0nMjQ2JyB2aWV3Qm94PScwIDAgMjQ2IDI0Nic+PC9zdmc+\"  width=\"246\" height=\"246\" data-fade-in data-lazy-img data-src=\"https:\/\/events.parcsaintecroix.com\/wp-content\/uploads\/2025\/12\/safari-train-automne-biches-scaled-246x246-f0cddf1a034a.jpg\" alt=\"\" style=\";--aspect-ratio-small: 1;--aspect-ratio-large: 1;--aspect-ratio-xlarge: 1;--aspect-ratio-xxlarge: 1;--aspect-ratio-retina: 1;--aspect-ratio-large_retina: 1;--aspect-ratio-xlarge_retina: 1;--aspect-ratio-xxlarge_retina: 1\" data-has-aspect-ratio=\"true\" \/><\/picture>            <\/figure>\n\n                      <\/div>\n                  <div>\n            \n            <figure>\n              <picture><source srcset=\"data:image\/svg+xml;base64,PHN2ZyB4bWxucz0naHR0cDovL3d3dy53My5vcmcvMjAwMC9zdmcnIHk9JzAnIHg9JzAnIHdpZHRoPScxNDM0JyBoZWlnaHQ9JzE0MzQnIHZpZXdCb3g9JzAgMCAxNDM0IDE0MzQnPjwvc3ZnPg==\" data-srcset=\"https:\/\/events.parcsaintecroix.com\/wp-content\/uploads\/2026\/03\/visite-guide-loup-1434x1434-9a47d799afc0.jpg\" media=\"(min-width: 90rem) and (min-resolution: 192dpi), (min-width: 90rem) and (-webkit-min-device-pixel-ratio: 2)\"><source srcset=\"data:image\/svg+xml;base64,PHN2ZyB4bWxucz0naHR0cDovL3d3dy53My5vcmcvMjAwMC9zdmcnIHk9JzAnIHg9JzAnIHdpZHRoPScxMTE0JyBoZWlnaHQ9JzExMTQnIHZpZXdCb3g9JzAgMCAxMTE0IDExMTQnPjwvc3ZnPg==\" data-srcset=\"https:\/\/events.parcsaintecroix.com\/wp-content\/uploads\/2026\/03\/visite-guide-loup-1114x1114-9019338081fd.jpg\" media=\"(min-width: 75rem) and (min-resolution: 192dpi), (min-width: 75rem) and (-webkit-min-device-pixel-ratio: 2)\"><source srcset=\"data:image\/svg+xml;base64,PHN2ZyB4bWxucz0naHR0cDovL3d3dy53My5vcmcvMjAwMC9zdmcnIHk9JzAnIHg9JzAnIHdpZHRoPSc3NDAnIGhlaWdodD0nNzQwJyB2aWV3Qm94PScwIDAgNzQwIDc0MCc+PC9zdmc+\" data-srcset=\"https:\/\/events.parcsaintecroix.com\/wp-content\/uploads\/2026\/03\/visite-guide-loup-740x740-541343d2b933.jpg\" media=\"(min-width: 64rem) and (min-resolution: 192dpi), (min-width: 64rem) and (-webkit-min-device-pixel-ratio: 2)\"><source srcset=\"data:image\/svg+xml;base64,PHN2ZyB4bWxucz0naHR0cDovL3d3dy53My5vcmcvMjAwMC9zdmcnIHk9JzAnIHg9JzAnIHdpZHRoPSc0OTInIGhlaWdodD0nNDkyJyB2aWV3Qm94PScwIDAgNDkyIDQ5Mic+PC9zdmc+\" data-srcset=\"https:\/\/events.parcsaintecroix.com\/wp-content\/uploads\/2026\/03\/visite-guide-loup-492x492-11f09bf121b8.jpg\" media=\"(min-resolution: 192dpi), (-webkit-min-device-pixel-ratio: 2)\"><source srcset=\"data:image\/svg+xml;base64,PHN2ZyB4bWxucz0naHR0cDovL3d3dy53My5vcmcvMjAwMC9zdmcnIHk9JzAnIHg9JzAnIHdpZHRoPSc3MTcnIGhlaWdodD0nNzE3JyB2aWV3Qm94PScwIDAgNzE3IDcxNyc+PC9zdmc+\" data-srcset=\"https:\/\/events.parcsaintecroix.com\/wp-content\/uploads\/2026\/03\/visite-guide-loup-717x717-63289f274e1a.jpg\" media=\"(min-width: 90rem)\"><source srcset=\"data:image\/svg+xml;base64,PHN2ZyB4bWxucz0naHR0cDovL3d3dy53My5vcmcvMjAwMC9zdmcnIHk9JzAnIHg9JzAnIHdpZHRoPSc1NTcnIGhlaWdodD0nNTU3JyB2aWV3Qm94PScwIDAgNTU3IDU1Nyc+PC9zdmc+\" data-srcset=\"https:\/\/events.parcsaintecroix.com\/wp-content\/uploads\/2026\/03\/visite-guide-loup-557x557-87d4579f6953.jpg\" media=\"(min-width: 75rem)\"><source srcset=\"data:image\/svg+xml;base64,PHN2ZyB4bWxucz0naHR0cDovL3d3dy53My5vcmcvMjAwMC9zdmcnIHk9JzAnIHg9JzAnIHdpZHRoPSczNzAnIGhlaWdodD0nMzcwJyB2aWV3Qm94PScwIDAgMzcwIDM3MCc+PC9zdmc+\" data-srcset=\"https:\/\/events.parcsaintecroix.com\/wp-content\/uploads\/2026\/03\/visite-guide-loup-370x370-dcf66bb03c69.jpg\" media=\"(min-width: 64rem)\"><img loading=\"lazy\" decoding=\"async\" src=\"data:image\/svg+xml;base64,PHN2ZyB4bWxucz0naHR0cDovL3d3dy53My5vcmcvMjAwMC9zdmcnIHk9JzAnIHg9JzAnIHdpZHRoPScyNDYnIGhlaWdodD0nMjQ2JyB2aWV3Qm94PScwIDAgMjQ2IDI0Nic+PC9zdmc+\"  width=\"246\" height=\"246\" data-fade-in data-lazy-img data-src=\"https:\/\/events.parcsaintecroix.com\/wp-content\/uploads\/2026\/03\/visite-guide-loup-246x246-f0cddf1a034a.jpg\" alt=\"\" style=\";--aspect-ratio-small: 1;--aspect-ratio-large: 1;--aspect-ratio-xlarge: 1;--aspect-ratio-xxlarge: 1;--aspect-ratio-retina: 1;--aspect-ratio-large_retina: 1;--aspect-ratio-xlarge_retina: 1;--aspect-ratio-xxlarge_retina: 1\" data-has-aspect-ratio=\"true\" \/><\/picture>            <\/figure>\n\n                      <\/div>\n                  <div>\n            \n            <figure>\n              <picture><source srcset=\"data:image\/svg+xml;base64,PHN2ZyB4bWxucz0naHR0cDovL3d3dy53My5vcmcvMjAwMC9zdmcnIHk9JzAnIHg9JzAnIHdpZHRoPScxNDM0JyBoZWlnaHQ9JzE0MzQnIHZpZXdCb3g9JzAgMCAxNDM0IDE0MzQnPjwvc3ZnPg==\" data-srcset=\"https:\/\/events.parcsaintecroix.com\/wp-content\/uploads\/2026\/03\/loups-gris-scaled-1434x1434-9a47d799afc0.jpg\" media=\"(min-width: 90rem) and (min-resolution: 192dpi), (min-width: 90rem) and (-webkit-min-device-pixel-ratio: 2)\"><source srcset=\"data:image\/svg+xml;base64,PHN2ZyB4bWxucz0naHR0cDovL3d3dy53My5vcmcvMjAwMC9zdmcnIHk9JzAnIHg9JzAnIHdpZHRoPScxMTE0JyBoZWlnaHQ9JzExMTQnIHZpZXdCb3g9JzAgMCAxMTE0IDExMTQnPjwvc3ZnPg==\" data-srcset=\"https:\/\/events.parcsaintecroix.com\/wp-content\/uploads\/2026\/03\/loups-gris-scaled-1114x1114-9019338081fd.jpg\" media=\"(min-width: 75rem) and (min-resolution: 192dpi), (min-width: 75rem) and (-webkit-min-device-pixel-ratio: 2)\"><source srcset=\"data:image\/svg+xml;base64,PHN2ZyB4bWxucz0naHR0cDovL3d3dy53My5vcmcvMjAwMC9zdmcnIHk9JzAnIHg9JzAnIHdpZHRoPSc3NDAnIGhlaWdodD0nNzQwJyB2aWV3Qm94PScwIDAgNzQwIDc0MCc+PC9zdmc+\" data-srcset=\"https:\/\/events.parcsaintecroix.com\/wp-content\/uploads\/2026\/03\/loups-gris-scaled-740x740-541343d2b933.jpg\" media=\"(min-width: 64rem) and (min-resolution: 192dpi), (min-width: 64rem) and (-webkit-min-device-pixel-ratio: 2)\"><source srcset=\"data:image\/svg+xml;base64,PHN2ZyB4bWxucz0naHR0cDovL3d3dy53My5vcmcvMjAwMC9zdmcnIHk9JzAnIHg9JzAnIHdpZHRoPSc0OTInIGhlaWdodD0nNDkyJyB2aWV3Qm94PScwIDAgNDkyIDQ5Mic+PC9zdmc+\" data-srcset=\"https:\/\/events.parcsaintecroix.com\/wp-content\/uploads\/2026\/03\/loups-gris-scaled-492x492-11f09bf121b8.jpg\" media=\"(min-resolution: 192dpi), (-webkit-min-device-pixel-ratio: 2)\"><source srcset=\"data:image\/svg+xml;base64,PHN2ZyB4bWxucz0naHR0cDovL3d3dy53My5vcmcvMjAwMC9zdmcnIHk9JzAnIHg9JzAnIHdpZHRoPSc3MTcnIGhlaWdodD0nNzE3JyB2aWV3Qm94PScwIDAgNzE3IDcxNyc+PC9zdmc+\" data-srcset=\"https:\/\/events.parcsaintecroix.com\/wp-content\/uploads\/2026\/03\/loups-gris-scaled-717x717-63289f274e1a.jpg\" media=\"(min-width: 90rem)\"><source srcset=\"data:image\/svg+xml;base64,PHN2ZyB4bWxucz0naHR0cDovL3d3dy53My5vcmcvMjAwMC9zdmcnIHk9JzAnIHg9JzAnIHdpZHRoPSc1NTcnIGhlaWdodD0nNTU3JyB2aWV3Qm94PScwIDAgNTU3IDU1Nyc+PC9zdmc+\" data-srcset=\"https:\/\/events.parcsaintecroix.com\/wp-content\/uploads\/2026\/03\/loups-gris-scaled-557x557-87d4579f6953.jpg\" media=\"(min-width: 75rem)\"><source srcset=\"data:image\/svg+xml;base64,PHN2ZyB4bWxucz0naHR0cDovL3d3dy53My5vcmcvMjAwMC9zdmcnIHk9JzAnIHg9JzAnIHdpZHRoPSczNzAnIGhlaWdodD0nMzcwJyB2aWV3Qm94PScwIDAgMzcwIDM3MCc+PC9zdmc+\" data-srcset=\"https:\/\/events.parcsaintecroix.com\/wp-content\/uploads\/2026\/03\/loups-gris-scaled-370x370-dcf66bb03c69.jpg\" media=\"(min-width: 64rem)\"><img loading=\"lazy\" decoding=\"async\" src=\"data:image\/svg+xml;base64,PHN2ZyB4bWxucz0naHR0cDovL3d3dy53My5vcmcvMjAwMC9zdmcnIHk9JzAnIHg9JzAnIHdpZHRoPScyNDYnIGhlaWdodD0nMjQ2JyB2aWV3Qm94PScwIDAgMjQ2IDI0Nic+PC9zdmc+\"  width=\"246\" height=\"246\" data-fade-in data-lazy-img data-src=\"https:\/\/events.parcsaintecroix.com\/wp-content\/uploads\/2026\/03\/loups-gris-scaled-246x246-f0cddf1a034a.jpg\" alt=\"\" style=\";--aspect-ratio-small: 1;--aspect-ratio-large: 1;--aspect-ratio-xlarge: 1;--aspect-ratio-xxlarge: 1;--aspect-ratio-retina: 1;--aspect-ratio-large_retina: 1;--aspect-ratio-xlarge_retina: 1;--aspect-ratio-xxlarge_retina: 1\" data-has-aspect-ratio=\"true\" \/><\/picture>            <\/figure>\n\n                      <\/div>\n                  <div>\n            \n            <figure>\n              <picture><source srcset=\"data:image\/svg+xml;base64,PHN2ZyB4bWxucz0naHR0cDovL3d3dy53My5vcmcvMjAwMC9zdmcnIHk9JzAnIHg9JzAnIHdpZHRoPScxNDM0JyBoZWlnaHQ9JzE0MzQnIHZpZXdCb3g9JzAgMCAxNDM0IDE0MzQnPjwvc3ZnPg==\" data-srcset=\"https:\/\/events.parcsaintecroix.com\/wp-content\/uploads\/2026\/03\/plaine-des-cerfs-1-scaled-1434x1434-9a47d799afc0.jpg\" media=\"(min-width: 90rem) and (min-resolution: 192dpi), (min-width: 90rem) and (-webkit-min-device-pixel-ratio: 2)\"><source srcset=\"data:image\/svg+xml;base64,PHN2ZyB4bWxucz0naHR0cDovL3d3dy53My5vcmcvMjAwMC9zdmcnIHk9JzAnIHg9JzAnIHdpZHRoPScxMTE0JyBoZWlnaHQ9JzExMTQnIHZpZXdCb3g9JzAgMCAxMTE0IDExMTQnPjwvc3ZnPg==\" data-srcset=\"https:\/\/events.parcsaintecroix.com\/wp-content\/uploads\/2026\/03\/plaine-des-cerfs-1-scaled-1114x1114-9019338081fd.jpg\" media=\"(min-width: 75rem) and (min-resolution: 192dpi), (min-width: 75rem) and (-webkit-min-device-pixel-ratio: 2)\"><source srcset=\"data:image\/svg+xml;base64,PHN2ZyB4bWxucz0naHR0cDovL3d3dy53My5vcmcvMjAwMC9zdmcnIHk9JzAnIHg9JzAnIHdpZHRoPSc3NDAnIGhlaWdodD0nNzQwJyB2aWV3Qm94PScwIDAgNzQwIDc0MCc+PC9zdmc+\" data-srcset=\"https:\/\/events.parcsaintecroix.com\/wp-content\/uploads\/2026\/03\/plaine-des-cerfs-1-scaled-740x740-541343d2b933.jpg\" media=\"(min-width: 64rem) and (min-resolution: 192dpi), (min-width: 64rem) and (-webkit-min-device-pixel-ratio: 2)\"><source srcset=\"data:image\/svg+xml;base64,PHN2ZyB4bWxucz0naHR0cDovL3d3dy53My5vcmcvMjAwMC9zdmcnIHk9JzAnIHg9JzAnIHdpZHRoPSc0OTInIGhlaWdodD0nNDkyJyB2aWV3Qm94PScwIDAgNDkyIDQ5Mic+PC9zdmc+\" data-srcset=\"https:\/\/events.parcsaintecroix.com\/wp-content\/uploads\/2026\/03\/plaine-des-cerfs-1-scaled-492x492-11f09bf121b8.jpg\" media=\"(min-resolution: 192dpi), (-webkit-min-device-pixel-ratio: 2)\"><source srcset=\"data:image\/svg+xml;base64,PHN2ZyB4bWxucz0naHR0cDovL3d3dy53My5vcmcvMjAwMC9zdmcnIHk9JzAnIHg9JzAnIHdpZHRoPSc3MTcnIGhlaWdodD0nNzE3JyB2aWV3Qm94PScwIDAgNzE3IDcxNyc+PC9zdmc+\" data-srcset=\"https:\/\/events.parcsaintecroix.com\/wp-content\/uploads\/2026\/03\/plaine-des-cerfs-1-scaled-717x717-63289f274e1a.jpg\" media=\"(min-width: 90rem)\"><source srcset=\"data:image\/svg+xml;base64,PHN2ZyB4bWxucz0naHR0cDovL3d3dy53My5vcmcvMjAwMC9zdmcnIHk9JzAnIHg9JzAnIHdpZHRoPSc1NTcnIGhlaWdodD0nNTU3JyB2aWV3Qm94PScwIDAgNTU3IDU1Nyc+PC9zdmc+\" data-srcset=\"https:\/\/events.parcsaintecroix.com\/wp-content\/uploads\/2026\/03\/plaine-des-cerfs-1-scaled-557x557-87d4579f6953.jpg\" media=\"(min-width: 75rem)\"><source srcset=\"data:image\/svg+xml;base64,PHN2ZyB4bWxucz0naHR0cDovL3d3dy53My5vcmcvMjAwMC9zdmcnIHk9JzAnIHg9JzAnIHdpZHRoPSczNzAnIGhlaWdodD0nMzcwJyB2aWV3Qm94PScwIDAgMzcwIDM3MCc+PC9zdmc+\" data-srcset=\"https:\/\/events.parcsaintecroix.com\/wp-content\/uploads\/2026\/03\/plaine-des-cerfs-1-scaled-370x370-dcf66bb03c69.jpg\" media=\"(min-width: 64rem)\"><img loading=\"lazy\" decoding=\"async\" src=\"data:image\/svg+xml;base64,PHN2ZyB4bWxucz0naHR0cDovL3d3dy53My5vcmcvMjAwMC9zdmcnIHk9JzAnIHg9JzAnIHdpZHRoPScyNDYnIGhlaWdodD0nMjQ2JyB2aWV3Qm94PScwIDAgMjQ2IDI0Nic+PC9zdmc+\"  width=\"246\" height=\"246\" data-fade-in data-lazy-img data-src=\"https:\/\/events.parcsaintecroix.com\/wp-content\/uploads\/2026\/03\/plaine-des-cerfs-1-scaled-246x246-f0cddf1a034a.jpg\" alt=\"\" style=\";--aspect-ratio-small: 1;--aspect-ratio-large: 1;--aspect-ratio-xlarge: 1;--aspect-ratio-xxlarge: 1;--aspect-ratio-retina: 1;--aspect-ratio-large_retina: 1;--aspect-ratio-xlarge_retina: 1;--aspect-ratio-xxlarge_retina: 1\" data-has-aspect-ratio=\"true\" \/><\/picture>            <\/figure>\n\n                      <\/div>\n                  <div>\n            \n            <figure>\n              <picture><source srcset=\"data:image\/svg+xml;base64,PHN2ZyB4bWxucz0naHR0cDovL3d3dy53My5vcmcvMjAwMC9zdmcnIHk9JzAnIHg9JzAnIHdpZHRoPScxMzY2JyBoZWlnaHQ9JzEzNjYnIHZpZXdCb3g9JzAgMCAxMzY2IDEzNjYnPjwvc3ZnPg==\" data-srcset=\"https:\/\/events.parcsaintecroix.com\/wp-content\/uploads\/2025\/12\/animalier-animaliere-nourrissage-chevre-1366x1366-9a47d799afc0.jpg\" media=\"(min-width: 90rem) and (min-resolution: 192dpi), (min-width: 90rem) and (-webkit-min-device-pixel-ratio: 2)\"><source srcset=\"data:image\/svg+xml;base64,PHN2ZyB4bWxucz0naHR0cDovL3d3dy53My5vcmcvMjAwMC9zdmcnIHk9JzAnIHg9JzAnIHdpZHRoPScxMTE0JyBoZWlnaHQ9JzExMTQnIHZpZXdCb3g9JzAgMCAxMTE0IDExMTQnPjwvc3ZnPg==\" data-srcset=\"https:\/\/events.parcsaintecroix.com\/wp-content\/uploads\/2025\/12\/animalier-animaliere-nourrissage-chevre-1114x1114-9019338081fd.jpg\" media=\"(min-width: 75rem) and (min-resolution: 192dpi), (min-width: 75rem) and (-webkit-min-device-pixel-ratio: 2)\"><source srcset=\"data:image\/svg+xml;base64,PHN2ZyB4bWxucz0naHR0cDovL3d3dy53My5vcmcvMjAwMC9zdmcnIHk9JzAnIHg9JzAnIHdpZHRoPSc3NDAnIGhlaWdodD0nNzQwJyB2aWV3Qm94PScwIDAgNzQwIDc0MCc+PC9zdmc+\" data-srcset=\"https:\/\/events.parcsaintecroix.com\/wp-content\/uploads\/2025\/12\/animalier-animaliere-nourrissage-chevre-740x740-541343d2b933.jpg\" media=\"(min-width: 64rem) and (min-resolution: 192dpi), (min-width: 64rem) and (-webkit-min-device-pixel-ratio: 2)\"><source srcset=\"data:image\/svg+xml;base64,PHN2ZyB4bWxucz0naHR0cDovL3d3dy53My5vcmcvMjAwMC9zdmcnIHk9JzAnIHg9JzAnIHdpZHRoPSc0OTInIGhlaWdodD0nNDkyJyB2aWV3Qm94PScwIDAgNDkyIDQ5Mic+PC9zdmc+\" data-srcset=\"https:\/\/events.parcsaintecroix.com\/wp-content\/uploads\/2025\/12\/animalier-animaliere-nourrissage-chevre-492x492-11f09bf121b8.jpg\" media=\"(min-resolution: 192dpi), (-webkit-min-device-pixel-ratio: 2)\"><source srcset=\"data:image\/svg+xml;base64,PHN2ZyB4bWxucz0naHR0cDovL3d3dy53My5vcmcvMjAwMC9zdmcnIHk9JzAnIHg9JzAnIHdpZHRoPSc3MTcnIGhlaWdodD0nNzE3JyB2aWV3Qm94PScwIDAgNzE3IDcxNyc+PC9zdmc+\" data-srcset=\"https:\/\/events.parcsaintecroix.com\/wp-content\/uploads\/2025\/12\/animalier-animaliere-nourrissage-chevre-717x717-63289f274e1a.jpg\" media=\"(min-width: 90rem)\"><source srcset=\"data:image\/svg+xml;base64,PHN2ZyB4bWxucz0naHR0cDovL3d3dy53My5vcmcvMjAwMC9zdmcnIHk9JzAnIHg9JzAnIHdpZHRoPSc1NTcnIGhlaWdodD0nNTU3JyB2aWV3Qm94PScwIDAgNTU3IDU1Nyc+PC9zdmc+\" data-srcset=\"https:\/\/events.parcsaintecroix.com\/wp-content\/uploads\/2025\/12\/animalier-animaliere-nourrissage-chevre-557x557-87d4579f6953.jpg\" media=\"(min-width: 75rem)\"><source srcset=\"data:image\/svg+xml;base64,PHN2ZyB4bWxucz0naHR0cDovL3d3dy53My5vcmcvMjAwMC9zdmcnIHk9JzAnIHg9JzAnIHdpZHRoPSczNzAnIGhlaWdodD0nMzcwJyB2aWV3Qm94PScwIDAgMzcwIDM3MCc+PC9zdmc+\" data-srcset=\"https:\/\/events.parcsaintecroix.com\/wp-content\/uploads\/2025\/12\/animalier-animaliere-nourrissage-chevre-370x370-dcf66bb03c69.jpg\" media=\"(min-width: 64rem)\"><img loading=\"lazy\" decoding=\"async\" src=\"data:image\/svg+xml;base64,PHN2ZyB4bWxucz0naHR0cDovL3d3dy53My5vcmcvMjAwMC9zdmcnIHk9JzAnIHg9JzAnIHdpZHRoPScyNDYnIGhlaWdodD0nMjQ2JyB2aWV3Qm94PScwIDAgMjQ2IDI0Nic+PC9zdmc+\"  width=\"246\" height=\"246\" data-fade-in data-lazy-img data-src=\"https:\/\/events.parcsaintecroix.com\/wp-content\/uploads\/2025\/12\/animalier-animaliere-nourrissage-chevre-246x246-f0cddf1a034a.jpg\" alt=\"\" style=\";--aspect-ratio-small: 1;--aspect-ratio-large: 1;--aspect-ratio-xlarge: 1;--aspect-ratio-xxlarge: 1;--aspect-ratio-retina: 1;--aspect-ratio-large_retina: 1;--aspect-ratio-xlarge_retina: 1;--aspect-ratio-xxlarge_retina: 1\" data-has-aspect-ratio=\"true\" \/><\/picture>            <\/figure>\n\n                      <\/div>\n            <\/div>\n  \n  \n<\/section>\n\n\n<section class=\"block-grid-wrapper block-grid-for-core-heading\">\n      <div class=\"default-editor-content grid-for-core-heading grid-container fluid fluid\">\n        <div class=\"grid-x grid-padding-x align-center\">\n          <div class=\"cell\">\n            \n<h3 class=\"wp-block-heading\">Fin de journ\u00e9e : cl\u00f4ture en douceur<\/h3>\n          <\/div>\n        <\/div>\n      <\/div>\n\n      <\/section>\n\n<section class=\"block-grid-wrapper block-grid-for-core-paragraph\">\n      <div class=\"default-editor-content grid-for-core-paragraph grid-container fluid fluid\">\n        <div class=\"grid-x grid-padding-x align-center\">\n          <div class=\"cell\">\n            \n<p><br>Retrouvez vous et profitez d\u2019un moment de d\u00e9tente et de partage autour d\u2019une pause gourmande avec p\u00e2tisseries sucr\u00e9es et boissons chaudes ou arpentez le parc librement pour explorer \u00e0 votre rythme et profiter jusqu\u2019\u00e0 la fermeture du parc.<\/p>\n          <\/div>\n        <\/div>\n      <\/div>\n\n      <\/section>\n\n<section class=\"block-grid-wrapper block-grid-for-core-heading\">\n      <div class=\"default-editor-content grid-for-core-heading grid-container fluid fluid\">\n        <div class=\"grid-x grid-padding-x align-center\">\n          <div class=\"cell\">\n            \n<h2 class=\"wp-block-heading\">Pourquoi faire votre journ\u00e9e d\u2019\u00e9tude au Parc Sainte Croix ?<br><\/h2>\n          <\/div>\n        <\/div>\n      <\/div>\n\n      <\/section>\n\n\n<section  class=\"wp-block-acf-info-contact-v2  alignfull block-index-36 section-content section-contact-info-v2\"   itemprop=\"hasPart\" itemscope itemtype=\"https:\/\/schema.org\/WebPageElement\">\n  <div class=\"grid-container fluid\">\n    <div class=\"grid-x grid-padding-x\">\n\n      <div class=\"cell medium-6 image-cell large-order-2\">\n                  <figure>\n            <picture><source srcset=\"data:image\/svg+xml;base64,PHN2ZyB4bWxucz0naHR0cDovL3d3dy53My5vcmcvMjAwMC9zdmcnIHk9JzAnIHg9JzAnIHdpZHRoPSc5MzQnIGhlaWdodD0nOTM0JyB2aWV3Qm94PScwIDAgOTM0IDkzNCc+PC9zdmc+\" data-srcset=\"https:\/\/events.parcsaintecroix.com\/wp-content\/uploads\/2025\/12\/reunion-travail-934x934-51341dfda79d.jpg\" media=\"(min-width: 64rem) and (min-resolution: 192dpi), (min-width: 64rem) and (-webkit-min-device-pixel-ratio: 2)\"><source srcset=\"data:image\/svg+xml;base64,PHN2ZyB4bWxucz0naHR0cDovL3d3dy53My5vcmcvMjAwMC9zdmcnIHk9JzAnIHg9JzAnIHdpZHRoPScxMzY2JyBoZWlnaHQ9JzEzNjYnIHZpZXdCb3g9JzAgMCAxMzY2IDEzNjYnPjwvc3ZnPg==\" data-srcset=\"https:\/\/events.parcsaintecroix.com\/wp-content\/uploads\/2025\/12\/reunion-travail-1366x1366-09caf5db95fc.jpg\" media=\"(min-width: 48rem) and (min-resolution: 192dpi), (min-width: 48rem) and (-webkit-min-device-pixel-ratio: 2)\"><source srcset=\"data:image\/svg+xml;base64,PHN2ZyB4bWxucz0naHR0cDovL3d3dy53My5vcmcvMjAwMC9zdmcnIHk9JzAnIHg9JzAnIHdpZHRoPSc0NjcnIGhlaWdodD0nNDY3JyB2aWV3Qm94PScwIDAgNDY3IDQ2Nyc+PC9zdmc+\" data-srcset=\"https:\/\/events.parcsaintecroix.com\/wp-content\/uploads\/2025\/12\/reunion-travail-467x467-92937e878741.jpg\" media=\"(min-width: 64rem)\"><source srcset=\"data:image\/svg+xml;base64,PHN2ZyB4bWxucz0naHR0cDovL3d3dy53My5vcmcvMjAwMC9zdmcnIHk9JzAnIHg9JzAnIHdpZHRoPScxMDIzJyBoZWlnaHQ9JzEwMjMnIHZpZXdCb3g9JzAgMCAxMDIzIDEwMjMnPjwvc3ZnPg==\" data-srcset=\"https:\/\/events.parcsaintecroix.com\/wp-content\/uploads\/2025\/12\/reunion-travail-1023x1023-b0ec06afae74.jpg\" media=\"(min-width: 48rem)\"><img loading=\"lazy\" decoding=\"async\" src=\"data:image\/svg+xml;base64,PHN2ZyB4bWxucz0naHR0cDovL3d3dy53My5vcmcvMjAwMC9zdmcnIHk9JzAnIHg9JzAnIHdpZHRoPSc2NzAnIGhlaWdodD0nNjcwJyB2aWV3Qm94PScwIDAgNjcwIDY3MCc+PC9zdmc+\"  width=\"670\" height=\"670\" data-fade-in data-lazy-img data-src=\"https:\/\/events.parcsaintecroix.com\/wp-content\/uploads\/2025\/12\/reunion-travail-670x670-add5a718c8fa.jpg\" alt=\"\" style=\";--aspect-ratio-small: 1;--aspect-ratio-medium: 1;--aspect-ratio-large: 1;--aspect-ratio-medium_retina: 1;--aspect-ratio-large_retina: 1\" data-has-aspect-ratio=\"true\" \/><\/picture>          <\/figure>\n              <\/div>\n\n      <div class=\"cell medium-6 inner-blocks large-order-1\">\n        <div class=\"wrapper\">\n          <div class=\"inner\">\n            \n\n<p class=\"has-text-align-center\">Une exp\u00e9rience professionnelle hors du commun : nous transformons vos journ\u00e9es d\u2019\u00e9tude, s\u00e9minaires ou team building en exp\u00e9riences m\u00e9morables. Que vous souhaitiez travailler, vous d\u00e9tendre ou vous inspirer, le Parc offre le cadre parfait pour allier productivit\u00e9, bien-\u00eatre et connexion \u00e0 la nature et au vivant.<\/p>\n\n\n\n<div class=\"wp-block-buttons is-layout-flex wp-block-buttons-is-layout-flex\">\n<div class=\"wp-block-button\" data-gtm=\"false\" data-gtm-event=\"click_cta\" data-gtm-event-label=\"false\"><a class=\"wp-block-button__link wp-element-button\">Contactez nous<\/a><\/div>\n<\/div>\n\n          <\/div>\n        <\/div>\n      <\/div>\n\n    <\/div>\n  <\/div>\n<\/section>\n\n\n\n\n\n","protected":false},"excerpt":{"rendered":"<p>Offrez \u00e0 vos \u00e9quipes une journ\u00e9e de travail et de d\u00e9paysement Organisez votre s\u00e9minaire dans un cadre naturel, propice \u00e0 la concentration, \u00e0 la coh\u00e9sion et \u00e0 l\u2019inspiration. Le Parc Sainte-Croix et ses \u00e9quipes vous accueille pour une journ\u00e9e compl\u00e8te m\u00ealant sessions de travail, moments conviviaux et activit\u00e9s de coh\u00e9sion. Id\u00e9al pour vos r\u00e9unions d\u2019\u00e9quipe, [&hellip;]<\/p>\n","protected":false},"author":1,"featured_media":36175,"parent":0,"menu_order":0,"comment_status":"closed","ping_status":"closed","template":"","meta":{"_acf_changed":false,"footnotes":""},"class_list":["post-35735","page","type-page","status-publish","has-post-thumbnail","hentry"],"acf":[],"yoast_head":"<!-- This site is optimized with the Yoast SEO plugin v27.3 - https:\/\/yoast.com\/product\/yoast-seo-wordpress\/ -->\n<title>Journ\u00e9e d\u2019\u00e9tudes | Sainte-Croix Events<\/title>\n<meta name=\"description\" content=\"Venez profitez d&#039;un cadre naturel pour votre journ\u00e9e d&#039;\u00e9quipe. Nous vous proposons une offre adapt\u00e9e \u00e0 vos besoins.\" \/>\n<meta name=\"robots\" content=\"index, follow, max-snippet:-1, max-image-preview:large, max-video-preview:-1\" \/>\n<link rel=\"canonical\" href=\"https:\/\/events.parcsaintecroix.com\/fr\/journee-detudes\" \/>\n<meta property=\"og:locale\" content=\"fr_FR\" \/>\n<meta property=\"og:type\" content=\"article\" \/>\n<meta property=\"og:title\" content=\"Journ\u00e9e d\u2019\u00e9tudes | Sainte-Croix Events\" \/>\n<meta property=\"og:description\" content=\"Venez profitez d&#039;un cadre naturel pour votre journ\u00e9e d&#039;\u00e9quipe. Nous vous proposons une offre adapt\u00e9e \u00e0 vos besoins.\" \/>\n<meta property=\"og:url\" content=\"https:\/\/events.parcsaintecroix.com\/fr\/journee-detudes\" \/>\n<meta property=\"og:site_name\" content=\"Sainte-Croix Events\" \/>\n<meta property=\"article:publisher\" content=\"https:\/\/www.facebook.com\/LodgesSainteCroix\/\" \/>\n<meta property=\"article:modified_time\" content=\"2026-03-31T09:28:32+00:00\" \/>\n<meta property=\"og:image\" content=\"http:\/\/events.parcsaintecroix.com\/wp-content\/uploads\/2025\/12\/reunion-travail.jpg\" \/>\n\t<meta property=\"og:image:width\" content=\"2048\" \/>\n\t<meta property=\"og:image:height\" content=\"1365\" \/>\n\t<meta property=\"og:image:type\" content=\"image\/jpeg\" \/>\n<meta name=\"twitter:card\" content=\"summary_large_image\" \/>\n<meta name=\"twitter:site\" content=\"@parc_stecroix\" \/>\n<meta name=\"twitter:label1\" content=\"Dur\u00e9e de lecture estim\u00e9e\" \/>\n\t<meta name=\"twitter:data1\" content=\"3 minutes\" \/>\n<script type=\"application\/ld+json\" class=\"yoast-schema-graph\">{\"@context\":\"https:\\\/\\\/schema.org\",\"@graph\":[{\"@type\":\"WebPage\",\"@id\":\"https:\\\/\\\/events.parcsaintecroix.com\\\/fr\\\/journee-detudes\",\"url\":\"https:\\\/\\\/events.parcsaintecroix.com\\\/fr\\\/journee-detudes\",\"name\":\"Journ\u00e9e d\u2019\u00e9tudes | Sainte-Croix Events\",\"isPartOf\":{\"@id\":\"https:\\\/\\\/events.parcsaintecroix.com\\\/fr\\\/#website\"},\"primaryImageOfPage\":{\"@id\":\"https:\\\/\\\/events.parcsaintecroix.com\\\/fr\\\/journee-detudes#primaryimage\"},\"image\":{\"@id\":\"https:\\\/\\\/events.parcsaintecroix.com\\\/fr\\\/journee-detudes#primaryimage\"},\"thumbnailUrl\":\"https:\\\/\\\/events.parcsaintecroix.com\\\/wp-content\\\/uploads\\\/2025\\\/12\\\/reunion-travail.jpg\",\"datePublished\":\"2025-12-16T15:32:56+00:00\",\"dateModified\":\"2026-03-31T09:28:32+00:00\",\"description\":\"Venez profitez d'un cadre naturel pour votre journ\u00e9e d'\u00e9quipe. Nous vous proposons une offre adapt\u00e9e \u00e0 vos besoins.\",\"breadcrumb\":{\"@id\":\"https:\\\/\\\/events.parcsaintecroix.com\\\/fr\\\/journee-detudes#breadcrumb\"},\"inLanguage\":\"fr-FR\",\"potentialAction\":[{\"@type\":\"ReadAction\",\"target\":[\"https:\\\/\\\/events.parcsaintecroix.com\\\/fr\\\/journee-detudes\"]}]},{\"@type\":\"ImageObject\",\"inLanguage\":\"fr-FR\",\"@id\":\"https:\\\/\\\/events.parcsaintecroix.com\\\/fr\\\/journee-detudes#primaryimage\",\"url\":\"https:\\\/\\\/events.parcsaintecroix.com\\\/wp-content\\\/uploads\\\/2025\\\/12\\\/reunion-travail.jpg\",\"contentUrl\":\"https:\\\/\\\/events.parcsaintecroix.com\\\/wp-content\\\/uploads\\\/2025\\\/12\\\/reunion-travail.jpg\",\"width\":2048,\"height\":1365},{\"@type\":\"BreadcrumbList\",\"@id\":\"https:\\\/\\\/events.parcsaintecroix.com\\\/fr\\\/journee-detudes#breadcrumb\",\"itemListElement\":[{\"@type\":\"ListItem\",\"position\":1,\"name\":\"Accueil\",\"item\":\"https:\\\/\\\/events.parcsaintecroix.com\\\/fr\"},{\"@type\":\"ListItem\",\"position\":2,\"name\":\"Journ\u00e9e d\u2019\u00e9tudes\"}]},{\"@type\":\"WebSite\",\"@id\":\"https:\\\/\\\/events.parcsaintecroix.com\\\/fr\\\/#website\",\"url\":\"https:\\\/\\\/events.parcsaintecroix.com\\\/fr\\\/\",\"name\":\"Sainte-Croix Events\",\"description\":\"Organiser votre s\u00e9minaire au c\u0153ur de la nature et du vivant\",\"publisher\":{\"@id\":\"https:\\\/\\\/events.parcsaintecroix.com\\\/fr\\\/#organization\"},\"alternateName\":\"PSC\",\"inLanguage\":\"fr-FR\"},{\"@type\":\"Organization\",\"@id\":\"https:\\\/\\\/events.parcsaintecroix.com\\\/fr\\\/#organization\",\"name\":\"Sainte-Croix Events\",\"url\":\"https:\\\/\\\/events.parcsaintecroix.com\\\/fr\\\/\",\"logo\":{\"@type\":\"ImageObject\",\"inLanguage\":\"fr-FR\",\"@id\":\"https:\\\/\\\/events.parcsaintecroix.com\\\/fr\\\/#\\\/schema\\\/logo\\\/image\\\/\",\"url\":\"\",\"contentUrl\":\"\",\"caption\":\"Sainte-Croix Events\"},\"image\":{\"@id\":\"https:\\\/\\\/events.parcsaintecroix.com\\\/fr\\\/#\\\/schema\\\/logo\\\/image\\\/\"},\"sameAs\":[\"https:\\\/\\\/www.facebook.com\\\/LodgesSainteCroix\\\/\",\"https:\\\/\\\/x.com\\\/parc_stecroix\"]}]}<\/script>\n<!-- \/ Yoast SEO plugin. -->","yoast_head_json":{"title":"Journ\u00e9e d\u2019\u00e9tudes | Sainte-Croix Events","description":"Venez profitez d'un cadre naturel pour votre journ\u00e9e d'\u00e9quipe. Nous vous proposons une offre adapt\u00e9e \u00e0 vos besoins.","robots":{"index":"index","follow":"follow","max-snippet":"max-snippet:-1","max-image-preview":"max-image-preview:large","max-video-preview":"max-video-preview:-1"},"canonical":"https:\/\/events.parcsaintecroix.com\/fr\/journee-detudes","og_locale":"fr_FR","og_type":"article","og_title":"Journ\u00e9e d\u2019\u00e9tudes | Sainte-Croix Events","og_description":"Venez profitez d'un cadre naturel pour votre journ\u00e9e d'\u00e9quipe. Nous vous proposons une offre adapt\u00e9e \u00e0 vos besoins.","og_url":"https:\/\/events.parcsaintecroix.com\/fr\/journee-detudes","og_site_name":"Sainte-Croix Events","article_publisher":"https:\/\/www.facebook.com\/LodgesSainteCroix\/","article_modified_time":"2026-03-31T09:28:32+00:00","og_image":[{"width":2048,"height":1365,"url":"http:\/\/events.parcsaintecroix.com\/wp-content\/uploads\/2025\/12\/reunion-travail.jpg","type":"image\/jpeg"}],"twitter_card":"summary_large_image","twitter_site":"@parc_stecroix","twitter_misc":{"Dur\u00e9e de lecture estim\u00e9e":"3 minutes"},"schema":{"@context":"https:\/\/schema.org","@graph":[{"@type":"WebPage","@id":"https:\/\/events.parcsaintecroix.com\/fr\/journee-detudes","url":"https:\/\/events.parcsaintecroix.com\/fr\/journee-detudes","name":"Journ\u00e9e d\u2019\u00e9tudes | Sainte-Croix Events","isPartOf":{"@id":"https:\/\/events.parcsaintecroix.com\/fr\/#website"},"primaryImageOfPage":{"@id":"https:\/\/events.parcsaintecroix.com\/fr\/journee-detudes#primaryimage"},"image":{"@id":"https:\/\/events.parcsaintecroix.com\/fr\/journee-detudes#primaryimage"},"thumbnailUrl":"https:\/\/events.parcsaintecroix.com\/wp-content\/uploads\/2025\/12\/reunion-travail.jpg","datePublished":"2025-12-16T15:32:56+00:00","dateModified":"2026-03-31T09:28:32+00:00","description":"Venez profitez d'un cadre naturel pour votre journ\u00e9e d'\u00e9quipe. Nous vous proposons une offre adapt\u00e9e \u00e0 vos besoins.","breadcrumb":{"@id":"https:\/\/events.parcsaintecroix.com\/fr\/journee-detudes#breadcrumb"},"inLanguage":"fr-FR","potentialAction":[{"@type":"ReadAction","target":["https:\/\/events.parcsaintecroix.com\/fr\/journee-detudes"]}]},{"@type":"ImageObject","inLanguage":"fr-FR","@id":"https:\/\/events.parcsaintecroix.com\/fr\/journee-detudes#primaryimage","url":"https:\/\/events.parcsaintecroix.com\/wp-content\/uploads\/2025\/12\/reunion-travail.jpg","contentUrl":"https:\/\/events.parcsaintecroix.com\/wp-content\/uploads\/2025\/12\/reunion-travail.jpg","width":2048,"height":1365},{"@type":"BreadcrumbList","@id":"https:\/\/events.parcsaintecroix.com\/fr\/journee-detudes#breadcrumb","itemListElement":[{"@type":"ListItem","position":1,"name":"Accueil","item":"https:\/\/events.parcsaintecroix.com\/fr"},{"@type":"ListItem","position":2,"name":"Journ\u00e9e d\u2019\u00e9tudes"}]},{"@type":"WebSite","@id":"https:\/\/events.parcsaintecroix.com\/fr\/#website","url":"https:\/\/events.parcsaintecroix.com\/fr\/","name":"Sainte-Croix Events","description":"Organiser votre s\u00e9minaire au c\u0153ur de la nature et du vivant","publisher":{"@id":"https:\/\/events.parcsaintecroix.com\/fr\/#organization"},"alternateName":"PSC","inLanguage":"fr-FR"},{"@type":"Organization","@id":"https:\/\/events.parcsaintecroix.com\/fr\/#organization","name":"Sainte-Croix Events","url":"https:\/\/events.parcsaintecroix.com\/fr\/","logo":{"@type":"ImageObject","inLanguage":"fr-FR","@id":"https:\/\/events.parcsaintecroix.com\/fr\/#\/schema\/logo\/image\/","url":"","contentUrl":"","caption":"Sainte-Croix Events"},"image":{"@id":"https:\/\/events.parcsaintecroix.com\/fr\/#\/schema\/logo\/image\/"},"sameAs":["https:\/\/www.facebook.com\/LodgesSainteCroix\/","https:\/\/x.com\/parc_stecroix"]}]}},"_links":{"self":[{"href":"https:\/\/events.parcsaintecroix.com\/fr\/wp-json\/wp\/v2\/pages\/35735","targetHints":{"allow":["GET"]}}],"collection":[{"href":"https:\/\/events.parcsaintecroix.com\/fr\/wp-json\/wp\/v2\/pages"}],"about":[{"href":"https:\/\/events.parcsaintecroix.com\/fr\/wp-json\/wp\/v2\/types\/page"}],"author":[{"embeddable":true,"href":"https:\/\/events.parcsaintecroix.com\/fr\/wp-json\/wp\/v2\/users\/1"}],"replies":[{"embeddable":true,"href":"https:\/\/events.parcsaintecroix.com\/fr\/wp-json\/wp\/v2\/comments?post=35735"}],"version-history":[{"count":8,"href":"https:\/\/events.parcsaintecroix.com\/fr\/wp-json\/wp\/v2\/pages\/35735\/revisions"}],"predecessor-version":[{"id":39906,"href":"https:\/\/events.parcsaintecroix.com\/fr\/wp-json\/wp\/v2\/pages\/35735\/revisions\/39906"}],"wp:featuredmedia":[{"embeddable":true,"href":"https:\/\/events.parcsaintecroix.com\/fr\/wp-json\/wp\/v2\/media\/36175"}],"wp:attachment":[{"href":"https:\/\/events.parcsaintecroix.com\/fr\/wp-json\/wp\/v2\/media?parent=35735"}],"curies":[{"name":"wp","href":"https:\/\/api.w.org\/{rel}","templated":true}]}}