{"id":39690,"date":"2026-03-13T15:13:02","date_gmt":"2026-03-13T14:13:02","guid":{"rendered":"https:\/\/events.parcsaintecroix.com\/?page_id=39690"},"modified":"2026-03-13T15:13:05","modified_gmt":"2026-03-13T14:13:05","slug":"service-presse","status":"publish","type":"page","link":"https:\/\/events.parcsaintecroix.com\/fr\/service-presse","title":{"rendered":"Service presse"},"content":{"rendered":"<section class=\"block-grid-wrapper block-grid-for-core-paragraph\">\n      <div class=\"default-editor-content grid-for-core-paragraph grid-container fluid fluid\">\n        <div class=\"grid-x grid-padding-x align-center\">\n          <div class=\"cell\">\n            \n<p><\/p>\n          <\/div>\n        <\/div>\n      <\/div>\n\n      <\/section>\n\n\n<section  class=\"wp-block-acf-header-edito-page  block-index-1 section-content section-header-edito-page\"   itemprop=\"hasPart\" itemscope itemtype=\"https:\/\/schema.org\/WebPageElement\">\n\n  <div class=\"breadcrumbs-wrapper\">\n      <div class=\"grid-container full breadcrumb-container\">\n    <div class=\"grid-x\">\n      <div class=\"cell\">\n        <div class=\"breadcrumbs\"><span><span><a href=\"https:\/\/events.parcsaintecroix.com\/fr\">Accueil<\/a><\/span>  <span class=\"breadcrumb_last\" aria-current=\"page\">Service presse<\/span><\/span>        <\/div>\n      <\/div>\n    <\/div>\n  <\/div>  <\/div>\n\n  \n    <figure>\n      <picture><source srcset=\"https:\/\/events.parcsaintecroix.com\/wp-content\/uploads\/2025\/11\/Image-Hero-1366x1366-97a69d9a5c71.jpg\" media=\"(min-width: 48rem) and (min-resolution: 192dpi), (min-width: 48rem) and (-webkit-min-device-pixel-ratio: 2)\"><source srcset=\"https:\/\/events.parcsaintecroix.com\/wp-content\/uploads\/2026\/03\/CP-Carla-Datola-47-1366x2226-4755b5289b92.jpg\" media=\"(min-resolution: 192dpi), (-webkit-min-device-pixel-ratio: 2)\"><source srcset=\"https:\/\/events.parcsaintecroix.com\/wp-content\/uploads\/2025\/11\/Image-Hero-1366x440-6f5301f4f3cc.jpg\" media=\"(min-width: 75rem)\"><source srcset=\"https:\/\/events.parcsaintecroix.com\/wp-content\/uploads\/2025\/11\/Image-Hero-1366x501-aaa1a541a1d1.jpg\" media=\"(min-width: 64rem)\"><source srcset=\"https:\/\/events.parcsaintecroix.com\/wp-content\/uploads\/2025\/11\/Image-Hero-1023x1023-2a426e98586f.jpg\" media=\"(min-width: 48rem)\"><img decoding=\"async\" src=\"https:\/\/events.parcsaintecroix.com\/wp-content\/uploads\/2026\/03\/CP-Carla-Datola-47-767x1250-8e783b4c1964.jpg\" alt=\"\" style=\";--aspect-ratio-small: 0.6136;--aspect-ratio-medium: 1;--aspect-ratio-large: 2.725;--aspect-ratio-xlarge: 3.1045454545455;--aspect-ratio-retina: 0.6136;--aspect-ratio-medium_retina: 1\" data-has-aspect-ratio=\"true\" \/><\/picture>    <\/figure>\n  \n  <div class=\"grid-container fluid\">\n    <div class=\"grid-x grid-padding-x align-center\">\n      <div class=\"cell medium-10 large-9 text-center\">\n\n                  <h1 class=\"page-title\">\n            <variable-width>\n              Service presse            <\/variable-width>\n          <\/h1>\n        \n        <div class=\"page-descr\"><\/div>\n      <\/div>\n    <\/div>\n  <\/div>\n<\/section>\n\n\n<section class=\"block-grid-wrapper block-grid-for-core-paragraph\">\n      <div class=\"default-editor-content grid-for-core-paragraph grid-container fluid fluid\">\n        <div class=\"grid-x grid-padding-x align-center\">\n          <div class=\"cell\">\n            \n<p class=\"has-text-align-center\">Un dossier \u00e0 pr\u00e9parer, un reportage \u00e0 r\u00e9aliser, un article \u00e0 \u00e9crire, plus de renseignements sur Sainte-Croix Events ? N\u2019h\u00e9sitez pas \u00e0 prendre contact avec notre service Presse :<\/p>\n          <\/div>\n        <\/div>\n      <\/div>\n\n      <\/section>\n\n<section class=\"block-grid-wrapper block-grid-for-core-paragraph\">\n      <div class=\"default-editor-content grid-for-core-paragraph grid-container fluid fluid\">\n        <div class=\"grid-x grid-padding-x align-center\">\n          <div class=\"cell\">\n            \n<p class=\"has-text-align-center\"><strong>Mandy SCHMITT<\/strong>\u00a0\u2013 Responsable de la Communication<br>communication@parcsaintecroix.com<\/p>\n          <\/div>\n        <\/div>\n      <\/div>\n\n      <\/section>","protected":false},"excerpt":{"rendered":"<p>Un dossier \u00e0 pr\u00e9parer, un reportage \u00e0 r\u00e9aliser, un article \u00e0 \u00e9crire, plus de renseignements sur Sainte-Croix Events ? N\u2019h\u00e9sitez pas \u00e0 prendre contact avec notre service Presse : Mandy SCHMITT\u00a0\u2013 Responsable de la Communicationcommunication@parcsaintecroix.com<\/p>\n","protected":false},"author":18,"featured_media":36177,"parent":0,"menu_order":0,"comment_status":"closed","ping_status":"closed","template":"","meta":{"_acf_changed":false,"footnotes":""},"class_list":["post-39690","page","type-page","status-publish","has-post-thumbnail","hentry"],"acf":[],"yoast_head":"<!-- This site is optimized with the Yoast SEO plugin v27.3 - https:\/\/yoast.com\/product\/yoast-seo-wordpress\/ -->\n<title>Service presse | Parc Animalier Sainte-Croix<\/title>\n<meta name=\"description\" content=\"N&#039;h\u00e9sitez pas \u00e0 prendre contact avec notre service Presse : Mandy SCHMITT \u2013 Responsable de la Communication\" \/>\n<meta name=\"robots\" content=\"index, follow, max-snippet:-1, max-image-preview:large, max-video-preview:-1\" \/>\n<link rel=\"canonical\" href=\"https:\/\/events.parcsaintecroix.com\/fr\/service-presse\" \/>\n<meta property=\"og:locale\" content=\"fr_FR\" \/>\n<meta property=\"og:type\" content=\"article\" \/>\n<meta property=\"og:title\" content=\"Service presse | Parc Animalier Sainte-Croix\" \/>\n<meta property=\"og:description\" content=\"N&#039;h\u00e9sitez pas \u00e0 prendre contact avec notre service Presse : Mandy SCHMITT \u2013 Responsable de la Communication\" \/>\n<meta property=\"og:url\" content=\"https:\/\/events.parcsaintecroix.com\/fr\/service-presse\" \/>\n<meta property=\"og:site_name\" content=\"Sainte-Croix Events\" \/>\n<meta property=\"article:publisher\" content=\"https:\/\/www.facebook.com\/LodgesSainteCroix\/\" \/>\n<meta property=\"article:modified_time\" content=\"2026-03-13T14:13:05+00:00\" \/>\n<meta property=\"og:image\" content=\"http:\/\/events.parcsaintecroix.com\/wp-content\/uploads\/2025\/12\/salle-seminaire-ordinateur.jpg\" \/>\n\t<meta property=\"og:image:width\" content=\"2048\" \/>\n\t<meta property=\"og:image:height\" content=\"1365\" \/>\n\t<meta property=\"og:image:type\" content=\"image\/jpeg\" \/>\n<meta name=\"twitter:card\" content=\"summary_large_image\" \/>\n<meta name=\"twitter:site\" content=\"@parc_stecroix\" \/>\n<meta name=\"twitter:label1\" content=\"Dur\u00e9e de lecture estim\u00e9e\" \/>\n\t<meta name=\"twitter:data1\" content=\"1 minute\" \/>\n<script type=\"application\/ld+json\" class=\"yoast-schema-graph\">{\"@context\":\"https:\\\/\\\/schema.org\",\"@graph\":[{\"@type\":\"WebPage\",\"@id\":\"https:\\\/\\\/events.parcsaintecroix.com\\\/fr\\\/service-presse\",\"url\":\"https:\\\/\\\/events.parcsaintecroix.com\\\/fr\\\/service-presse\",\"name\":\"Service presse | Parc Animalier Sainte-Croix\",\"isPartOf\":{\"@id\":\"https:\\\/\\\/events.parcsaintecroix.com\\\/fr\\\/#website\"},\"primaryImageOfPage\":{\"@id\":\"https:\\\/\\\/events.parcsaintecroix.com\\\/fr\\\/service-presse#primaryimage\"},\"image\":{\"@id\":\"https:\\\/\\\/events.parcsaintecroix.com\\\/fr\\\/service-presse#primaryimage\"},\"thumbnailUrl\":\"https:\\\/\\\/events.parcsaintecroix.com\\\/wp-content\\\/uploads\\\/2025\\\/12\\\/salle-seminaire-ordinateur.jpg\",\"datePublished\":\"2026-03-13T14:13:02+00:00\",\"dateModified\":\"2026-03-13T14:13:05+00:00\",\"description\":\"N'h\u00e9sitez pas \u00e0 prendre contact avec notre service Presse : Mandy SCHMITT \u2013 Responsable de la Communication\",\"breadcrumb\":{\"@id\":\"https:\\\/\\\/events.parcsaintecroix.com\\\/fr\\\/service-presse#breadcrumb\"},\"inLanguage\":\"fr-FR\",\"potentialAction\":[{\"@type\":\"ReadAction\",\"target\":[\"https:\\\/\\\/events.parcsaintecroix.com\\\/fr\\\/service-presse\"]}]},{\"@type\":\"ImageObject\",\"inLanguage\":\"fr-FR\",\"@id\":\"https:\\\/\\\/events.parcsaintecroix.com\\\/fr\\\/service-presse#primaryimage\",\"url\":\"https:\\\/\\\/events.parcsaintecroix.com\\\/wp-content\\\/uploads\\\/2025\\\/12\\\/salle-seminaire-ordinateur.jpg\",\"contentUrl\":\"https:\\\/\\\/events.parcsaintecroix.com\\\/wp-content\\\/uploads\\\/2025\\\/12\\\/salle-seminaire-ordinateur.jpg\",\"width\":2048,\"height\":1365},{\"@type\":\"BreadcrumbList\",\"@id\":\"https:\\\/\\\/events.parcsaintecroix.com\\\/fr\\\/service-presse#breadcrumb\",\"itemListElement\":[{\"@type\":\"ListItem\",\"position\":1,\"name\":\"Accueil\",\"item\":\"https:\\\/\\\/events.parcsaintecroix.com\\\/fr\"},{\"@type\":\"ListItem\",\"position\":2,\"name\":\"Service presse\"}]},{\"@type\":\"WebSite\",\"@id\":\"https:\\\/\\\/events.parcsaintecroix.com\\\/fr\\\/#website\",\"url\":\"https:\\\/\\\/events.parcsaintecroix.com\\\/fr\\\/\",\"name\":\"Sainte-Croix Events\",\"description\":\"Organiser votre s\u00e9minaire au c\u0153ur de la nature et du vivant\",\"publisher\":{\"@id\":\"https:\\\/\\\/events.parcsaintecroix.com\\\/fr\\\/#organization\"},\"alternateName\":\"PSC\",\"inLanguage\":\"fr-FR\"},{\"@type\":\"Organization\",\"@id\":\"https:\\\/\\\/events.parcsaintecroix.com\\\/fr\\\/#organization\",\"name\":\"Sainte-Croix Events\",\"url\":\"https:\\\/\\\/events.parcsaintecroix.com\\\/fr\\\/\",\"logo\":{\"@type\":\"ImageObject\",\"inLanguage\":\"fr-FR\",\"@id\":\"https:\\\/\\\/events.parcsaintecroix.com\\\/fr\\\/#\\\/schema\\\/logo\\\/image\\\/\",\"url\":\"\",\"contentUrl\":\"\",\"caption\":\"Sainte-Croix Events\"},\"image\":{\"@id\":\"https:\\\/\\\/events.parcsaintecroix.com\\\/fr\\\/#\\\/schema\\\/logo\\\/image\\\/\"},\"sameAs\":[\"https:\\\/\\\/www.facebook.com\\\/LodgesSainteCroix\\\/\",\"https:\\\/\\\/x.com\\\/parc_stecroix\"]}]}<\/script>\n<!-- \/ Yoast SEO plugin. -->","yoast_head_json":{"title":"Service presse | Parc Animalier Sainte-Croix","description":"N'h\u00e9sitez pas \u00e0 prendre contact avec notre service Presse : Mandy SCHMITT \u2013 Responsable de la Communication","robots":{"index":"index","follow":"follow","max-snippet":"max-snippet:-1","max-image-preview":"max-image-preview:large","max-video-preview":"max-video-preview:-1"},"canonical":"https:\/\/events.parcsaintecroix.com\/fr\/service-presse","og_locale":"fr_FR","og_type":"article","og_title":"Service presse | Parc Animalier Sainte-Croix","og_description":"N'h\u00e9sitez pas \u00e0 prendre contact avec notre service Presse : Mandy SCHMITT \u2013 Responsable de la Communication","og_url":"https:\/\/events.parcsaintecroix.com\/fr\/service-presse","og_site_name":"Sainte-Croix Events","article_publisher":"https:\/\/www.facebook.com\/LodgesSainteCroix\/","article_modified_time":"2026-03-13T14:13:05+00:00","og_image":[{"width":2048,"height":1365,"url":"http:\/\/events.parcsaintecroix.com\/wp-content\/uploads\/2025\/12\/salle-seminaire-ordinateur.jpg","type":"image\/jpeg"}],"twitter_card":"summary_large_image","twitter_site":"@parc_stecroix","twitter_misc":{"Dur\u00e9e de lecture estim\u00e9e":"1 minute"},"schema":{"@context":"https:\/\/schema.org","@graph":[{"@type":"WebPage","@id":"https:\/\/events.parcsaintecroix.com\/fr\/service-presse","url":"https:\/\/events.parcsaintecroix.com\/fr\/service-presse","name":"Service presse | Parc Animalier Sainte-Croix","isPartOf":{"@id":"https:\/\/events.parcsaintecroix.com\/fr\/#website"},"primaryImageOfPage":{"@id":"https:\/\/events.parcsaintecroix.com\/fr\/service-presse#primaryimage"},"image":{"@id":"https:\/\/events.parcsaintecroix.com\/fr\/service-presse#primaryimage"},"thumbnailUrl":"https:\/\/events.parcsaintecroix.com\/wp-content\/uploads\/2025\/12\/salle-seminaire-ordinateur.jpg","datePublished":"2026-03-13T14:13:02+00:00","dateModified":"2026-03-13T14:13:05+00:00","description":"N'h\u00e9sitez pas \u00e0 prendre contact avec notre service Presse : Mandy SCHMITT \u2013 Responsable de la Communication","breadcrumb":{"@id":"https:\/\/events.parcsaintecroix.com\/fr\/service-presse#breadcrumb"},"inLanguage":"fr-FR","potentialAction":[{"@type":"ReadAction","target":["https:\/\/events.parcsaintecroix.com\/fr\/service-presse"]}]},{"@type":"ImageObject","inLanguage":"fr-FR","@id":"https:\/\/events.parcsaintecroix.com\/fr\/service-presse#primaryimage","url":"https:\/\/events.parcsaintecroix.com\/wp-content\/uploads\/2025\/12\/salle-seminaire-ordinateur.jpg","contentUrl":"https:\/\/events.parcsaintecroix.com\/wp-content\/uploads\/2025\/12\/salle-seminaire-ordinateur.jpg","width":2048,"height":1365},{"@type":"BreadcrumbList","@id":"https:\/\/events.parcsaintecroix.com\/fr\/service-presse#breadcrumb","itemListElement":[{"@type":"ListItem","position":1,"name":"Accueil","item":"https:\/\/events.parcsaintecroix.com\/fr"},{"@type":"ListItem","position":2,"name":"Service presse"}]},{"@type":"WebSite","@id":"https:\/\/events.parcsaintecroix.com\/fr\/#website","url":"https:\/\/events.parcsaintecroix.com\/fr\/","name":"Sainte-Croix Events","description":"Organiser votre s\u00e9minaire au c\u0153ur de la nature et du vivant","publisher":{"@id":"https:\/\/events.parcsaintecroix.com\/fr\/#organization"},"alternateName":"PSC","inLanguage":"fr-FR"},{"@type":"Organization","@id":"https:\/\/events.parcsaintecroix.com\/fr\/#organization","name":"Sainte-Croix Events","url":"https:\/\/events.parcsaintecroix.com\/fr\/","logo":{"@type":"ImageObject","inLanguage":"fr-FR","@id":"https:\/\/events.parcsaintecroix.com\/fr\/#\/schema\/logo\/image\/","url":"","contentUrl":"","caption":"Sainte-Croix Events"},"image":{"@id":"https:\/\/events.parcsaintecroix.com\/fr\/#\/schema\/logo\/image\/"},"sameAs":["https:\/\/www.facebook.com\/LodgesSainteCroix\/","https:\/\/x.com\/parc_stecroix"]}]}},"_links":{"self":[{"href":"https:\/\/events.parcsaintecroix.com\/fr\/wp-json\/wp\/v2\/pages\/39690","targetHints":{"allow":["GET"]}}],"collection":[{"href":"https:\/\/events.parcsaintecroix.com\/fr\/wp-json\/wp\/v2\/pages"}],"about":[{"href":"https:\/\/events.parcsaintecroix.com\/fr\/wp-json\/wp\/v2\/types\/page"}],"author":[{"embeddable":true,"href":"https:\/\/events.parcsaintecroix.com\/fr\/wp-json\/wp\/v2\/users\/18"}],"replies":[{"embeddable":true,"href":"https:\/\/events.parcsaintecroix.com\/fr\/wp-json\/wp\/v2\/comments?post=39690"}],"version-history":[{"count":1,"href":"https:\/\/events.parcsaintecroix.com\/fr\/wp-json\/wp\/v2\/pages\/39690\/revisions"}],"predecessor-version":[{"id":39691,"href":"https:\/\/events.parcsaintecroix.com\/fr\/wp-json\/wp\/v2\/pages\/39690\/revisions\/39691"}],"wp:featuredmedia":[{"embeddable":true,"href":"https:\/\/events.parcsaintecroix.com\/fr\/wp-json\/wp\/v2\/media\/36177"}],"wp:attachment":[{"href":"https:\/\/events.parcsaintecroix.com\/fr\/wp-json\/wp\/v2\/media?parent=39690"}],"curies":[{"name":"wp","href":"https:\/\/api.w.org\/{rel}","templated":true}]}}