{"id":39698,"date":"2026-03-13T16:14:32","date_gmt":"2026-03-13T15:14:32","guid":{"rendered":"https:\/\/events.parcsaintecroix.com\/?page_id=39698"},"modified":"2026-03-13T16:14:34","modified_gmt":"2026-03-13T15:14:34","slug":"sainte-croix-un-lieu-dexception","status":"publish","type":"page","link":"https:\/\/events.parcsaintecroix.com\/fr\/sainte-croix-un-lieu-dexception","title":{"rendered":"Sainte-Croix, un lieu d&rsquo;exception"},"content":{"rendered":"\n<section  class=\"wp-block-acf-header-edito-page  block-index-0 section-content section-header-edito-page\"   itemprop=\"hasPart\" itemscope itemtype=\"https:\/\/schema.org\/WebPageElement\">\n\n  <div class=\"breadcrumbs-wrapper\">\n      <div class=\"grid-container full breadcrumb-container\">\n    <div class=\"grid-x\">\n      <div class=\"cell\">\n        <div class=\"breadcrumbs\"><span><span><a href=\"https:\/\/events.parcsaintecroix.com\/fr\">Accueil<\/a><\/span>  <span class=\"breadcrumb_last\" aria-current=\"page\">Sainte-Croix, un lieu d&rsquo;exception<\/span><\/span>        <\/div>\n      <\/div>\n    <\/div>\n  <\/div>  <\/div>\n\n  \n    <figure>\n      <picture><source srcset=\"https:\/\/events.parcsaintecroix.com\/wp-content\/uploads\/2026\/03\/plaine-des-cerfs-1-scaled-1707x1707-97a69d9a5c71.jpg\" media=\"(min-width: 48rem) and (min-resolution: 192dpi), (min-width: 48rem) and (-webkit-min-device-pixel-ratio: 2)\"><source srcset=\"https:\/\/events.parcsaintecroix.com\/wp-content\/uploads\/2026\/03\/plaine-des-cerfs-1-scaled-1366x2227-4755b5289b92.jpg\" media=\"(min-resolution: 192dpi), (-webkit-min-device-pixel-ratio: 2)\"><source srcset=\"https:\/\/events.parcsaintecroix.com\/wp-content\/uploads\/2026\/03\/plaine-des-cerfs-1-scaled-2560x825-6f5301f4f3cc.jpg\" media=\"(min-width: 75rem)\"><source srcset=\"https:\/\/events.parcsaintecroix.com\/wp-content\/uploads\/2026\/03\/plaine-des-cerfs-1-scaled-2398x880-aaa1a541a1d1.jpg\" media=\"(min-width: 64rem)\"><source srcset=\"https:\/\/events.parcsaintecroix.com\/wp-content\/uploads\/2026\/03\/plaine-des-cerfs-1-scaled-1023x1023-2a426e98586f.jpg\" media=\"(min-width: 48rem)\"><img decoding=\"async\" src=\"https:\/\/events.parcsaintecroix.com\/wp-content\/uploads\/2026\/03\/plaine-des-cerfs-1-scaled-767x1250-8e783b4c1964.jpg\" alt=\"\" style=\";--aspect-ratio-small: 0.6136;--aspect-ratio-medium: 1;--aspect-ratio-large: 2.725;--aspect-ratio-xlarge: 3.1045454545455;--aspect-ratio-retina: 0.6136;--aspect-ratio-medium_retina: 1\" data-has-aspect-ratio=\"true\" \/><\/picture>    <\/figure>\n  \n  <div class=\"grid-container fluid\">\n    <div class=\"grid-x grid-padding-x align-center\">\n      <div class=\"cell medium-10 large-9 text-center\">\n\n                  <h1 class=\"page-title\">\n            <variable-width>\n              Sainte-Croix, un lieu d&rsquo;exception            <\/variable-width>\n          <\/h1>\n        \n        <div class=\"page-descr\"><\/div>\n      <\/div>\n    <\/div>\n  <\/div>\n<\/section>\n\n\n<section class=\"block-grid-wrapper block-grid-for-core-paragraph\">\n      <div class=\"default-editor-content grid-for-core-paragraph grid-container fluid fluid\">\n        <div class=\"grid-x grid-padding-x align-center\">\n          <div class=\"cell\">\n            \n<p>Fond\u00e9 en 1980, le Parc Animalier de Sainte Croix est bien plus qu\u2019un parc : c\u2019est un \u00e9crin de 130 hectares d\u00e9di\u00e9 \u00e0 l\u2019observation et \u00e0 la pr\u00e9servation de la biodiversit\u00e9.\u00a0<\/p>\n          <\/div>\n        <\/div>\n      <\/div>\n\n      <\/section>\n\n<section class=\"block-grid-wrapper block-grid-for-core-heading\">\n      <div class=\"default-editor-content grid-for-core-heading grid-container fluid fluid\">\n        <div class=\"grid-x grid-padding-x align-center\">\n          <div class=\"cell\">\n            \n<h2 class=\"wp-block-heading\"><strong>Notre vision <\/strong><\/h2>\n          <\/div>\n        <\/div>\n      <\/div>\n\n      <\/section>\n\n<section class=\"block-grid-wrapper block-grid-for-core-paragraph\">\n      <div class=\"default-editor-content grid-for-core-paragraph grid-container fluid fluid\">\n        <div class=\"grid-x grid-padding-x align-center\">\n          <div class=\"cell\">\n            \n<p>L\u2019ambition de Sainte Croix Events est de cr\u00e9er des exp\u00e9riences uniques qui reconnectent les \u00e9quipes \u00e0 l\u2019essentiel tout en sensibilisant \u00e0 la protection du vivant.<\/p>\n          <\/div>\n        <\/div>\n      <\/div>\n\n      <\/section>\n\n<section class=\"block-grid-wrapper block-grid-for-core-paragraph\">\n      <div class=\"default-editor-content grid-for-core-paragraph grid-container fluid fluid\">\n        <div class=\"grid-x grid-padding-x align-center\">\n          <div class=\"cell\">\n            \n<p>Organiser un s\u00e9minaire dans un lieu comme le n\u00f4tre, c\u2019est bien plus qu\u2019une r\u00e9union d\u2019entreprise : c\u2019est une opportunit\u00e9 de s\u2019immerger dans un environnement pr\u00e9serv\u00e9 o\u00f9 chaque d\u00e9placement, activit\u00e9, \u00e9change devient une source d\u2019inspiration. Au Parc Sainte Croix, vos s\u00e9minaires d\u2019entreprise prennent une dimension responsable, en phase avec vos valeurs RSE et vos ambitions durables.<\/p>\n          <\/div>\n        <\/div>\n      <\/div>\n\n      <\/section>\n\n<section  class=\"wp-block-acf-two-images  block-index-5 section-content section-two-images\"   itemprop=\"hasPart\" itemscope itemtype=\"https:\/\/schema.org\/WebPageElement\">\n  <div class=\"grid-container fluid\">\n    <div class=\"grid-x grid-padding-x align-middle\">\n      <div class=\"cell small-6\">\n                  <figure>\n            <picture><source srcset=\"data:image\/svg+xml;base64,PHN2ZyB4bWxucz0naHR0cDovL3d3dy53My5vcmcvMjAwMC9zdmcnIHk9JzAnIHg9JzAnIHdpZHRoPScxMTI4JyBoZWlnaHQ9JzExMjgnIHZpZXdCb3g9JzAgMCAxMTI4IDExMjgnPjwvc3ZnPg==\" data-srcset=\"https:\/\/events.parcsaintecroix.com\/wp-content\/uploads\/2026\/03\/equipe-seminaire-1128x1128-856c1b2a36df.jpg\" media=\"(min-width: 64rem)\"><source srcset=\"data:image\/svg+xml;base64,PHN2ZyB4bWxucz0naHR0cDovL3d3dy53My5vcmcvMjAwMC9zdmcnIHk9JzAnIHg9JzAnIHdpZHRoPScxMTI4JyBoZWlnaHQ9JzExMjgnIHZpZXdCb3g9JzAgMCAxMTI4IDExMjgnPjwvc3ZnPg==\" data-srcset=\"https:\/\/events.parcsaintecroix.com\/wp-content\/uploads\/2026\/03\/equipe-seminaire-1128x1128-f24007e60c88.jpg\" media=\"(min-width: 48rem)\"><img loading=\"lazy\" decoding=\"async\" src=\"data:image\/svg+xml;base64,PHN2ZyB4bWxucz0naHR0cDovL3d3dy53My5vcmcvMjAwMC9zdmcnIHk9JzAnIHg9JzAnIHdpZHRoPSczMjAnIGhlaWdodD0nMzIwJyB2aWV3Qm94PScwIDAgMzIwIDMyMCc+PC9zdmc+\"  width=\"320\" height=\"320\" data-fade-in data-lazy-img data-src=\"https:\/\/events.parcsaintecroix.com\/wp-content\/uploads\/2026\/03\/equipe-seminaire-320x320-2c997b4cd4d1.jpg\" alt=\"\" style=\";--aspect-ratio-small: 1;--aspect-ratio-medium: 1;--aspect-ratio-large: 1\" data-has-aspect-ratio=\"true\" \/><\/picture>          <\/figure>\n              <\/div>\n\n      <div class=\"cell small-6\">\n                  <figure>\n            <picture><source srcset=\"data:image\/svg+xml;base64,PHN2ZyB4bWxucz0naHR0cDovL3d3dy53My5vcmcvMjAwMC9zdmcnIHk9JzAnIHg9JzAnIHdpZHRoPScxMTI4JyBoZWlnaHQ9JzExMjgnIHZpZXdCb3g9JzAgMCAxMTI4IDExMjgnPjwvc3ZnPg==\" data-srcset=\"https:\/\/events.parcsaintecroix.com\/wp-content\/uploads\/2026\/03\/evenement-grande-envergure-seminaire-1128x1128-856c1b2a36df.jpg\" media=\"(min-width: 64rem)\"><source srcset=\"data:image\/svg+xml;base64,PHN2ZyB4bWxucz0naHR0cDovL3d3dy53My5vcmcvMjAwMC9zdmcnIHk9JzAnIHg9JzAnIHdpZHRoPScxMTI4JyBoZWlnaHQ9JzExMjgnIHZpZXdCb3g9JzAgMCAxMTI4IDExMjgnPjwvc3ZnPg==\" data-srcset=\"https:\/\/events.parcsaintecroix.com\/wp-content\/uploads\/2026\/03\/evenement-grande-envergure-seminaire-1128x1128-f24007e60c88.jpg\" media=\"(min-width: 48rem)\"><img loading=\"lazy\" decoding=\"async\" src=\"data:image\/svg+xml;base64,PHN2ZyB4bWxucz0naHR0cDovL3d3dy53My5vcmcvMjAwMC9zdmcnIHk9JzAnIHg9JzAnIHdpZHRoPSczMjAnIGhlaWdodD0nMzIwJyB2aWV3Qm94PScwIDAgMzIwIDMyMCc+PC9zdmc+\"  width=\"320\" height=\"320\" data-fade-in data-lazy-img data-src=\"https:\/\/events.parcsaintecroix.com\/wp-content\/uploads\/2026\/03\/evenement-grande-envergure-seminaire-320x320-2c997b4cd4d1.jpg\" alt=\"\" style=\";--aspect-ratio-small: 1;--aspect-ratio-medium: 1;--aspect-ratio-large: 1\" data-has-aspect-ratio=\"true\" \/><\/picture>          <\/figure>\n              <\/div>\n\n    <\/div>\n  <\/div>\n<\/section>\n\n\n<section class=\"block-grid-wrapper block-grid-for-core-heading\">\n      <div class=\"default-editor-content grid-for-core-heading grid-container fluid fluid\">\n        <div class=\"grid-x grid-padding-x align-center\">\n          <div class=\"cell\">\n            \n<h2 class=\"wp-block-heading\"><strong><strong>Un cadre exceptionnel pour des \u00e9v\u00e9nements m\u00e9morables<\/strong><\/strong><\/h2>\n          <\/div>\n        <\/div>\n      <\/div>\n\n      <\/section>\n\n<section  class=\"wp-block-acf-text-image-v1  block-index-15 section-content section-text-image-v1\"   itemprop=\"hasPart\" itemscope itemtype=\"https:\/\/schema.org\/WebPageElement\">\n  <div class=\"grid-container fluid\">\n    <div class=\"grid-x grid-padding-x align-middle\">\n      <div class=\"cell medium-6 cell-image medium-order-1\">\n                  <figure>\n            <picture><source srcset=\"data:image\/svg+xml;base64,PHN2ZyB4bWxucz0naHR0cDovL3d3dy53My5vcmcvMjAwMC9zdmcnIHk9JzAnIHg9JzAnIHdpZHRoPScxNzQzJyBoZWlnaHQ9JzE3MDcnIHZpZXdCb3g9JzAgMCAxNzQzIDE3MDcnPjwvc3ZnPg==\" data-srcset=\"https:\/\/events.parcsaintecroix.com\/wp-content\/uploads\/2026\/03\/Zone-Nouveau-Monde-cp-morgane-bricard-WEB-scaled-1743x1707-17dd7aaacea9.jpg\" media=\"(min-width: 90rem)\"><source srcset=\"data:image\/svg+xml;base64,PHN2ZyB4bWxucz0naHR0cDovL3d3dy53My5vcmcvMjAwMC9zdmcnIHk9JzAnIHg9JzAnIHdpZHRoPScxMzQ4JyBoZWlnaHQ9JzEzMjAnIHZpZXdCb3g9JzAgMCAxMzQ4IDEzMjAnPjwvc3ZnPg==\" data-srcset=\"https:\/\/events.parcsaintecroix.com\/wp-content\/uploads\/2026\/03\/Zone-Nouveau-Monde-cp-morgane-bricard-WEB-scaled-1348x1320-3e209bf0e8ec.jpg\" media=\"(min-width: 64rem)\"><source srcset=\"data:image\/svg+xml;base64,PHN2ZyB4bWxucz0naHR0cDovL3d3dy53My5vcmcvMjAwMC9zdmcnIHk9JzAnIHg9JzAnIHdpZHRoPSc3NTAnIGhlaWdodD0nNzM0JyB2aWV3Qm94PScwIDAgNzUwIDczNCc+PC9zdmc+\" data-srcset=\"https:\/\/events.parcsaintecroix.com\/wp-content\/uploads\/2026\/03\/Zone-Nouveau-Monde-cp-morgane-bricard-WEB-scaled-750x734-9baf5860b4e8.jpg\" media=\"(min-width: 48rem)\"><img loading=\"lazy\" decoding=\"async\" src=\"data:image\/svg+xml;base64,PHN2ZyB4bWxucz0naHR0cDovL3d3dy53My5vcmcvMjAwMC9zdmcnIHk9JzAnIHg9JzAnIHdpZHRoPSc3NTAnIGhlaWdodD0nNzM0JyB2aWV3Qm94PScwIDAgNzUwIDczNCc+PC9zdmc+\"  width=\"750\" height=\"734\" data-fade-in data-lazy-img data-src=\"https:\/\/events.parcsaintecroix.com\/wp-content\/uploads\/2026\/03\/Zone-Nouveau-Monde-cp-morgane-bricard-WEB-scaled-750x734-8fa37e77d298.jpg\" alt=\"\" style=\";--aspect-ratio-small: 1.0217983651226;--aspect-ratio-medium: 1.0217983651226;--aspect-ratio-large: 1.0212121212121;--aspect-ratio-xxlarge: 1.0210876803552\" data-has-aspect-ratio=\"true\" \/><\/picture>          <\/figure>\n              <\/div>\n\n      <div class=\"cell medium-6 inner-blocks medium-order-2\">\n        \n\n<h3 class=\"wp-block-heading\"><strong>Sainte-Croix, un lieu de nature<\/strong><\/h3>\n\n\n\n<ul class=\"wp-block-list\">\n<li>Un lieu en total connexion avec le vivant<br><\/li>\n\n\n\n<li>130 hectare de nature pr\u00e9serv\u00e9e o\u00f9 espaces de r\u00e9union immersifs, lodges insolites et restauration locale se m\u00ealent \u00e0 une faune et une flore exceptionnelle<\/li>\n<\/ul>\n\n\n\n<ul class=\"wp-block-list\">\n<li>1500 animaux \u00e9voluant dans des territoires spectaculaires<\/li>\n<\/ul>\n\n\n\n<ul class=\"wp-block-list\">\n<li>Des salles de r\u00e9union \u00e9quip\u00e9es, des restaurants privatisables, des lodges \u00e9coresponsables<\/li>\n<\/ul>\n\n      <\/div>\n    <\/div>\n  <\/div>\n<\/section>\n\n\n<section class=\"block-grid-wrapper block-grid-for-core-heading\">\n      <div class=\"default-editor-content grid-for-core-heading grid-container fluid fluid\">\n        <div class=\"grid-x grid-padding-x align-center\">\n          <div class=\"cell\">\n            \n<h2 class=\"wp-block-heading\"><strong>Des exp\u00e9riences engag\u00e9es pour des \u00e9quipes inspir\u00e9es<\/strong><\/h2>\n          <\/div>\n        <\/div>\n      <\/div>\n\n      <\/section>\n\n\n<section  class=\"wp-block-acf-general-internal-linking  block-index-17 section-content section-internal-linking\"  itemprop=\"hasPart\" itemscope itemtype=\"https:\/\/schema.org\/WebPageElement\">\n  <div class=\"grid-container full\">\n    <div class=\"grid-x grid-padding-x\">\n      <div class=\"cell text-center\">\n              <\/div>\n    <\/div>\n\n          <div class=\"grid-x internal-linking-wrapper align-center\">\n                  <div class=\"cell medium-6 large-4 cell-colored text-center\"  style=\"--bg-color: #1b374a;\" >\n            <div class=\"wrapper\">\n                                <figure>\n                    <picture><source srcset=\"data:image\/svg+xml;base64,PHN2ZyB4bWxucz0naHR0cDovL3d3dy53My5vcmcvMjAwMC9zdmcnIHk9JzAnIHg9JzAnIHdpZHRoPSc4NDQnIGhlaWdodD0nNDgyJyB2aWV3Qm94PScwIDAgODQ0IDQ4Mic+PC9zdmc+\" data-srcset=\"https:\/\/events.parcsaintecroix.com\/wp-content\/uploads\/2026\/02\/teambuilding-844x482-d9c38540e3e0.png\" media=\"(min-width: 64rem)\"><source srcset=\"data:image\/svg+xml;base64,PHN2ZyB4bWxucz0naHR0cDovL3d3dy53My5vcmcvMjAwMC9zdmcnIHk9JzAnIHg9JzAnIHdpZHRoPSc0MjgnIGhlaWdodD0nMzYwJyB2aWV3Qm94PScwIDAgNDI4IDM2MCc+PC9zdmc+\" data-srcset=\"https:\/\/events.parcsaintecroix.com\/wp-content\/uploads\/2026\/02\/teambuilding-428x360-e8f49b86c123.png\" media=\"(min-width: 48rem)\"><img loading=\"lazy\" decoding=\"async\" src=\"data:image\/svg+xml;base64,PHN2ZyB4bWxucz0naHR0cDovL3d3dy53My5vcmcvMjAwMC9zdmcnIHk9JzAnIHg9JzAnIHdpZHRoPSc2NzInIGhlaWdodD0nMzgwJyB2aWV3Qm94PScwIDAgNjcyIDM4MCc+PC9zdmc+\"  width=\"672\" height=\"380\" data-fade-in data-lazy-img data-src=\"https:\/\/events.parcsaintecroix.com\/wp-content\/uploads\/2026\/02\/teambuilding-672x380-3bbe5c31bbe7.png\" alt=\"\" style=\";--aspect-ratio-small: 1.7684210526316;--aspect-ratio-medium: 1.1888888888889;--aspect-ratio-large: 1.7510373443983\" data-has-aspect-ratio=\"true\" \/><\/picture>                  <\/figure>\n                \n              <div class=\"text-wrapper\">\n                                  <h3 class=\"title\" itemprop=\"name\">Des activit\u00e9s m\u00e9morables<\/h3>\n                \n                                  <p class=\"descr\" itemprop=\"description\">Vivez avec vos \u00e9quipes des moments de coh\u00e9sions avec des activit\u00e9s de d\u00e9couverte, des team building uniques et ultra fun, des ateliers disruptifs et inspirants<\/p>\n                \n                              <\/div>\n            <\/div>\n          <\/div>\n\n                  <div class=\"cell medium-6 large-4 cell-colored text-center\"  style=\"--bg-color: #715347;\" >\n            <div class=\"wrapper\">\n                                <figure>\n                    <picture><source srcset=\"data:image\/svg+xml;base64,PHN2ZyB4bWxucz0naHR0cDovL3d3dy53My5vcmcvMjAwMC9zdmcnIHk9JzAnIHg9JzAnIHdpZHRoPSc4NDQnIGhlaWdodD0nNDgyJyB2aWV3Qm94PScwIDAgODQ0IDQ4Mic+PC9zdmc+\" data-srcset=\"https:\/\/events.parcsaintecroix.com\/wp-content\/uploads\/2026\/03\/visite-guide-2-844x482-d9c38540e3e0.jpg\" media=\"(min-width: 64rem)\"><source srcset=\"data:image\/svg+xml;base64,PHN2ZyB4bWxucz0naHR0cDovL3d3dy53My5vcmcvMjAwMC9zdmcnIHk9JzAnIHg9JzAnIHdpZHRoPSc0MjgnIGhlaWdodD0nMzYwJyB2aWV3Qm94PScwIDAgNDI4IDM2MCc+PC9zdmc+\" data-srcset=\"https:\/\/events.parcsaintecroix.com\/wp-content\/uploads\/2026\/03\/visite-guide-2-428x360-e8f49b86c123.jpg\" media=\"(min-width: 48rem)\"><img loading=\"lazy\" decoding=\"async\" src=\"data:image\/svg+xml;base64,PHN2ZyB4bWxucz0naHR0cDovL3d3dy53My5vcmcvMjAwMC9zdmcnIHk9JzAnIHg9JzAnIHdpZHRoPSc2NzInIGhlaWdodD0nMzgwJyB2aWV3Qm94PScwIDAgNjcyIDM4MCc+PC9zdmc+\"  width=\"672\" height=\"380\" data-fade-in data-lazy-img data-src=\"https:\/\/events.parcsaintecroix.com\/wp-content\/uploads\/2026\/03\/visite-guide-2-672x380-3bbe5c31bbe7.jpg\" alt=\"\" style=\";--aspect-ratio-small: 1.7684210526316;--aspect-ratio-medium: 1.1888888888889;--aspect-ratio-large: 1.7510373443983\" data-has-aspect-ratio=\"true\" \/><\/picture>                  <\/figure>\n                \n              <div class=\"text-wrapper\">\n                                  <h3 class=\"title\" itemprop=\"name\">Intervention d&rsquo;experts<\/h3>\n                \n                                  <p class=\"descr\" itemprop=\"description\">Apprenez aupr\u00e8s de nos experts gr\u00e2ce \u00e0 des temps d\u2019\u00e9change autour de projets concrets (parrall\u00e8le homme \/ animal, conservation, agriculture durable)<\/p>\n                \n                              <\/div>\n            <\/div>\n          <\/div>\n\n                  <div class=\"cell medium-6 large-4 cell-colored text-center\"  style=\"--bg-color: #996c0b;\" >\n            <div class=\"wrapper\">\n                                <figure>\n                    <picture><source srcset=\"data:image\/svg+xml;base64,PHN2ZyB4bWxucz0naHR0cDovL3d3dy53My5vcmcvMjAwMC9zdmcnIHk9JzAnIHg9JzAnIHdpZHRoPSc4NDQnIGhlaWdodD0nNDgyJyB2aWV3Qm94PScwIDAgODQ0IDQ4Mic+PC9zdmc+\" data-srcset=\"https:\/\/events.parcsaintecroix.com\/wp-content\/uploads\/2026\/03\/chouette-oural-bebe-scaled-844x482-d9c38540e3e0.jpg\" media=\"(min-width: 64rem)\"><source srcset=\"data:image\/svg+xml;base64,PHN2ZyB4bWxucz0naHR0cDovL3d3dy53My5vcmcvMjAwMC9zdmcnIHk9JzAnIHg9JzAnIHdpZHRoPSc0MjgnIGhlaWdodD0nMzYwJyB2aWV3Qm94PScwIDAgNDI4IDM2MCc+PC9zdmc+\" data-srcset=\"https:\/\/events.parcsaintecroix.com\/wp-content\/uploads\/2026\/03\/chouette-oural-bebe-scaled-428x360-e8f49b86c123.jpg\" media=\"(min-width: 48rem)\"><img loading=\"lazy\" decoding=\"async\" src=\"data:image\/svg+xml;base64,PHN2ZyB4bWxucz0naHR0cDovL3d3dy53My5vcmcvMjAwMC9zdmcnIHk9JzAnIHg9JzAnIHdpZHRoPSc2NzInIGhlaWdodD0nMzgwJyB2aWV3Qm94PScwIDAgNjcyIDM4MCc+PC9zdmc+\"  width=\"672\" height=\"380\" data-fade-in data-lazy-img data-src=\"https:\/\/events.parcsaintecroix.com\/wp-content\/uploads\/2026\/03\/chouette-oural-bebe-scaled-672x380-3bbe5c31bbe7.jpg\" alt=\"\" style=\";--aspect-ratio-small: 1.7684210526316;--aspect-ratio-medium: 1.1888888888889;--aspect-ratio-large: 1.7510373443983\" data-has-aspect-ratio=\"true\" \/><\/picture>                  <\/figure>\n                \n              <div class=\"text-wrapper\">\n                                  <h3 class=\"title\" itemprop=\"name\">Des projets de conservation<\/h3>\n                \n                                  <p class=\"descr\" itemprop=\"description\">Agissez avec nous en vous engageant dans des projets de conservation pour agir concr\u00e8tement pour la biodiversit\u00e9<\/p>\n                \n                              <\/div>\n            <\/div>\n          <\/div>\n\n              <\/div>\n    \n  <\/div>\n<\/section>\n\n\n<section class=\"block-grid-wrapper block-grid-for-core-paragraph\">\n      <div class=\"default-editor-content grid-for-core-paragraph grid-container fluid fluid\">\n        <div class=\"grid-x grid-padding-x align-center\">\n          <div class=\"cell\">\n            \n<p>A sainte-Croix, chaque activit\u00e9, chaque exp\u00e9rience vise \u00e0 inspirer des actions concr\u00e8tes et \u00e0 donner une dynamique d\u2019engagement collectif. C\u2019est en ce sens que votre d\u00e9marche prend tout son sens : faire de vos s\u00e9minaires un temps de r\u00e9flexion et d\u2019action en phase avec vos engagements RSE.<\/p>\n          <\/div>\n        <\/div>\n      <\/div>\n\n      <\/section>\n\n<section class=\"block-grid-wrapper block-grid-for-core-paragraph\">\n      <div class=\"default-editor-content grid-for-core-paragraph grid-container fluid fluid\">\n        <div class=\"grid-x grid-padding-x align-center\">\n          <div class=\"cell\">\n            \n<p>Votre \u00e9v\u00e9nement devient ainsi une opportunit\u00e9 d\u2019agir concr\u00e8tement pour la biodiversit\u00e9, tout en renfor\u00e7ant la coh\u00e9sion et l\u2019innovation au sein de votre entreprise.<\/p>\n          <\/div>\n        <\/div>\n      <\/div>\n\n      <\/section>\n\n\n<section  class=\"wp-block-acf-info-contact  block-index-23 section-content section-contact-info\"   itemprop=\"hasPart\" itemscope itemtype=\"https:\/\/schema.org\/WebPageElement\" style=\" --bg-color: #715347; \">\n\n  <div class=\"grid-container fluid\">\n    <div class=\"grid-x grid-padding-x align-center\">\n      <div class=\"cell medium-10 large-9 text-center inner-blocks\">\n        <div class=\"page-descr\">\n\n<p class=\"has-text-align-center\"><strong>Pr\u00eat \u00e0 vivre une exp\u00e9rience unique ?<\/strong> Rejoignez-nous pour imaginer ensemble des s\u00e9minaires qui marquent les esprits et transforment les pratiques. Parce qu\u2019un \u00e9v\u00e9nement r\u00e9ussi est aussi un \u00e9v\u00e9nement qui a du sens.<\/p>\n\n\n\n<div class=\"wp-block-buttons is-content-justification-center is-layout-flex wp-container-core-buttons-is-layout-16018d1d wp-block-buttons-is-layout-flex\">\n<div class=\"wp-block-button is-style-white-button\"><a class=\"wp-block-button__link wp-element-button\" href=\"https:\/\/events.parcsaintecroix.com\/fr\/contact\">Contactez-nous<\/a><\/div>\n<\/div>\n\n<\/div>\n      <\/div>\n    <\/div>\n  <\/div>\n<\/section>\n","protected":false},"excerpt":{"rendered":"<p>Fond\u00e9 en 1980, le Parc Animalier de Sainte Croix est bien plus qu\u2019un parc : c\u2019est un \u00e9crin de 130 hectares d\u00e9di\u00e9 \u00e0 l\u2019observation et \u00e0 la pr\u00e9servation de la biodiversit\u00e9.\u00a0 Notre vision L\u2019ambition de Sainte Croix Events est de cr\u00e9er des exp\u00e9riences uniques qui reconnectent les \u00e9quipes \u00e0 l\u2019essentiel tout en sensibilisant \u00e0 la [&hellip;]<\/p>\n","protected":false},"author":18,"featured_media":39702,"parent":0,"menu_order":0,"comment_status":"closed","ping_status":"closed","template":"","meta":{"_acf_changed":false,"footnotes":""},"class_list":["post-39698","page","type-page","status-publish","has-post-thumbnail","hentry"],"acf":[],"yoast_head":"<!-- This site is optimized with the Yoast SEO plugin v27.3 - https:\/\/yoast.com\/product\/yoast-seo-wordpress\/ -->\n<title>Sainte-Croix, un lieu d&#039;exception | Parc Animalier Sainte-Croix<\/title>\n<meta name=\"description\" content=\"L\u2019ambition de Sainte Croix Events est de cr\u00e9er des exp\u00e9riences uniques qui reconnectent les \u00e9quipes \u00e0 l\u2019essentiel tout en sensibilisant \u00e0 la protection du vivant.\" \/>\n<meta name=\"robots\" content=\"index, follow, max-snippet:-1, max-image-preview:large, max-video-preview:-1\" \/>\n<link rel=\"canonical\" href=\"https:\/\/events.parcsaintecroix.com\/fr\/sainte-croix-un-lieu-dexception\" \/>\n<meta property=\"og:locale\" content=\"fr_FR\" \/>\n<meta property=\"og:type\" content=\"article\" \/>\n<meta property=\"og:title\" content=\"Sainte-Croix, un lieu d&#039;exception | Parc Animalier Sainte-Croix\" \/>\n<meta property=\"og:description\" content=\"L\u2019ambition de Sainte Croix Events est de cr\u00e9er des exp\u00e9riences uniques qui reconnectent les \u00e9quipes \u00e0 l\u2019essentiel tout en sensibilisant \u00e0 la protection du vivant.\" \/>\n<meta property=\"og:url\" content=\"https:\/\/events.parcsaintecroix.com\/fr\/sainte-croix-un-lieu-dexception\" \/>\n<meta property=\"og:site_name\" content=\"Sainte-Croix Events\" \/>\n<meta property=\"article:publisher\" content=\"https:\/\/www.facebook.com\/LodgesSainteCroix\/\" \/>\n<meta property=\"article:modified_time\" content=\"2026-03-13T15:14:34+00:00\" \/>\n<meta property=\"og:image\" content=\"https:\/\/events.parcsaintecroix.com\/wp-content\/uploads\/2026\/03\/Zone-Nouveau-Monde-cp-morgane-bricard-WEB-scaled.jpg\" \/>\n\t<meta property=\"og:image:width\" content=\"2560\" \/>\n\t<meta property=\"og:image:height\" content=\"1707\" \/>\n\t<meta property=\"og:image:type\" content=\"image\/jpeg\" \/>\n<meta name=\"twitter:card\" content=\"summary_large_image\" \/>\n<meta name=\"twitter:site\" content=\"@parc_stecroix\" \/>\n<meta name=\"twitter:label1\" content=\"Dur\u00e9e de lecture estim\u00e9e\" \/>\n\t<meta name=\"twitter:data1\" content=\"2 minutes\" \/>\n<script type=\"application\/ld+json\" class=\"yoast-schema-graph\">{\"@context\":\"https:\\\/\\\/schema.org\",\"@graph\":[{\"@type\":\"WebPage\",\"@id\":\"https:\\\/\\\/events.parcsaintecroix.com\\\/fr\\\/sainte-croix-un-lieu-dexception\",\"url\":\"https:\\\/\\\/events.parcsaintecroix.com\\\/fr\\\/sainte-croix-un-lieu-dexception\",\"name\":\"Sainte-Croix, un lieu d'exception | Parc Animalier Sainte-Croix\",\"isPartOf\":{\"@id\":\"https:\\\/\\\/events.parcsaintecroix.com\\\/fr\\\/#website\"},\"primaryImageOfPage\":{\"@id\":\"https:\\\/\\\/events.parcsaintecroix.com\\\/fr\\\/sainte-croix-un-lieu-dexception#primaryimage\"},\"image\":{\"@id\":\"https:\\\/\\\/events.parcsaintecroix.com\\\/fr\\\/sainte-croix-un-lieu-dexception#primaryimage\"},\"thumbnailUrl\":\"https:\\\/\\\/events.parcsaintecroix.com\\\/wp-content\\\/uploads\\\/2026\\\/03\\\/Zone-Nouveau-Monde-cp-morgane-bricard-WEB-scaled.jpg\",\"datePublished\":\"2026-03-13T15:14:32+00:00\",\"dateModified\":\"2026-03-13T15:14:34+00:00\",\"description\":\"L\u2019ambition de Sainte Croix Events est de cr\u00e9er des exp\u00e9riences uniques qui reconnectent les \u00e9quipes \u00e0 l\u2019essentiel tout en sensibilisant \u00e0 la protection du vivant.\",\"breadcrumb\":{\"@id\":\"https:\\\/\\\/events.parcsaintecroix.com\\\/fr\\\/sainte-croix-un-lieu-dexception#breadcrumb\"},\"inLanguage\":\"fr-FR\",\"potentialAction\":[{\"@type\":\"ReadAction\",\"target\":[\"https:\\\/\\\/events.parcsaintecroix.com\\\/fr\\\/sainte-croix-un-lieu-dexception\"]}]},{\"@type\":\"ImageObject\",\"inLanguage\":\"fr-FR\",\"@id\":\"https:\\\/\\\/events.parcsaintecroix.com\\\/fr\\\/sainte-croix-un-lieu-dexception#primaryimage\",\"url\":\"https:\\\/\\\/events.parcsaintecroix.com\\\/wp-content\\\/uploads\\\/2026\\\/03\\\/Zone-Nouveau-Monde-cp-morgane-bricard-WEB-scaled.jpg\",\"contentUrl\":\"https:\\\/\\\/events.parcsaintecroix.com\\\/wp-content\\\/uploads\\\/2026\\\/03\\\/Zone-Nouveau-Monde-cp-morgane-bricard-WEB-scaled.jpg\",\"width\":2560,\"height\":1707},{\"@type\":\"BreadcrumbList\",\"@id\":\"https:\\\/\\\/events.parcsaintecroix.com\\\/fr\\\/sainte-croix-un-lieu-dexception#breadcrumb\",\"itemListElement\":[{\"@type\":\"ListItem\",\"position\":1,\"name\":\"Accueil\",\"item\":\"https:\\\/\\\/events.parcsaintecroix.com\\\/fr\"},{\"@type\":\"ListItem\",\"position\":2,\"name\":\"Sainte-Croix, un lieu d&rsquo;exception\"}]},{\"@type\":\"WebSite\",\"@id\":\"https:\\\/\\\/events.parcsaintecroix.com\\\/fr\\\/#website\",\"url\":\"https:\\\/\\\/events.parcsaintecroix.com\\\/fr\\\/\",\"name\":\"Sainte-Croix Events\",\"description\":\"Organiser votre s\u00e9minaire au c\u0153ur de la nature et du vivant\",\"publisher\":{\"@id\":\"https:\\\/\\\/events.parcsaintecroix.com\\\/fr\\\/#organization\"},\"alternateName\":\"PSC\",\"inLanguage\":\"fr-FR\"},{\"@type\":\"Organization\",\"@id\":\"https:\\\/\\\/events.parcsaintecroix.com\\\/fr\\\/#organization\",\"name\":\"Sainte-Croix Events\",\"url\":\"https:\\\/\\\/events.parcsaintecroix.com\\\/fr\\\/\",\"logo\":{\"@type\":\"ImageObject\",\"inLanguage\":\"fr-FR\",\"@id\":\"https:\\\/\\\/events.parcsaintecroix.com\\\/fr\\\/#\\\/schema\\\/logo\\\/image\\\/\",\"url\":\"\",\"contentUrl\":\"\",\"caption\":\"Sainte-Croix Events\"},\"image\":{\"@id\":\"https:\\\/\\\/events.parcsaintecroix.com\\\/fr\\\/#\\\/schema\\\/logo\\\/image\\\/\"},\"sameAs\":[\"https:\\\/\\\/www.facebook.com\\\/LodgesSainteCroix\\\/\",\"https:\\\/\\\/x.com\\\/parc_stecroix\"]}]}<\/script>\n<!-- \/ Yoast SEO plugin. -->","yoast_head_json":{"title":"Sainte-Croix, un lieu d'exception | Parc Animalier Sainte-Croix","description":"L\u2019ambition de Sainte Croix Events est de cr\u00e9er des exp\u00e9riences uniques qui reconnectent les \u00e9quipes \u00e0 l\u2019essentiel tout en sensibilisant \u00e0 la protection du vivant.","robots":{"index":"index","follow":"follow","max-snippet":"max-snippet:-1","max-image-preview":"max-image-preview:large","max-video-preview":"max-video-preview:-1"},"canonical":"https:\/\/events.parcsaintecroix.com\/fr\/sainte-croix-un-lieu-dexception","og_locale":"fr_FR","og_type":"article","og_title":"Sainte-Croix, un lieu d'exception | Parc Animalier Sainte-Croix","og_description":"L\u2019ambition de Sainte Croix Events est de cr\u00e9er des exp\u00e9riences uniques qui reconnectent les \u00e9quipes \u00e0 l\u2019essentiel tout en sensibilisant \u00e0 la protection du vivant.","og_url":"https:\/\/events.parcsaintecroix.com\/fr\/sainte-croix-un-lieu-dexception","og_site_name":"Sainte-Croix Events","article_publisher":"https:\/\/www.facebook.com\/LodgesSainteCroix\/","article_modified_time":"2026-03-13T15:14:34+00:00","og_image":[{"width":2560,"height":1707,"url":"https:\/\/events.parcsaintecroix.com\/wp-content\/uploads\/2026\/03\/Zone-Nouveau-Monde-cp-morgane-bricard-WEB-scaled.jpg","type":"image\/jpeg"}],"twitter_card":"summary_large_image","twitter_site":"@parc_stecroix","twitter_misc":{"Dur\u00e9e de lecture estim\u00e9e":"2 minutes"},"schema":{"@context":"https:\/\/schema.org","@graph":[{"@type":"WebPage","@id":"https:\/\/events.parcsaintecroix.com\/fr\/sainte-croix-un-lieu-dexception","url":"https:\/\/events.parcsaintecroix.com\/fr\/sainte-croix-un-lieu-dexception","name":"Sainte-Croix, un lieu d'exception | Parc Animalier Sainte-Croix","isPartOf":{"@id":"https:\/\/events.parcsaintecroix.com\/fr\/#website"},"primaryImageOfPage":{"@id":"https:\/\/events.parcsaintecroix.com\/fr\/sainte-croix-un-lieu-dexception#primaryimage"},"image":{"@id":"https:\/\/events.parcsaintecroix.com\/fr\/sainte-croix-un-lieu-dexception#primaryimage"},"thumbnailUrl":"https:\/\/events.parcsaintecroix.com\/wp-content\/uploads\/2026\/03\/Zone-Nouveau-Monde-cp-morgane-bricard-WEB-scaled.jpg","datePublished":"2026-03-13T15:14:32+00:00","dateModified":"2026-03-13T15:14:34+00:00","description":"L\u2019ambition de Sainte Croix Events est de cr\u00e9er des exp\u00e9riences uniques qui reconnectent les \u00e9quipes \u00e0 l\u2019essentiel tout en sensibilisant \u00e0 la protection du vivant.","breadcrumb":{"@id":"https:\/\/events.parcsaintecroix.com\/fr\/sainte-croix-un-lieu-dexception#breadcrumb"},"inLanguage":"fr-FR","potentialAction":[{"@type":"ReadAction","target":["https:\/\/events.parcsaintecroix.com\/fr\/sainte-croix-un-lieu-dexception"]}]},{"@type":"ImageObject","inLanguage":"fr-FR","@id":"https:\/\/events.parcsaintecroix.com\/fr\/sainte-croix-un-lieu-dexception#primaryimage","url":"https:\/\/events.parcsaintecroix.com\/wp-content\/uploads\/2026\/03\/Zone-Nouveau-Monde-cp-morgane-bricard-WEB-scaled.jpg","contentUrl":"https:\/\/events.parcsaintecroix.com\/wp-content\/uploads\/2026\/03\/Zone-Nouveau-Monde-cp-morgane-bricard-WEB-scaled.jpg","width":2560,"height":1707},{"@type":"BreadcrumbList","@id":"https:\/\/events.parcsaintecroix.com\/fr\/sainte-croix-un-lieu-dexception#breadcrumb","itemListElement":[{"@type":"ListItem","position":1,"name":"Accueil","item":"https:\/\/events.parcsaintecroix.com\/fr"},{"@type":"ListItem","position":2,"name":"Sainte-Croix, un lieu d&rsquo;exception"}]},{"@type":"WebSite","@id":"https:\/\/events.parcsaintecroix.com\/fr\/#website","url":"https:\/\/events.parcsaintecroix.com\/fr\/","name":"Sainte-Croix Events","description":"Organiser votre s\u00e9minaire au c\u0153ur de la nature et du vivant","publisher":{"@id":"https:\/\/events.parcsaintecroix.com\/fr\/#organization"},"alternateName":"PSC","inLanguage":"fr-FR"},{"@type":"Organization","@id":"https:\/\/events.parcsaintecroix.com\/fr\/#organization","name":"Sainte-Croix Events","url":"https:\/\/events.parcsaintecroix.com\/fr\/","logo":{"@type":"ImageObject","inLanguage":"fr-FR","@id":"https:\/\/events.parcsaintecroix.com\/fr\/#\/schema\/logo\/image\/","url":"","contentUrl":"","caption":"Sainte-Croix Events"},"image":{"@id":"https:\/\/events.parcsaintecroix.com\/fr\/#\/schema\/logo\/image\/"},"sameAs":["https:\/\/www.facebook.com\/LodgesSainteCroix\/","https:\/\/x.com\/parc_stecroix"]}]}},"_links":{"self":[{"href":"https:\/\/events.parcsaintecroix.com\/fr\/wp-json\/wp\/v2\/pages\/39698","targetHints":{"allow":["GET"]}}],"collection":[{"href":"https:\/\/events.parcsaintecroix.com\/fr\/wp-json\/wp\/v2\/pages"}],"about":[{"href":"https:\/\/events.parcsaintecroix.com\/fr\/wp-json\/wp\/v2\/types\/page"}],"author":[{"embeddable":true,"href":"https:\/\/events.parcsaintecroix.com\/fr\/wp-json\/wp\/v2\/users\/18"}],"replies":[{"embeddable":true,"href":"https:\/\/events.parcsaintecroix.com\/fr\/wp-json\/wp\/v2\/comments?post=39698"}],"version-history":[{"count":3,"href":"https:\/\/events.parcsaintecroix.com\/fr\/wp-json\/wp\/v2\/pages\/39698\/revisions"}],"predecessor-version":[{"id":39713,"href":"https:\/\/events.parcsaintecroix.com\/fr\/wp-json\/wp\/v2\/pages\/39698\/revisions\/39713"}],"wp:featuredmedia":[{"embeddable":true,"href":"https:\/\/events.parcsaintecroix.com\/fr\/wp-json\/wp\/v2\/media\/39702"}],"wp:attachment":[{"href":"https:\/\/events.parcsaintecroix.com\/fr\/wp-json\/wp\/v2\/media?parent=39698"}],"curies":[{"name":"wp","href":"https:\/\/api.w.org\/{rel}","templated":true}]}}