{"id":39806,"date":"2026-03-25T12:45:46","date_gmt":"2026-03-25T11:45:46","guid":{"rendered":"https:\/\/events.parcsaintecroix.com\/?page_id=39806"},"modified":"2026-03-25T12:45:48","modified_gmt":"2026-03-25T11:45:48","slug":"lexperience-de-la-maison-dyvonne","status":"publish","type":"page","link":"https:\/\/events.parcsaintecroix.com\/fr\/lexperience-de-la-maison-dyvonne","title":{"rendered":"L&rsquo;exp\u00e9rience de la Maison d&rsquo;Yvonne"},"content":{"rendered":"\n<section  class=\"wp-block-acf-header-edito-page  block-index-0 section-content section-header-edito-page\"   itemprop=\"hasPart\" itemscope itemtype=\"https:\/\/schema.org\/WebPageElement\">\n\n  <div class=\"breadcrumbs-wrapper\">\n      <div class=\"grid-container full breadcrumb-container\">\n    <div class=\"grid-x\">\n      <div class=\"cell\">\n        <div class=\"breadcrumbs\"><span><span><a href=\"https:\/\/events.parcsaintecroix.com\/fr\">Accueil<\/a><\/span>  <span class=\"breadcrumb_last\" aria-current=\"page\">L&rsquo;exp\u00e9rience de la Maison d&rsquo;Yvonne<\/span><\/span>        <\/div>\n      <\/div>\n    <\/div>\n  <\/div>  <\/div>\n\n  \n    <figure>\n      <picture><source srcset=\"https:\/\/events.parcsaintecroix.com\/wp-content\/uploads\/2026\/03\/Design-sans-titre-1-1366x1366-97a69d9a5c71.png\" media=\"(min-width: 48rem) and (min-resolution: 192dpi), (min-width: 48rem) and (-webkit-min-device-pixel-ratio: 2)\"><source srcset=\"https:\/\/events.parcsaintecroix.com\/wp-content\/uploads\/2026\/03\/Design-sans-titre-1-1366x2226-4755b5289b92.png\" media=\"(min-resolution: 192dpi), (-webkit-min-device-pixel-ratio: 2)\"><source srcset=\"https:\/\/events.parcsaintecroix.com\/wp-content\/uploads\/2026\/03\/Design-sans-titre-1-1366x440-6f5301f4f3cc.png\" media=\"(min-width: 75rem)\"><source srcset=\"https:\/\/events.parcsaintecroix.com\/wp-content\/uploads\/2026\/03\/Design-sans-titre-1-1366x501-aaa1a541a1d1.png\" media=\"(min-width: 64rem)\"><source srcset=\"https:\/\/events.parcsaintecroix.com\/wp-content\/uploads\/2026\/03\/Design-sans-titre-1-1023x1023-2a426e98586f.png\" media=\"(min-width: 48rem)\"><img decoding=\"async\" src=\"https:\/\/events.parcsaintecroix.com\/wp-content\/uploads\/2026\/03\/Design-sans-titre-1-767x1250-8e783b4c1964.png\" alt=\"\" style=\";--aspect-ratio-small: 0.6136;--aspect-ratio-medium: 1;--aspect-ratio-large: 2.725;--aspect-ratio-xlarge: 3.1045454545455;--aspect-ratio-retina: 0.6136;--aspect-ratio-medium_retina: 1\" data-has-aspect-ratio=\"true\" \/><\/picture>    <\/figure>\n  \n  <div class=\"grid-container fluid\">\n    <div class=\"grid-x grid-padding-x align-center\">\n      <div class=\"cell medium-10 large-9 text-center\">\n\n                  <h1 class=\"page-title\">\n            <variable-width>\n              L&rsquo;exp\u00e9rience de la Maison d&rsquo;Yvonne            <\/variable-width>\n          <\/h1>\n        \n        <div class=\"page-descr\"><\/div>\n      <\/div>\n    <\/div>\n  <\/div>\n<\/section>\n\n\n<section class=\"block-grid-wrapper block-grid-for-core-paragraph\">\n      <div class=\"default-editor-content grid-for-core-paragraph grid-container fluid fluid\">\n        <div class=\"grid-x grid-padding-x align-center\">\n          <div class=\"cell\">\n            \n<p>La Maison d\u2019Yvonne, une maison mosellane, offre une exp\u00e9rience immersive et p\u00e9dagogique pour vos collaborateurs, visant \u00e0 les reconnecter avec la nature et \u00e0 int\u00e9grer les principes du vivant dans les strat\u00e9gies et pratiques de votre entreprise.<\/p>\n          <\/div>\n        <\/div>\n      <\/div>\n\n      <\/section>\n\n<section class=\"block-grid-wrapper block-grid-for-core-heading\">\n      <div class=\"default-editor-content grid-for-core-heading grid-container fluid fluid\">\n        <div class=\"grid-x grid-padding-x align-center\">\n          <div class=\"cell\">\n            \n<h2 class=\"wp-block-heading\"><strong>Une maison charg\u00e9e d&rsquo;histoire<\/strong><\/h2>\n          <\/div>\n        <\/div>\n      <\/div>\n\n      <\/section>\n\n<section class=\"block-grid-wrapper block-grid-for-core-paragraph\">\n      <div class=\"default-editor-content grid-for-core-paragraph grid-container fluid fluid\">\n        <div class=\"grid-x grid-padding-x align-center\">\n          <div class=\"cell\">\n            \n<p>Construite en 1723, la maison d\u2019Yvonne est un t\u00e9moignage du patrimoine rural mosellan. Promise \u00e0 la d\u00e9molition en 2020, elle a \u00e9t\u00e9 sauv\u00e9e gr\u00e2ce \u00e0 la mobilisation de passionn\u00e9s et \u00e0 sa prise en charge par le Parc de Sainte-Croix, qui lui offre une nouvelle vie.<\/p>\n          <\/div>\n        <\/div>\n      <\/div>\n\n      <\/section>\n\n<section class=\"block-grid-wrapper block-grid-for-core-columns\">\n      <div class=\"default-editor-content grid-for-core-columns grid-container fluid fluid\">\n        <div class=\"grid-x grid-padding-x align-center\">\n          <div class=\"cell\">\n            \n<div class=\"wp-block-columns is-layout-flex wp-container-core-columns-is-layout-9d6595d7 wp-block-columns-is-layout-flex\">\n<div class=\"wp-block-column is-layout-flow wp-block-column-is-layout-flow\">\n<section  class=\"wp-block-acf-home-insta-slider-v2  block-index-6 section-content section-home-insta-slider section-home-insta-slider-v2\"   itemprop=\"hasPart\" itemscope itemtype=\"https:\/\/schema.org\/WebPageElement\">\n\n  <div class=\"grid-container fluid grid-insta\">\n\n    \n    \n  <\/div>\n\n      <div class=\"home-insta-slider home-insta-slider-v2\">\n                <div>\n            \n            <figure>\n              <picture><source srcset=\"data:image\/svg+xml;base64,PHN2ZyB4bWxucz0naHR0cDovL3d3dy53My5vcmcvMjAwMC9zdmcnIHk9JzAnIHg9JzAnIHdpZHRoPScxNDM0JyBoZWlnaHQ9JzE0MzQnIHZpZXdCb3g9JzAgMCAxNDM0IDE0MzQnPjwvc3ZnPg==\" data-srcset=\"https:\/\/events.parcsaintecroix.com\/wp-content\/uploads\/2026\/03\/maison-mosellane-reconstruction-scaled-1434x1434-9a47d799afc0.jpg\" media=\"(min-width: 90rem) and (min-resolution: 192dpi), (min-width: 90rem) and (-webkit-min-device-pixel-ratio: 2)\"><source srcset=\"data:image\/svg+xml;base64,PHN2ZyB4bWxucz0naHR0cDovL3d3dy53My5vcmcvMjAwMC9zdmcnIHk9JzAnIHg9JzAnIHdpZHRoPScxMTE0JyBoZWlnaHQ9JzExMTQnIHZpZXdCb3g9JzAgMCAxMTE0IDExMTQnPjwvc3ZnPg==\" data-srcset=\"https:\/\/events.parcsaintecroix.com\/wp-content\/uploads\/2026\/03\/maison-mosellane-reconstruction-scaled-1114x1114-9019338081fd.jpg\" media=\"(min-width: 75rem) and (min-resolution: 192dpi), (min-width: 75rem) and (-webkit-min-device-pixel-ratio: 2)\"><source srcset=\"data:image\/svg+xml;base64,PHN2ZyB4bWxucz0naHR0cDovL3d3dy53My5vcmcvMjAwMC9zdmcnIHk9JzAnIHg9JzAnIHdpZHRoPSc3NDAnIGhlaWdodD0nNzQwJyB2aWV3Qm94PScwIDAgNzQwIDc0MCc+PC9zdmc+\" data-srcset=\"https:\/\/events.parcsaintecroix.com\/wp-content\/uploads\/2026\/03\/maison-mosellane-reconstruction-scaled-740x740-541343d2b933.jpg\" media=\"(min-width: 64rem) and (min-resolution: 192dpi), (min-width: 64rem) and (-webkit-min-device-pixel-ratio: 2)\"><source srcset=\"data:image\/svg+xml;base64,PHN2ZyB4bWxucz0naHR0cDovL3d3dy53My5vcmcvMjAwMC9zdmcnIHk9JzAnIHg9JzAnIHdpZHRoPSc0OTInIGhlaWdodD0nNDkyJyB2aWV3Qm94PScwIDAgNDkyIDQ5Mic+PC9zdmc+\" data-srcset=\"https:\/\/events.parcsaintecroix.com\/wp-content\/uploads\/2026\/03\/maison-mosellane-reconstruction-scaled-492x492-11f09bf121b8.jpg\" media=\"(min-resolution: 192dpi), (-webkit-min-device-pixel-ratio: 2)\"><source srcset=\"data:image\/svg+xml;base64,PHN2ZyB4bWxucz0naHR0cDovL3d3dy53My5vcmcvMjAwMC9zdmcnIHk9JzAnIHg9JzAnIHdpZHRoPSc3MTcnIGhlaWdodD0nNzE3JyB2aWV3Qm94PScwIDAgNzE3IDcxNyc+PC9zdmc+\" data-srcset=\"https:\/\/events.parcsaintecroix.com\/wp-content\/uploads\/2026\/03\/maison-mosellane-reconstruction-scaled-717x717-63289f274e1a.jpg\" media=\"(min-width: 90rem)\"><source srcset=\"data:image\/svg+xml;base64,PHN2ZyB4bWxucz0naHR0cDovL3d3dy53My5vcmcvMjAwMC9zdmcnIHk9JzAnIHg9JzAnIHdpZHRoPSc1NTcnIGhlaWdodD0nNTU3JyB2aWV3Qm94PScwIDAgNTU3IDU1Nyc+PC9zdmc+\" data-srcset=\"https:\/\/events.parcsaintecroix.com\/wp-content\/uploads\/2026\/03\/maison-mosellane-reconstruction-scaled-557x557-87d4579f6953.jpg\" media=\"(min-width: 75rem)\"><source srcset=\"data:image\/svg+xml;base64,PHN2ZyB4bWxucz0naHR0cDovL3d3dy53My5vcmcvMjAwMC9zdmcnIHk9JzAnIHg9JzAnIHdpZHRoPSczNzAnIGhlaWdodD0nMzcwJyB2aWV3Qm94PScwIDAgMzcwIDM3MCc+PC9zdmc+\" data-srcset=\"https:\/\/events.parcsaintecroix.com\/wp-content\/uploads\/2026\/03\/maison-mosellane-reconstruction-scaled-370x370-dcf66bb03c69.jpg\" media=\"(min-width: 64rem)\"><img loading=\"lazy\" decoding=\"async\" src=\"data:image\/svg+xml;base64,PHN2ZyB4bWxucz0naHR0cDovL3d3dy53My5vcmcvMjAwMC9zdmcnIHk9JzAnIHg9JzAnIHdpZHRoPScyNDYnIGhlaWdodD0nMjQ2JyB2aWV3Qm94PScwIDAgMjQ2IDI0Nic+PC9zdmc+\"  width=\"246\" height=\"246\" data-fade-in data-lazy-img data-src=\"https:\/\/events.parcsaintecroix.com\/wp-content\/uploads\/2026\/03\/maison-mosellane-reconstruction-scaled-246x246-f0cddf1a034a.jpg\" alt=\"\" style=\";--aspect-ratio-small: 1;--aspect-ratio-large: 1;--aspect-ratio-xlarge: 1;--aspect-ratio-xxlarge: 1;--aspect-ratio-retina: 1;--aspect-ratio-large_retina: 1;--aspect-ratio-xlarge_retina: 1;--aspect-ratio-xxlarge_retina: 1\" data-has-aspect-ratio=\"true\" \/><\/picture>            <\/figure>\n\n                      <\/div>\n                  <div>\n            \n            <figure>\n              <picture><source srcset=\"data:image\/svg+xml;base64,PHN2ZyB4bWxucz0naHR0cDovL3d3dy53My5vcmcvMjAwMC9zdmcnIHk9JzAnIHg9JzAnIHdpZHRoPScxMzY2JyBoZWlnaHQ9JzEzNjYnIHZpZXdCb3g9JzAgMCAxMzY2IDEzNjYnPjwvc3ZnPg==\" data-srcset=\"https:\/\/events.parcsaintecroix.com\/wp-content\/uploads\/2026\/03\/salle-large-maison-1366x1366-9a47d799afc0.jpg\" media=\"(min-width: 90rem) and (min-resolution: 192dpi), (min-width: 90rem) and (-webkit-min-device-pixel-ratio: 2)\"><source srcset=\"data:image\/svg+xml;base64,PHN2ZyB4bWxucz0naHR0cDovL3d3dy53My5vcmcvMjAwMC9zdmcnIHk9JzAnIHg9JzAnIHdpZHRoPScxMTE0JyBoZWlnaHQ9JzExMTQnIHZpZXdCb3g9JzAgMCAxMTE0IDExMTQnPjwvc3ZnPg==\" data-srcset=\"https:\/\/events.parcsaintecroix.com\/wp-content\/uploads\/2026\/03\/salle-large-maison-1114x1114-9019338081fd.jpg\" media=\"(min-width: 75rem) and (min-resolution: 192dpi), (min-width: 75rem) and (-webkit-min-device-pixel-ratio: 2)\"><source srcset=\"data:image\/svg+xml;base64,PHN2ZyB4bWxucz0naHR0cDovL3d3dy53My5vcmcvMjAwMC9zdmcnIHk9JzAnIHg9JzAnIHdpZHRoPSc3NDAnIGhlaWdodD0nNzQwJyB2aWV3Qm94PScwIDAgNzQwIDc0MCc+PC9zdmc+\" data-srcset=\"https:\/\/events.parcsaintecroix.com\/wp-content\/uploads\/2026\/03\/salle-large-maison-740x740-541343d2b933.jpg\" media=\"(min-width: 64rem) and (min-resolution: 192dpi), (min-width: 64rem) and (-webkit-min-device-pixel-ratio: 2)\"><source srcset=\"data:image\/svg+xml;base64,PHN2ZyB4bWxucz0naHR0cDovL3d3dy53My5vcmcvMjAwMC9zdmcnIHk9JzAnIHg9JzAnIHdpZHRoPSc0OTInIGhlaWdodD0nNDkyJyB2aWV3Qm94PScwIDAgNDkyIDQ5Mic+PC9zdmc+\" data-srcset=\"https:\/\/events.parcsaintecroix.com\/wp-content\/uploads\/2026\/03\/salle-large-maison-492x492-11f09bf121b8.jpg\" media=\"(min-resolution: 192dpi), (-webkit-min-device-pixel-ratio: 2)\"><source srcset=\"data:image\/svg+xml;base64,PHN2ZyB4bWxucz0naHR0cDovL3d3dy53My5vcmcvMjAwMC9zdmcnIHk9JzAnIHg9JzAnIHdpZHRoPSc3MTcnIGhlaWdodD0nNzE3JyB2aWV3Qm94PScwIDAgNzE3IDcxNyc+PC9zdmc+\" data-srcset=\"https:\/\/events.parcsaintecroix.com\/wp-content\/uploads\/2026\/03\/salle-large-maison-717x717-63289f274e1a.jpg\" media=\"(min-width: 90rem)\"><source srcset=\"data:image\/svg+xml;base64,PHN2ZyB4bWxucz0naHR0cDovL3d3dy53My5vcmcvMjAwMC9zdmcnIHk9JzAnIHg9JzAnIHdpZHRoPSc1NTcnIGhlaWdodD0nNTU3JyB2aWV3Qm94PScwIDAgNTU3IDU1Nyc+PC9zdmc+\" data-srcset=\"https:\/\/events.parcsaintecroix.com\/wp-content\/uploads\/2026\/03\/salle-large-maison-557x557-87d4579f6953.jpg\" media=\"(min-width: 75rem)\"><source srcset=\"data:image\/svg+xml;base64,PHN2ZyB4bWxucz0naHR0cDovL3d3dy53My5vcmcvMjAwMC9zdmcnIHk9JzAnIHg9JzAnIHdpZHRoPSczNzAnIGhlaWdodD0nMzcwJyB2aWV3Qm94PScwIDAgMzcwIDM3MCc+PC9zdmc+\" data-srcset=\"https:\/\/events.parcsaintecroix.com\/wp-content\/uploads\/2026\/03\/salle-large-maison-370x370-dcf66bb03c69.jpg\" media=\"(min-width: 64rem)\"><img loading=\"lazy\" decoding=\"async\" src=\"data:image\/svg+xml;base64,PHN2ZyB4bWxucz0naHR0cDovL3d3dy53My5vcmcvMjAwMC9zdmcnIHk9JzAnIHg9JzAnIHdpZHRoPScyNDYnIGhlaWdodD0nMjQ2JyB2aWV3Qm94PScwIDAgMjQ2IDI0Nic+PC9zdmc+\"  width=\"246\" height=\"246\" data-fade-in data-lazy-img data-src=\"https:\/\/events.parcsaintecroix.com\/wp-content\/uploads\/2026\/03\/salle-large-maison-246x246-f0cddf1a034a.jpg\" alt=\"\" style=\";--aspect-ratio-small: 1;--aspect-ratio-large: 1;--aspect-ratio-xlarge: 1;--aspect-ratio-xxlarge: 1;--aspect-ratio-retina: 1;--aspect-ratio-large_retina: 1;--aspect-ratio-xlarge_retina: 1;--aspect-ratio-xxlarge_retina: 1\" data-has-aspect-ratio=\"true\" \/><\/picture>            <\/figure>\n\n                      <\/div>\n                  <div>\n            \n            <figure>\n              <picture><source srcset=\"data:image\/svg+xml;base64,PHN2ZyB4bWxucz0naHR0cDovL3d3dy53My5vcmcvMjAwMC9zdmcnIHk9JzAnIHg9JzAnIHdpZHRoPScxNDM0JyBoZWlnaHQ9JzE0MzQnIHZpZXdCb3g9JzAgMCAxNDM0IDE0MzQnPjwvc3ZnPg==\" data-srcset=\"https:\/\/events.parcsaintecroix.com\/wp-content\/uploads\/2026\/03\/chevre-lorraine-maison-scaled-1434x1434-9a47d799afc0.jpg\" media=\"(min-width: 90rem) and (min-resolution: 192dpi), (min-width: 90rem) and (-webkit-min-device-pixel-ratio: 2)\"><source srcset=\"data:image\/svg+xml;base64,PHN2ZyB4bWxucz0naHR0cDovL3d3dy53My5vcmcvMjAwMC9zdmcnIHk9JzAnIHg9JzAnIHdpZHRoPScxMTE0JyBoZWlnaHQ9JzExMTQnIHZpZXdCb3g9JzAgMCAxMTE0IDExMTQnPjwvc3ZnPg==\" data-srcset=\"https:\/\/events.parcsaintecroix.com\/wp-content\/uploads\/2026\/03\/chevre-lorraine-maison-scaled-1114x1114-9019338081fd.jpg\" media=\"(min-width: 75rem) and (min-resolution: 192dpi), (min-width: 75rem) and (-webkit-min-device-pixel-ratio: 2)\"><source srcset=\"data:image\/svg+xml;base64,PHN2ZyB4bWxucz0naHR0cDovL3d3dy53My5vcmcvMjAwMC9zdmcnIHk9JzAnIHg9JzAnIHdpZHRoPSc3NDAnIGhlaWdodD0nNzQwJyB2aWV3Qm94PScwIDAgNzQwIDc0MCc+PC9zdmc+\" data-srcset=\"https:\/\/events.parcsaintecroix.com\/wp-content\/uploads\/2026\/03\/chevre-lorraine-maison-scaled-740x740-541343d2b933.jpg\" media=\"(min-width: 64rem) and (min-resolution: 192dpi), (min-width: 64rem) and (-webkit-min-device-pixel-ratio: 2)\"><source srcset=\"data:image\/svg+xml;base64,PHN2ZyB4bWxucz0naHR0cDovL3d3dy53My5vcmcvMjAwMC9zdmcnIHk9JzAnIHg9JzAnIHdpZHRoPSc0OTInIGhlaWdodD0nNDkyJyB2aWV3Qm94PScwIDAgNDkyIDQ5Mic+PC9zdmc+\" data-srcset=\"https:\/\/events.parcsaintecroix.com\/wp-content\/uploads\/2026\/03\/chevre-lorraine-maison-scaled-492x492-11f09bf121b8.jpg\" media=\"(min-resolution: 192dpi), (-webkit-min-device-pixel-ratio: 2)\"><source srcset=\"data:image\/svg+xml;base64,PHN2ZyB4bWxucz0naHR0cDovL3d3dy53My5vcmcvMjAwMC9zdmcnIHk9JzAnIHg9JzAnIHdpZHRoPSc3MTcnIGhlaWdodD0nNzE3JyB2aWV3Qm94PScwIDAgNzE3IDcxNyc+PC9zdmc+\" data-srcset=\"https:\/\/events.parcsaintecroix.com\/wp-content\/uploads\/2026\/03\/chevre-lorraine-maison-scaled-717x717-63289f274e1a.jpg\" media=\"(min-width: 90rem)\"><source srcset=\"data:image\/svg+xml;base64,PHN2ZyB4bWxucz0naHR0cDovL3d3dy53My5vcmcvMjAwMC9zdmcnIHk9JzAnIHg9JzAnIHdpZHRoPSc1NTcnIGhlaWdodD0nNTU3JyB2aWV3Qm94PScwIDAgNTU3IDU1Nyc+PC9zdmc+\" data-srcset=\"https:\/\/events.parcsaintecroix.com\/wp-content\/uploads\/2026\/03\/chevre-lorraine-maison-scaled-557x557-87d4579f6953.jpg\" media=\"(min-width: 75rem)\"><source srcset=\"data:image\/svg+xml;base64,PHN2ZyB4bWxucz0naHR0cDovL3d3dy53My5vcmcvMjAwMC9zdmcnIHk9JzAnIHg9JzAnIHdpZHRoPSczNzAnIGhlaWdodD0nMzcwJyB2aWV3Qm94PScwIDAgMzcwIDM3MCc+PC9zdmc+\" data-srcset=\"https:\/\/events.parcsaintecroix.com\/wp-content\/uploads\/2026\/03\/chevre-lorraine-maison-scaled-370x370-dcf66bb03c69.jpg\" media=\"(min-width: 64rem)\"><img loading=\"lazy\" decoding=\"async\" src=\"data:image\/svg+xml;base64,PHN2ZyB4bWxucz0naHR0cDovL3d3dy53My5vcmcvMjAwMC9zdmcnIHk9JzAnIHg9JzAnIHdpZHRoPScyNDYnIGhlaWdodD0nMjQ2JyB2aWV3Qm94PScwIDAgMjQ2IDI0Nic+PC9zdmc+\"  width=\"246\" height=\"246\" data-fade-in data-lazy-img data-src=\"https:\/\/events.parcsaintecroix.com\/wp-content\/uploads\/2026\/03\/chevre-lorraine-maison-scaled-246x246-f0cddf1a034a.jpg\" alt=\"\" style=\";--aspect-ratio-small: 1;--aspect-ratio-large: 1;--aspect-ratio-xlarge: 1;--aspect-ratio-xxlarge: 1;--aspect-ratio-retina: 1;--aspect-ratio-large_retina: 1;--aspect-ratio-xlarge_retina: 1;--aspect-ratio-xxlarge_retina: 1\" data-has-aspect-ratio=\"true\" \/><\/picture>            <\/figure>\n\n                      <\/div>\n                  <div>\n            \n            <figure>\n              <picture><source srcset=\"data:image\/svg+xml;base64,PHN2ZyB4bWxucz0naHR0cDovL3d3dy53My5vcmcvMjAwMC9zdmcnIHk9JzAnIHg9JzAnIHdpZHRoPScxMzY2JyBoZWlnaHQ9JzEzNjYnIHZpZXdCb3g9JzAgMCAxMzY2IDEzNjYnPjwvc3ZnPg==\" data-srcset=\"https:\/\/events.parcsaintecroix.com\/wp-content\/uploads\/2026\/03\/chantier-poutre-1366x1366-9a47d799afc0.jpg\" media=\"(min-width: 90rem) and (min-resolution: 192dpi), (min-width: 90rem) and (-webkit-min-device-pixel-ratio: 2)\"><source srcset=\"data:image\/svg+xml;base64,PHN2ZyB4bWxucz0naHR0cDovL3d3dy53My5vcmcvMjAwMC9zdmcnIHk9JzAnIHg9JzAnIHdpZHRoPScxMTE0JyBoZWlnaHQ9JzExMTQnIHZpZXdCb3g9JzAgMCAxMTE0IDExMTQnPjwvc3ZnPg==\" data-srcset=\"https:\/\/events.parcsaintecroix.com\/wp-content\/uploads\/2026\/03\/chantier-poutre-1114x1114-9019338081fd.jpg\" media=\"(min-width: 75rem) and (min-resolution: 192dpi), (min-width: 75rem) and (-webkit-min-device-pixel-ratio: 2)\"><source srcset=\"data:image\/svg+xml;base64,PHN2ZyB4bWxucz0naHR0cDovL3d3dy53My5vcmcvMjAwMC9zdmcnIHk9JzAnIHg9JzAnIHdpZHRoPSc3NDAnIGhlaWdodD0nNzQwJyB2aWV3Qm94PScwIDAgNzQwIDc0MCc+PC9zdmc+\" data-srcset=\"https:\/\/events.parcsaintecroix.com\/wp-content\/uploads\/2026\/03\/chantier-poutre-740x740-541343d2b933.jpg\" media=\"(min-width: 64rem) and (min-resolution: 192dpi), (min-width: 64rem) and (-webkit-min-device-pixel-ratio: 2)\"><source srcset=\"data:image\/svg+xml;base64,PHN2ZyB4bWxucz0naHR0cDovL3d3dy53My5vcmcvMjAwMC9zdmcnIHk9JzAnIHg9JzAnIHdpZHRoPSc0OTInIGhlaWdodD0nNDkyJyB2aWV3Qm94PScwIDAgNDkyIDQ5Mic+PC9zdmc+\" data-srcset=\"https:\/\/events.parcsaintecroix.com\/wp-content\/uploads\/2026\/03\/chantier-poutre-492x492-11f09bf121b8.jpg\" media=\"(min-resolution: 192dpi), (-webkit-min-device-pixel-ratio: 2)\"><source srcset=\"data:image\/svg+xml;base64,PHN2ZyB4bWxucz0naHR0cDovL3d3dy53My5vcmcvMjAwMC9zdmcnIHk9JzAnIHg9JzAnIHdpZHRoPSc3MTcnIGhlaWdodD0nNzE3JyB2aWV3Qm94PScwIDAgNzE3IDcxNyc+PC9zdmc+\" data-srcset=\"https:\/\/events.parcsaintecroix.com\/wp-content\/uploads\/2026\/03\/chantier-poutre-717x717-63289f274e1a.jpg\" media=\"(min-width: 90rem)\"><source srcset=\"data:image\/svg+xml;base64,PHN2ZyB4bWxucz0naHR0cDovL3d3dy53My5vcmcvMjAwMC9zdmcnIHk9JzAnIHg9JzAnIHdpZHRoPSc1NTcnIGhlaWdodD0nNTU3JyB2aWV3Qm94PScwIDAgNTU3IDU1Nyc+PC9zdmc+\" data-srcset=\"https:\/\/events.parcsaintecroix.com\/wp-content\/uploads\/2026\/03\/chantier-poutre-557x557-87d4579f6953.jpg\" media=\"(min-width: 75rem)\"><source srcset=\"data:image\/svg+xml;base64,PHN2ZyB4bWxucz0naHR0cDovL3d3dy53My5vcmcvMjAwMC9zdmcnIHk9JzAnIHg9JzAnIHdpZHRoPSczNzAnIGhlaWdodD0nMzcwJyB2aWV3Qm94PScwIDAgMzcwIDM3MCc+PC9zdmc+\" data-srcset=\"https:\/\/events.parcsaintecroix.com\/wp-content\/uploads\/2026\/03\/chantier-poutre-370x370-dcf66bb03c69.jpg\" media=\"(min-width: 64rem)\"><img loading=\"lazy\" decoding=\"async\" src=\"data:image\/svg+xml;base64,PHN2ZyB4bWxucz0naHR0cDovL3d3dy53My5vcmcvMjAwMC9zdmcnIHk9JzAnIHg9JzAnIHdpZHRoPScyNDYnIGhlaWdodD0nMjQ2JyB2aWV3Qm94PScwIDAgMjQ2IDI0Nic+PC9zdmc+\"  width=\"246\" height=\"246\" data-fade-in data-lazy-img data-src=\"https:\/\/events.parcsaintecroix.com\/wp-content\/uploads\/2026\/03\/chantier-poutre-246x246-f0cddf1a034a.jpg\" alt=\"\" style=\";--aspect-ratio-small: 1;--aspect-ratio-large: 1;--aspect-ratio-xlarge: 1;--aspect-ratio-xxlarge: 1;--aspect-ratio-retina: 1;--aspect-ratio-large_retina: 1;--aspect-ratio-xlarge_retina: 1;--aspect-ratio-xxlarge_retina: 1\" data-has-aspect-ratio=\"true\" \/><\/picture>            <\/figure>\n\n                      <\/div>\n                  <div>\n            \n            <figure>\n              <picture><source srcset=\"data:image\/svg+xml;base64,PHN2ZyB4bWxucz0naHR0cDovL3d3dy53My5vcmcvMjAwMC9zdmcnIHk9JzAnIHg9JzAnIHdpZHRoPScxMzk2JyBoZWlnaHQ9JzEzOTYnIHZpZXdCb3g9JzAgMCAxMzk2IDEzOTYnPjwvc3ZnPg==\" data-srcset=\"https:\/\/events.parcsaintecroix.com\/wp-content\/uploads\/2026\/03\/salle-seminaire-1396x1396-9a47d799afc0.jpg\" media=\"(min-width: 90rem) and (min-resolution: 192dpi), (min-width: 90rem) and (-webkit-min-device-pixel-ratio: 2)\"><source srcset=\"data:image\/svg+xml;base64,PHN2ZyB4bWxucz0naHR0cDovL3d3dy53My5vcmcvMjAwMC9zdmcnIHk9JzAnIHg9JzAnIHdpZHRoPScxMTE0JyBoZWlnaHQ9JzExMTQnIHZpZXdCb3g9JzAgMCAxMTE0IDExMTQnPjwvc3ZnPg==\" data-srcset=\"https:\/\/events.parcsaintecroix.com\/wp-content\/uploads\/2026\/03\/salle-seminaire-1114x1114-9019338081fd.jpg\" media=\"(min-width: 75rem) and (min-resolution: 192dpi), (min-width: 75rem) and (-webkit-min-device-pixel-ratio: 2)\"><source srcset=\"data:image\/svg+xml;base64,PHN2ZyB4bWxucz0naHR0cDovL3d3dy53My5vcmcvMjAwMC9zdmcnIHk9JzAnIHg9JzAnIHdpZHRoPSc3NDAnIGhlaWdodD0nNzQwJyB2aWV3Qm94PScwIDAgNzQwIDc0MCc+PC9zdmc+\" data-srcset=\"https:\/\/events.parcsaintecroix.com\/wp-content\/uploads\/2026\/03\/salle-seminaire-740x740-541343d2b933.jpg\" media=\"(min-width: 64rem) and (min-resolution: 192dpi), (min-width: 64rem) and (-webkit-min-device-pixel-ratio: 2)\"><source srcset=\"data:image\/svg+xml;base64,PHN2ZyB4bWxucz0naHR0cDovL3d3dy53My5vcmcvMjAwMC9zdmcnIHk9JzAnIHg9JzAnIHdpZHRoPSc0OTInIGhlaWdodD0nNDkyJyB2aWV3Qm94PScwIDAgNDkyIDQ5Mic+PC9zdmc+\" data-srcset=\"https:\/\/events.parcsaintecroix.com\/wp-content\/uploads\/2026\/03\/salle-seminaire-492x492-11f09bf121b8.jpg\" media=\"(min-resolution: 192dpi), (-webkit-min-device-pixel-ratio: 2)\"><source srcset=\"data:image\/svg+xml;base64,PHN2ZyB4bWxucz0naHR0cDovL3d3dy53My5vcmcvMjAwMC9zdmcnIHk9JzAnIHg9JzAnIHdpZHRoPSc3MTcnIGhlaWdodD0nNzE3JyB2aWV3Qm94PScwIDAgNzE3IDcxNyc+PC9zdmc+\" data-srcset=\"https:\/\/events.parcsaintecroix.com\/wp-content\/uploads\/2026\/03\/salle-seminaire-717x717-63289f274e1a.jpg\" media=\"(min-width: 90rem)\"><source srcset=\"data:image\/svg+xml;base64,PHN2ZyB4bWxucz0naHR0cDovL3d3dy53My5vcmcvMjAwMC9zdmcnIHk9JzAnIHg9JzAnIHdpZHRoPSc1NTcnIGhlaWdodD0nNTU3JyB2aWV3Qm94PScwIDAgNTU3IDU1Nyc+PC9zdmc+\" data-srcset=\"https:\/\/events.parcsaintecroix.com\/wp-content\/uploads\/2026\/03\/salle-seminaire-557x557-87d4579f6953.jpg\" media=\"(min-width: 75rem)\"><source srcset=\"data:image\/svg+xml;base64,PHN2ZyB4bWxucz0naHR0cDovL3d3dy53My5vcmcvMjAwMC9zdmcnIHk9JzAnIHg9JzAnIHdpZHRoPSczNzAnIGhlaWdodD0nMzcwJyB2aWV3Qm94PScwIDAgMzcwIDM3MCc+PC9zdmc+\" data-srcset=\"https:\/\/events.parcsaintecroix.com\/wp-content\/uploads\/2026\/03\/salle-seminaire-370x370-dcf66bb03c69.jpg\" media=\"(min-width: 64rem)\"><img loading=\"lazy\" decoding=\"async\" src=\"data:image\/svg+xml;base64,PHN2ZyB4bWxucz0naHR0cDovL3d3dy53My5vcmcvMjAwMC9zdmcnIHk9JzAnIHg9JzAnIHdpZHRoPScyNDYnIGhlaWdodD0nMjQ2JyB2aWV3Qm94PScwIDAgMjQ2IDI0Nic+PC9zdmc+\"  width=\"246\" height=\"246\" data-fade-in data-lazy-img data-src=\"https:\/\/events.parcsaintecroix.com\/wp-content\/uploads\/2026\/03\/salle-seminaire-246x246-f0cddf1a034a.jpg\" alt=\"\" style=\";--aspect-ratio-small: 1;--aspect-ratio-large: 1;--aspect-ratio-xlarge: 1;--aspect-ratio-xxlarge: 1;--aspect-ratio-retina: 1;--aspect-ratio-large_retina: 1;--aspect-ratio-xlarge_retina: 1;--aspect-ratio-xxlarge_retina: 1\" data-has-aspect-ratio=\"true\" \/><\/picture>            <\/figure>\n\n                      <\/div>\n            <\/div>\n  \n  \n<\/section>\n<\/div>\n\n\n\n<div class=\"wp-block-column is-layout-flow wp-block-column-is-layout-flow\">\n<h3 class=\"wp-block-heading\">Une nouvelle vie pour cette maison mosellane<\/h3>\n\n\n\n<p><\/p>\n\n\n\n<p><\/p>\n\n\n\n<p><\/p>\n\n\n\n<p><\/p>\n\n\n\n<p><\/p>\n\n\n\n<p><\/p>\n\n\n\n<p>Apr\u00e8s un chantier minutieux de d\u00e9montage et de reconstruction, elle devient aujourd\u2019hui une \u00c9cole de la Nature, porte d\u2019entr\u00e9e de la Ferme des Vents, projet alliant p\u00e9dagogie et production mara\u00eech\u00e8re.<\/p>\n\n\n\n<p>Plus qu\u2019un b\u00e2timent, elle incarne l\u2019engagement du parc pour la transmission des savoirs, la pr\u00e9servation du patrimoine et l\u2019innovation \u00e9cologique. C\u2019est un lieu de vie con\u00e7u pour stimuler la cr\u00e9ativit\u00e9, renforcer les liens et ancrer vos r\u00e9flexions dans une d\u00e9marche responsable.<\/p>\n<\/div>\n<\/div>\n          <\/div>\n        <\/div>\n      <\/div>\n\n      <\/section>\n\n<section class=\"block-grid-wrapper block-grid-for-core-heading\">\n      <div class=\"default-editor-content grid-for-core-heading grid-container fluid fluid\">\n        <div class=\"grid-x grid-padding-x align-center\">\n          <div class=\"cell\">\n            \n<h2 class=\"wp-block-heading\">Votre Exp\u00e9rience \u00e0 la Maison d&rsquo;Yvonne<\/h2>\n          <\/div>\n        <\/div>\n      <\/div>\n\n      <\/section>\n\n<section class=\"block-grid-wrapper block-grid-for-core-paragraph\">\n      <div class=\"default-editor-content grid-for-core-paragraph grid-container fluid fluid\">\n        <div class=\"grid-x grid-padding-x align-center\">\n          <div class=\"cell\">\n            \n<p>Nous avons souhait\u00e9 cr\u00e9er un lieu unique pour une immersion totale et m\u00e9morable. Toutes les salles sont un parfait m\u00e9lange entre authenticit\u00e9 et modernit\u00e9.<\/p>\n          <\/div>\n        <\/div>\n      <\/div>\n\n      <\/section>\n\n<section class=\"block-grid-wrapper block-grid-for-core-paragraph\">\n      <div class=\"default-editor-content grid-for-core-paragraph grid-container fluid fluid\">\n        <div class=\"grid-x grid-padding-x align-center\">\n          <div class=\"cell\">\n            \n<p>Avec ses 5 espaces privatisables r\u00e9partis sur 3 niveaux, ce lieu offre une modularit\u00e9 parfaite pour des r\u00e9unions strat\u00e9giques, ateliers collaboratifs, moments de d\u00e9tente et \u00e9changes informels.<\/p>\n          <\/div>\n        <\/div>\n      <\/div>\n\n      <\/section>\n\n<section class=\"block-grid-wrapper block-grid-for-core-buttons\">\n      <div class=\"default-editor-content grid-for-core-buttons grid-container fluid fluid\">\n        <div class=\"grid-x grid-padding-x align-center\">\n          <div class=\"cell\">\n            \n<div class=\"wp-block-buttons is-content-justification-center is-layout-flex wp-container-core-buttons-is-layout-16018d1d wp-block-buttons-is-layout-flex\">\n<div class=\"wp-block-button is-style-large-button-navy\"><a class=\"wp-block-button__link wp-element-button\" href=\"https:\/\/events.parcsaintecroix.com\/fr\/salles-de-reunion\">En savoir plus <\/a><\/div>\n<\/div>\n          <\/div>\n        <\/div>\n      <\/div>\n\n      <\/section>\n\n<section  class=\"wp-block-acf-two-images  block-index-22 section-content section-two-images\"   itemprop=\"hasPart\" itemscope itemtype=\"https:\/\/schema.org\/WebPageElement\">\n  <div class=\"grid-container fluid\">\n    <div class=\"grid-x grid-padding-x align-middle\">\n      <div class=\"cell small-6\">\n                  <figure>\n            <picture><source srcset=\"data:image\/svg+xml;base64,PHN2ZyB4bWxucz0naHR0cDovL3d3dy53My5vcmcvMjAwMC9zdmcnIHk9JzAnIHg9JzAnIHdpZHRoPScxMTI4JyBoZWlnaHQ9JzExMjgnIHZpZXdCb3g9JzAgMCAxMTI4IDExMjgnPjwvc3ZnPg==\" data-srcset=\"https:\/\/events.parcsaintecroix.com\/wp-content\/uploads\/2026\/03\/maison-cote-1128x1128-856c1b2a36df.jpg\" media=\"(min-width: 64rem)\"><source srcset=\"data:image\/svg+xml;base64,PHN2ZyB4bWxucz0naHR0cDovL3d3dy53My5vcmcvMjAwMC9zdmcnIHk9JzAnIHg9JzAnIHdpZHRoPScxMTI4JyBoZWlnaHQ9JzExMjgnIHZpZXdCb3g9JzAgMCAxMTI4IDExMjgnPjwvc3ZnPg==\" data-srcset=\"https:\/\/events.parcsaintecroix.com\/wp-content\/uploads\/2026\/03\/maison-cote-1128x1128-f24007e60c88.jpg\" media=\"(min-width: 48rem)\"><img loading=\"lazy\" decoding=\"async\" src=\"data:image\/svg+xml;base64,PHN2ZyB4bWxucz0naHR0cDovL3d3dy53My5vcmcvMjAwMC9zdmcnIHk9JzAnIHg9JzAnIHdpZHRoPSczMjAnIGhlaWdodD0nMzIwJyB2aWV3Qm94PScwIDAgMzIwIDMyMCc+PC9zdmc+\"  width=\"320\" height=\"320\" data-fade-in data-lazy-img data-src=\"https:\/\/events.parcsaintecroix.com\/wp-content\/uploads\/2026\/03\/maison-cote-320x320-2c997b4cd4d1.jpg\" alt=\"\" style=\";--aspect-ratio-small: 1;--aspect-ratio-medium: 1;--aspect-ratio-large: 1\" data-has-aspect-ratio=\"true\" \/><\/picture>          <\/figure>\n              <\/div>\n\n      <div class=\"cell small-6\">\n                  <figure>\n            <picture><source srcset=\"data:image\/svg+xml;base64,PHN2ZyB4bWxucz0naHR0cDovL3d3dy53My5vcmcvMjAwMC9zdmcnIHk9JzAnIHg9JzAnIHdpZHRoPScxMTI4JyBoZWlnaHQ9JzExMjgnIHZpZXdCb3g9JzAgMCAxMTI4IDExMjgnPjwvc3ZnPg==\" data-srcset=\"https:\/\/events.parcsaintecroix.com\/wp-content\/uploads\/2026\/03\/seminaire-entreprise-1128x1128-856c1b2a36df.jpg\" media=\"(min-width: 64rem)\"><source srcset=\"data:image\/svg+xml;base64,PHN2ZyB4bWxucz0naHR0cDovL3d3dy53My5vcmcvMjAwMC9zdmcnIHk9JzAnIHg9JzAnIHdpZHRoPScxMTI4JyBoZWlnaHQ9JzExMjgnIHZpZXdCb3g9JzAgMCAxMTI4IDExMjgnPjwvc3ZnPg==\" data-srcset=\"https:\/\/events.parcsaintecroix.com\/wp-content\/uploads\/2026\/03\/seminaire-entreprise-1128x1128-f24007e60c88.jpg\" media=\"(min-width: 48rem)\"><img loading=\"lazy\" decoding=\"async\" src=\"data:image\/svg+xml;base64,PHN2ZyB4bWxucz0naHR0cDovL3d3dy53My5vcmcvMjAwMC9zdmcnIHk9JzAnIHg9JzAnIHdpZHRoPSczMjAnIGhlaWdodD0nMzIwJyB2aWV3Qm94PScwIDAgMzIwIDMyMCc+PC9zdmc+\"  width=\"320\" height=\"320\" data-fade-in data-lazy-img data-src=\"https:\/\/events.parcsaintecroix.com\/wp-content\/uploads\/2026\/03\/seminaire-entreprise-320x320-2c997b4cd4d1.jpg\" alt=\"\" style=\";--aspect-ratio-small: 1;--aspect-ratio-medium: 1;--aspect-ratio-large: 1\" data-has-aspect-ratio=\"true\" \/><\/picture>          <\/figure>\n              <\/div>\n\n    <\/div>\n  <\/div>\n<\/section>\n\n\n<section class=\"block-grid-wrapper block-grid-for-core-heading\">\n      <div class=\"default-editor-content grid-for-core-heading grid-container fluid fluid\">\n        <div class=\"grid-x grid-padding-x align-center\">\n          <div class=\"cell\">\n            \n<h2 class=\"wp-block-heading\">Est ce que cet endroit est fait pour vous ?<\/h2>\n          <\/div>\n        <\/div>\n      <\/div>\n\n      <\/section>\n\n<section class=\"block-grid-wrapper block-grid-for-core-heading\">\n      <div class=\"default-editor-content grid-for-core-heading grid-container fluid fluid\">\n        <div class=\"grid-x grid-padding-x align-center\">\n          <div class=\"cell\">\n            \n<h3 class=\"wp-block-heading\">Un s\u00e9minaire qui a du sens<\/h3>\n          <\/div>\n        <\/div>\n      <\/div>\n\n      <\/section>\n\n\n<section  class=\"wp-block-acf-general-internal-linking  block-index-25 section-content section-internal-linking\"  itemprop=\"hasPart\" itemscope itemtype=\"https:\/\/schema.org\/WebPageElement\">\n  <div class=\"grid-container full\">\n    <div class=\"grid-x grid-padding-x\">\n      <div class=\"cell text-center\">\n              <\/div>\n    <\/div>\n\n          <div class=\"grid-x internal-linking-wrapper align-center\">\n                  <div class=\"cell medium-6 large-4 cell-colored text-center\"  style=\"--bg-color: #996c0b;\" >\n            <div class=\"wrapper\">\n              \n              <div class=\"text-wrapper\">\n                                  <h3 class=\"title\" itemprop=\"name\">Pour un engagement RSE<\/h3>\n                \n                                  <p class=\"descr\" itemprop=\"description\">Dirigeants, managers et collaborateurs qui souhaitent s&rsquo;inspirer du vivant pour transformer leurs pratiques<\/p>\n                \n                              <\/div>\n            <\/div>\n          <\/div>\n\n                  <div class=\"cell medium-6 large-4 cell-colored text-center\"  style=\"--bg-color: #1b374a;\" >\n            <div class=\"wrapper\">\n              \n              <div class=\"text-wrapper\">\n                                  <h3 class=\"title\" itemprop=\"name\">Pour chercher du sens<\/h3>\n                \n                                  <p class=\"descr\" itemprop=\"description\">Organisations qui souhaitent renforcer leur impact \/ leurs actions environnementale et soci\u00e9tale<\/p>\n                \n                              <\/div>\n            <\/div>\n          <\/div>\n\n                  <div class=\"cell medium-6 large-4 cell-colored text-center\"  style=\"--bg-color: #996c0b;\" >\n            <div class=\"wrapper\">\n              \n              <div class=\"text-wrapper\">\n                                  <h3 class=\"title\" itemprop=\"name\">Pour une exp\u00e9rience unique<\/h3>\n                \n                                  <p class=\"descr\" itemprop=\"description\">Entreprises recherchant une exp\u00e9rience unique, immersive au c\u0153ur de la nature et du vivant<\/p>\n                \n                              <\/div>\n            <\/div>\n          <\/div>\n\n              <\/div>\n    \n  <\/div>\n<\/section>\n\n\n<section class=\"block-grid-wrapper block-grid-for-core-heading\">\n      <div class=\"default-editor-content grid-for-core-heading grid-container fluid fluid\">\n        <div class=\"grid-x grid-padding-x align-center\">\n          <div class=\"cell\">\n            \n<h3 class=\"wp-block-heading\">Un lieu adapt\u00e9 \u00e0 vos besoin <\/h3>\n          <\/div>\n        <\/div>\n      <\/div>\n\n      <\/section>\n\n<section class=\"block-grid-wrapper block-grid-for-core-paragraph\">\n      <div class=\"default-editor-content grid-for-core-paragraph grid-container fluid fluid\">\n        <div class=\"grid-x grid-padding-x align-center\">\n          <div class=\"cell\">\n            \n<p>La Maison d&rsquo;Yvonne est le lieu id\u00e9al pour s&rsquo;adapter \u00e0 vos besoins et vos envies : <\/p>\n          <\/div>\n        <\/div>\n      <\/div>\n\n      <\/section>\n\n<section class=\"block-grid-wrapper block-grid-for-core-list\">\n      <div class=\"default-editor-content grid-for-core-list grid-container fluid fluid\">\n        <div class=\"grid-x grid-padding-x align-center\">\n          <div class=\"cell\">\n            \n<ul class=\"wp-block-list\">\n<li>5 espaces atypiques et modulables pour des \u00e9changes informels, r\u00e9unions d\u2019\u00e9quipe, pr\u00e9sentation, apprentissage et exp\u00e9rimentation<br><\/li>\n\n\n\n<li>Des conf\u00e9rences inspirantes d\u2019experts sur des sujets qui nous concernent tous : la biodiversit\u00e9 et l\u2019agriculture<br><\/li>\n\n\n\n<li>Des exp\u00e9riences immersives, ludiques et p\u00e9dagogiques pour reconnecter l\u2019homme au vivant<\/li>\n<\/ul>\n          <\/div>\n        <\/div>\n      <\/div>\n\n      <\/section>\n\n\n<section  class=\"wp-block-acf-info-contact  block-index-35 section-content section-contact-info\"   itemprop=\"hasPart\" itemscope itemtype=\"https:\/\/schema.org\/WebPageElement\" style=\" --bg-color: #1B374A; \">\n\n  <div class=\"grid-container fluid\">\n    <div class=\"grid-x grid-padding-x align-center\">\n      <div class=\"cell medium-10 large-9 text-center inner-blocks\">\n        <div class=\"page-descr\">\n\n<p><strong>Pr\u00eat \u00e0 vivre une exp\u00e9rience unique ?<\/strong>\u00a0Contactez nous pour imaginer ensemble des s\u00e9minaires qui marquent les esprits et transforment les pratiques. Parce qu\u2019un \u00e9v\u00e9nement r\u00e9ussi est aussi un \u00e9v\u00e9nement qui a du sens.<\/p>\n\n\n\n<div class=\"wp-block-buttons is-content-justification-center is-layout-flex wp-container-core-buttons-is-layout-16018d1d wp-block-buttons-is-layout-flex\">\n<div class=\"wp-block-button is-style-white-button\"><a class=\"wp-block-button__link wp-element-button\" href=\"https:\/\/events.parcsaintecroix.com\/fr\/contact\">Contactez nous<\/a><\/div>\n<\/div>\n\n<\/div>\n      <\/div>\n    <\/div>\n  <\/div>\n<\/section>\n","protected":false},"excerpt":{"rendered":"<p>La Maison d\u2019Yvonne, une maison mosellane, offre une exp\u00e9rience immersive et p\u00e9dagogique pour vos collaborateurs, visant \u00e0 les reconnecter avec la nature et \u00e0 int\u00e9grer les principes du vivant dans les strat\u00e9gies et pratiques de votre entreprise. Une maison charg\u00e9e d&rsquo;histoire Construite en 1723, la maison d\u2019Yvonne est un t\u00e9moignage du patrimoine rural mosellan. Promise [&hellip;]<\/p>\n","protected":false},"author":18,"featured_media":39807,"parent":0,"menu_order":0,"comment_status":"closed","ping_status":"closed","template":"","meta":{"_acf_changed":false,"footnotes":""},"class_list":["post-39806","page","type-page","status-publish","has-post-thumbnail","hentry"],"acf":[],"yoast_head":"<!-- This site is optimized with the Yoast SEO plugin v27.3 - https:\/\/yoast.com\/product\/yoast-seo-wordpress\/ -->\n<title>L&#039;exp\u00e9rience de la Maison d&#039;Yvonne | Sainte-Croix Events<\/title>\n<meta name=\"description\" content=\"Plongez vos \u00e9quipes dans une maison mosellane : un lieu unique m\u00ealant patrimoine et exp\u00e9riences immersives pour inspirer vos strat\u00e9gies RSE.\" \/>\n<meta name=\"robots\" content=\"index, follow, max-snippet:-1, max-image-preview:large, max-video-preview:-1\" \/>\n<link rel=\"canonical\" href=\"https:\/\/events.parcsaintecroix.com\/fr\/lexperience-de-la-maison-dyvonne\" \/>\n<meta property=\"og:locale\" content=\"fr_FR\" \/>\n<meta property=\"og:type\" content=\"article\" \/>\n<meta property=\"og:title\" content=\"L&#039;exp\u00e9rience de la Maison d&#039;Yvonne | Sainte-Croix Events\" \/>\n<meta property=\"og:description\" content=\"Plongez vos \u00e9quipes dans une maison mosellane : un lieu unique m\u00ealant patrimoine et exp\u00e9riences immersives pour inspirer vos strat\u00e9gies RSE.\" \/>\n<meta property=\"og:url\" content=\"https:\/\/events.parcsaintecroix.com\/fr\/lexperience-de-la-maison-dyvonne\" \/>\n<meta property=\"og:site_name\" content=\"Sainte-Croix Events\" \/>\n<meta property=\"article:publisher\" content=\"https:\/\/www.facebook.com\/LodgesSainteCroix\/\" \/>\n<meta property=\"article:modified_time\" content=\"2026-03-25T11:45:48+00:00\" \/>\n<meta property=\"og:image\" content=\"http:\/\/events.parcsaintecroix.com\/wp-content\/uploads\/2026\/03\/maison-mosellane-Estelle-Datola.jpg\" \/>\n\t<meta property=\"og:image:width\" content=\"2048\" \/>\n\t<meta property=\"og:image:height\" content=\"1365\" \/>\n\t<meta property=\"og:image:type\" content=\"image\/jpeg\" \/>\n<meta name=\"twitter:card\" content=\"summary_large_image\" \/>\n<meta name=\"twitter:site\" content=\"@parc_stecroix\" \/>\n<meta name=\"twitter:label1\" content=\"Dur\u00e9e de lecture estim\u00e9e\" \/>\n\t<meta name=\"twitter:data1\" content=\"2 minutes\" \/>\n<script type=\"application\/ld+json\" class=\"yoast-schema-graph\">{\"@context\":\"https:\\\/\\\/schema.org\",\"@graph\":[{\"@type\":\"WebPage\",\"@id\":\"https:\\\/\\\/events.parcsaintecroix.com\\\/fr\\\/lexperience-de-la-maison-dyvonne\",\"url\":\"https:\\\/\\\/events.parcsaintecroix.com\\\/fr\\\/lexperience-de-la-maison-dyvonne\",\"name\":\"L'exp\u00e9rience de la Maison d'Yvonne | Sainte-Croix Events\",\"isPartOf\":{\"@id\":\"https:\\\/\\\/events.parcsaintecroix.com\\\/fr\\\/#website\"},\"primaryImageOfPage\":{\"@id\":\"https:\\\/\\\/events.parcsaintecroix.com\\\/fr\\\/lexperience-de-la-maison-dyvonne#primaryimage\"},\"image\":{\"@id\":\"https:\\\/\\\/events.parcsaintecroix.com\\\/fr\\\/lexperience-de-la-maison-dyvonne#primaryimage\"},\"thumbnailUrl\":\"https:\\\/\\\/events.parcsaintecroix.com\\\/wp-content\\\/uploads\\\/2026\\\/03\\\/maison-mosellane-Estelle-Datola.jpg\",\"datePublished\":\"2026-03-25T11:45:46+00:00\",\"dateModified\":\"2026-03-25T11:45:48+00:00\",\"description\":\"Plongez vos \u00e9quipes dans une maison mosellane : un lieu unique m\u00ealant patrimoine et exp\u00e9riences immersives pour inspirer vos strat\u00e9gies RSE.\",\"breadcrumb\":{\"@id\":\"https:\\\/\\\/events.parcsaintecroix.com\\\/fr\\\/lexperience-de-la-maison-dyvonne#breadcrumb\"},\"inLanguage\":\"fr-FR\",\"potentialAction\":[{\"@type\":\"ReadAction\",\"target\":[\"https:\\\/\\\/events.parcsaintecroix.com\\\/fr\\\/lexperience-de-la-maison-dyvonne\"]}]},{\"@type\":\"ImageObject\",\"inLanguage\":\"fr-FR\",\"@id\":\"https:\\\/\\\/events.parcsaintecroix.com\\\/fr\\\/lexperience-de-la-maison-dyvonne#primaryimage\",\"url\":\"https:\\\/\\\/events.parcsaintecroix.com\\\/wp-content\\\/uploads\\\/2026\\\/03\\\/maison-mosellane-Estelle-Datola.jpg\",\"contentUrl\":\"https:\\\/\\\/events.parcsaintecroix.com\\\/wp-content\\\/uploads\\\/2026\\\/03\\\/maison-mosellane-Estelle-Datola.jpg\",\"width\":2048,\"height\":1365},{\"@type\":\"BreadcrumbList\",\"@id\":\"https:\\\/\\\/events.parcsaintecroix.com\\\/fr\\\/lexperience-de-la-maison-dyvonne#breadcrumb\",\"itemListElement\":[{\"@type\":\"ListItem\",\"position\":1,\"name\":\"Accueil\",\"item\":\"https:\\\/\\\/events.parcsaintecroix.com\\\/fr\"},{\"@type\":\"ListItem\",\"position\":2,\"name\":\"L&rsquo;exp\u00e9rience de la Maison d&rsquo;Yvonne\"}]},{\"@type\":\"WebSite\",\"@id\":\"https:\\\/\\\/events.parcsaintecroix.com\\\/fr\\\/#website\",\"url\":\"https:\\\/\\\/events.parcsaintecroix.com\\\/fr\\\/\",\"name\":\"Sainte-Croix Events\",\"description\":\"Organiser votre s\u00e9minaire au c\u0153ur de la nature et du vivant\",\"publisher\":{\"@id\":\"https:\\\/\\\/events.parcsaintecroix.com\\\/fr\\\/#organization\"},\"alternateName\":\"PSC\",\"inLanguage\":\"fr-FR\"},{\"@type\":\"Organization\",\"@id\":\"https:\\\/\\\/events.parcsaintecroix.com\\\/fr\\\/#organization\",\"name\":\"Sainte-Croix Events\",\"url\":\"https:\\\/\\\/events.parcsaintecroix.com\\\/fr\\\/\",\"logo\":{\"@type\":\"ImageObject\",\"inLanguage\":\"fr-FR\",\"@id\":\"https:\\\/\\\/events.parcsaintecroix.com\\\/fr\\\/#\\\/schema\\\/logo\\\/image\\\/\",\"url\":\"\",\"contentUrl\":\"\",\"caption\":\"Sainte-Croix Events\"},\"image\":{\"@id\":\"https:\\\/\\\/events.parcsaintecroix.com\\\/fr\\\/#\\\/schema\\\/logo\\\/image\\\/\"},\"sameAs\":[\"https:\\\/\\\/www.facebook.com\\\/LodgesSainteCroix\\\/\",\"https:\\\/\\\/x.com\\\/parc_stecroix\"]}]}<\/script>\n<!-- \/ Yoast SEO plugin. -->","yoast_head_json":{"title":"L'exp\u00e9rience de la Maison d'Yvonne | Sainte-Croix Events","description":"Plongez vos \u00e9quipes dans une maison mosellane : un lieu unique m\u00ealant patrimoine et exp\u00e9riences immersives pour inspirer vos strat\u00e9gies RSE.","robots":{"index":"index","follow":"follow","max-snippet":"max-snippet:-1","max-image-preview":"max-image-preview:large","max-video-preview":"max-video-preview:-1"},"canonical":"https:\/\/events.parcsaintecroix.com\/fr\/lexperience-de-la-maison-dyvonne","og_locale":"fr_FR","og_type":"article","og_title":"L'exp\u00e9rience de la Maison d'Yvonne | Sainte-Croix Events","og_description":"Plongez vos \u00e9quipes dans une maison mosellane : un lieu unique m\u00ealant patrimoine et exp\u00e9riences immersives pour inspirer vos strat\u00e9gies RSE.","og_url":"https:\/\/events.parcsaintecroix.com\/fr\/lexperience-de-la-maison-dyvonne","og_site_name":"Sainte-Croix Events","article_publisher":"https:\/\/www.facebook.com\/LodgesSainteCroix\/","article_modified_time":"2026-03-25T11:45:48+00:00","og_image":[{"width":2048,"height":1365,"url":"http:\/\/events.parcsaintecroix.com\/wp-content\/uploads\/2026\/03\/maison-mosellane-Estelle-Datola.jpg","type":"image\/jpeg"}],"twitter_card":"summary_large_image","twitter_site":"@parc_stecroix","twitter_misc":{"Dur\u00e9e de lecture estim\u00e9e":"2 minutes"},"schema":{"@context":"https:\/\/schema.org","@graph":[{"@type":"WebPage","@id":"https:\/\/events.parcsaintecroix.com\/fr\/lexperience-de-la-maison-dyvonne","url":"https:\/\/events.parcsaintecroix.com\/fr\/lexperience-de-la-maison-dyvonne","name":"L'exp\u00e9rience de la Maison d'Yvonne | Sainte-Croix Events","isPartOf":{"@id":"https:\/\/events.parcsaintecroix.com\/fr\/#website"},"primaryImageOfPage":{"@id":"https:\/\/events.parcsaintecroix.com\/fr\/lexperience-de-la-maison-dyvonne#primaryimage"},"image":{"@id":"https:\/\/events.parcsaintecroix.com\/fr\/lexperience-de-la-maison-dyvonne#primaryimage"},"thumbnailUrl":"https:\/\/events.parcsaintecroix.com\/wp-content\/uploads\/2026\/03\/maison-mosellane-Estelle-Datola.jpg","datePublished":"2026-03-25T11:45:46+00:00","dateModified":"2026-03-25T11:45:48+00:00","description":"Plongez vos \u00e9quipes dans une maison mosellane : un lieu unique m\u00ealant patrimoine et exp\u00e9riences immersives pour inspirer vos strat\u00e9gies RSE.","breadcrumb":{"@id":"https:\/\/events.parcsaintecroix.com\/fr\/lexperience-de-la-maison-dyvonne#breadcrumb"},"inLanguage":"fr-FR","potentialAction":[{"@type":"ReadAction","target":["https:\/\/events.parcsaintecroix.com\/fr\/lexperience-de-la-maison-dyvonne"]}]},{"@type":"ImageObject","inLanguage":"fr-FR","@id":"https:\/\/events.parcsaintecroix.com\/fr\/lexperience-de-la-maison-dyvonne#primaryimage","url":"https:\/\/events.parcsaintecroix.com\/wp-content\/uploads\/2026\/03\/maison-mosellane-Estelle-Datola.jpg","contentUrl":"https:\/\/events.parcsaintecroix.com\/wp-content\/uploads\/2026\/03\/maison-mosellane-Estelle-Datola.jpg","width":2048,"height":1365},{"@type":"BreadcrumbList","@id":"https:\/\/events.parcsaintecroix.com\/fr\/lexperience-de-la-maison-dyvonne#breadcrumb","itemListElement":[{"@type":"ListItem","position":1,"name":"Accueil","item":"https:\/\/events.parcsaintecroix.com\/fr"},{"@type":"ListItem","position":2,"name":"L&rsquo;exp\u00e9rience de la Maison d&rsquo;Yvonne"}]},{"@type":"WebSite","@id":"https:\/\/events.parcsaintecroix.com\/fr\/#website","url":"https:\/\/events.parcsaintecroix.com\/fr\/","name":"Sainte-Croix Events","description":"Organiser votre s\u00e9minaire au c\u0153ur de la nature et du vivant","publisher":{"@id":"https:\/\/events.parcsaintecroix.com\/fr\/#organization"},"alternateName":"PSC","inLanguage":"fr-FR"},{"@type":"Organization","@id":"https:\/\/events.parcsaintecroix.com\/fr\/#organization","name":"Sainte-Croix Events","url":"https:\/\/events.parcsaintecroix.com\/fr\/","logo":{"@type":"ImageObject","inLanguage":"fr-FR","@id":"https:\/\/events.parcsaintecroix.com\/fr\/#\/schema\/logo\/image\/","url":"","contentUrl":"","caption":"Sainte-Croix Events"},"image":{"@id":"https:\/\/events.parcsaintecroix.com\/fr\/#\/schema\/logo\/image\/"},"sameAs":["https:\/\/www.facebook.com\/LodgesSainteCroix\/","https:\/\/x.com\/parc_stecroix"]}]}},"_links":{"self":[{"href":"https:\/\/events.parcsaintecroix.com\/fr\/wp-json\/wp\/v2\/pages\/39806","targetHints":{"allow":["GET"]}}],"collection":[{"href":"https:\/\/events.parcsaintecroix.com\/fr\/wp-json\/wp\/v2\/pages"}],"about":[{"href":"https:\/\/events.parcsaintecroix.com\/fr\/wp-json\/wp\/v2\/types\/page"}],"author":[{"embeddable":true,"href":"https:\/\/events.parcsaintecroix.com\/fr\/wp-json\/wp\/v2\/users\/18"}],"replies":[{"embeddable":true,"href":"https:\/\/events.parcsaintecroix.com\/fr\/wp-json\/wp\/v2\/comments?post=39806"}],"version-history":[{"count":7,"href":"https:\/\/events.parcsaintecroix.com\/fr\/wp-json\/wp\/v2\/pages\/39806\/revisions"}],"predecessor-version":[{"id":39834,"href":"https:\/\/events.parcsaintecroix.com\/fr\/wp-json\/wp\/v2\/pages\/39806\/revisions\/39834"}],"wp:featuredmedia":[{"embeddable":true,"href":"https:\/\/events.parcsaintecroix.com\/fr\/wp-json\/wp\/v2\/media\/39807"}],"wp:attachment":[{"href":"https:\/\/events.parcsaintecroix.com\/fr\/wp-json\/wp\/v2\/media?parent=39806"}],"curies":[{"name":"wp","href":"https:\/\/api.w.org\/{rel}","templated":true}]}}