{"id":39847,"date":"2026-03-27T16:25:09","date_gmt":"2026-03-27T15:25:09","guid":{"rendered":"https:\/\/events.parcsaintecroix.com\/?page_id=39847"},"modified":"2026-03-27T16:25:12","modified_gmt":"2026-03-27T15:25:12","slug":"evenement-fin-annee-entreprise-et-cse","status":"publish","type":"page","link":"https:\/\/events.parcsaintecroix.com\/fr\/evenement-fin-annee-entreprise-et-cse","title":{"rendered":"No\u00ebl au Parc Sainte Croix \u2013 \u00c9v\u00e9nements d\u2019Entreprise et CSE"},"content":{"rendered":"\n<section  class=\"wp-block-acf-header-edito-page  block-index-0 section-content section-header-edito-page\"   itemprop=\"hasPart\" itemscope itemtype=\"https:\/\/schema.org\/WebPageElement\">\n\n  <div class=\"breadcrumbs-wrapper\">\n      <div class=\"grid-container full breadcrumb-container\">\n    <div class=\"grid-x\">\n      <div class=\"cell\">\n        <div class=\"breadcrumbs\"><span><span><a href=\"https:\/\/events.parcsaintecroix.com\/fr\">Accueil<\/a><\/span>  <span class=\"breadcrumb_last\" aria-current=\"page\">No\u00ebl au Parc Sainte Croix \u2013 \u00c9v\u00e9nements d\u2019Entreprise et CSE<\/span><\/span>        <\/div>\n      <\/div>\n    <\/div>\n  <\/div>  <\/div>\n\n  \n    <figure>\n      <picture><source srcset=\"https:\/\/events.parcsaintecroix.com\/wp-content\/uploads\/2026\/03\/Design-sans-titre-2-1366x1366-97a69d9a5c71.png\" media=\"(min-width: 48rem) and (min-resolution: 192dpi), (min-width: 48rem) and (-webkit-min-device-pixel-ratio: 2)\"><source srcset=\"https:\/\/events.parcsaintecroix.com\/wp-content\/uploads\/2026\/03\/Design-sans-titre-2-1366x2226-4755b5289b92.png\" media=\"(min-resolution: 192dpi), (-webkit-min-device-pixel-ratio: 2)\"><source srcset=\"https:\/\/events.parcsaintecroix.com\/wp-content\/uploads\/2026\/03\/Design-sans-titre-2-1366x440-6f5301f4f3cc.png\" media=\"(min-width: 75rem)\"><source srcset=\"https:\/\/events.parcsaintecroix.com\/wp-content\/uploads\/2026\/03\/Design-sans-titre-2-1366x501-aaa1a541a1d1.png\" media=\"(min-width: 64rem)\"><source srcset=\"https:\/\/events.parcsaintecroix.com\/wp-content\/uploads\/2026\/03\/Design-sans-titre-2-1023x1023-2a426e98586f.png\" media=\"(min-width: 48rem)\"><img decoding=\"async\" src=\"https:\/\/events.parcsaintecroix.com\/wp-content\/uploads\/2026\/03\/Design-sans-titre-2-767x1250-8e783b4c1964.png\" alt=\"\" style=\";--aspect-ratio-small: 0.6136;--aspect-ratio-medium: 1;--aspect-ratio-large: 2.725;--aspect-ratio-xlarge: 3.1045454545455;--aspect-ratio-retina: 0.6136;--aspect-ratio-medium_retina: 1\" data-has-aspect-ratio=\"true\" \/><\/picture>    <\/figure>\n  \n  <div class=\"grid-container fluid\">\n    <div class=\"grid-x grid-padding-x align-center\">\n      <div class=\"cell medium-10 large-9 text-center\">\n\n                  <h1 class=\"page-title\">\n            <variable-width>\n              No\u00ebl au Parc Sainte Croix \u2013 \u00c9v\u00e9nements d\u2019Entreprise et CSE            <\/variable-width>\n          <\/h1>\n        \n        <div class=\"page-descr\"><\/div>\n      <\/div>\n    <\/div>\n  <\/div>\n<\/section>\n\n\n<section class=\"block-grid-wrapper block-grid-for-core-heading\">\n      <div class=\"default-editor-content grid-for-core-heading grid-container fluid fluid\">\n        <div class=\"grid-x grid-padding-x align-center\">\n          <div class=\"cell\">\n            \n<h2 class=\"wp-block-heading\">Offrez \u00e0 vos collaborateur une exp\u00e9rience de fin d\u2019ann\u00e9e inoubliable !<\/h2>\n          <\/div>\n        <\/div>\n      <\/div>\n\n      <\/section>\n\n<section class=\"block-grid-wrapper block-grid-for-core-paragraph\">\n      <div class=\"default-editor-content grid-for-core-paragraph grid-container fluid fluid\">\n        <div class=\"grid-x grid-padding-x align-center\">\n          <div class=\"cell\">\n            \n<p>Sainte Croix Events accueille les comit\u00e9s d\u2019entreprise, groupes et \u00e9v\u00e9nements professionnels toute l\u2019ann\u00e9e dans un cadre unique \u00e0 chaque saison.<\/p>\n          <\/div>\n        <\/div>\n      <\/div>\n\n      <\/section>\n\n<section class=\"block-grid-wrapper block-grid-for-core-paragraph\">\n      <div class=\"default-editor-content grid-for-core-paragraph grid-container fluid fluid\">\n        <div class=\"grid-x grid-padding-x align-center\">\n          <div class=\"cell\">\n            \n<p>Qui dit hiver dit f\u00eates de fin d\u2019ann\u00e9e. La p\u00e9riode de No\u00ebl est une belle opportunit\u00e9 de cr\u00e9er des souvenirs inoubliables pour vos collaborateurs, leurs familles et vos partenaires.&nbsp;<\/p>\n          <\/div>\n        <\/div>\n      <\/div>\n\n      <\/section>\n\n<section class=\"block-grid-wrapper block-grid-for-core-paragraph\">\n      <div class=\"default-editor-content grid-for-core-paragraph grid-container fluid fluid\">\n        <div class=\"grid-x grid-padding-x align-center\">\n          <div class=\"cell\">\n            \n<p>Au Parc Sainte Croix, nous transformons la magie de No\u00ebl en une exp\u00e9rience unique, adapt\u00e9e \u00e0 vos besoins : que vous souhaitiez organiser un \u00e9v\u00e9nement d\u2019entreprise cl\u00e9 en main, un moment convivial autour d\u2019un repas ou encore une journ\u00e9e ou soir\u00e9e festive en toute libert\u00e9 pour vos \u00e9quipes, nos deux offres sur mesure sauront r\u00e9pondre \u00e0 vos attentes.<\/p>\n          <\/div>\n        <\/div>\n      <\/div>\n\n      <\/section>\n\n<section class=\"block-grid-wrapper block-grid-for-core-columns\">\n      <div class=\"default-editor-content grid-for-core-columns grid-container fluid fluid\">\n        <div class=\"grid-x grid-padding-x align-center\">\n          <div class=\"cell\">\n            \n<div class=\"wp-block-columns is-layout-flex wp-container-core-columns-is-layout-9d6595d7 wp-block-columns-is-layout-flex\">\n<div class=\"wp-block-column is-layout-flow wp-block-column-is-layout-flow\">\n<figure class=\"wp-block-image size-large\"><img loading=\"lazy\" decoding=\"async\" width=\"1024\" height=\"683\" src=\"http:\/\/events.parcsaintecroix.com\/wp-content\/uploads\/2026\/03\/pere-noel-cse-1024x683-fd90e2c36371.jpg\" alt=\"\" class=\"wp-image-39653\" srcset=\"https:\/\/events.parcsaintecroix.com\/wp-content\/uploads\/2026\/03\/pere-noel-cse-1024x683-fd90e2c36371.jpg 1024w, https:\/\/events.parcsaintecroix.com\/wp-content\/uploads\/2026\/03\/pere-noel-cse-300x200-512c1e2135f8.jpg 300w, https:\/\/events.parcsaintecroix.com\/wp-content\/uploads\/2026\/03\/pere-noel-cse-768x512-b56108145cc7.jpg 768w, https:\/\/events.parcsaintecroix.com\/wp-content\/uploads\/2026\/03\/pere-noel-cse-1536x1024-3c33d8efde71.jpg 1536w, https:\/\/events.parcsaintecroix.com\/wp-content\/uploads\/2026\/03\/pere-noel-cse-100x67-fab7673e88b9.jpg 100w, https:\/\/events.parcsaintecroix.com\/wp-content\/uploads\/2026\/03\/pere-noel-cse.jpg 2048w\" sizes=\"auto, (max-width: 1024px) 100vw, 1024px\" \/><\/figure>\n<\/div>\n\n\n\n<div class=\"wp-block-column is-layout-flow wp-block-column-is-layout-flow\">\n<p><\/p>\n\n\n\n<h3 class=\"wp-block-heading has-secondary-color has-text-color has-link-color wp-elements-f8ab276d21c5851c81a921d770be337b\">Pourquoi choisir le Parc Sainte Croix pour votre \u00e9v\u00e9nement de fin d\u2019ann\u00e9e ?<\/h3>\n\n\n\n<p>Nous vous proposons un cadre exceptionnel pour vos collaborateur :<\/p>\n\n\n\n<ul class=\"wp-block-list\">\n<li>Des espaces privatisables pour vos repas, go\u00fbters ou moments de convivialit\u00e9<br><\/li>\n\n\n\n<li>Un parc animalier et naturel transform\u00e9 en paysage f\u00e9erique pour les f\u00eates<br><\/li>\n\n\n\n<li>Des activit\u00e9s adapt\u00e9es \u00e0 tous les \u00e2ges : parcours lumineux, spectacles, rencontres avec le P\u00e8re No\u00ebl, et bien plus<br><\/li>\n\n\n\n<li>Une ambiance chaleureuse et immersive : march\u00e9s de No\u00ebl, lumi\u00e8res scintillantes, et stands gourmands<\/li>\n<\/ul>\n<\/div>\n<\/div>\n          <\/div>\n        <\/div>\n      <\/div>\n\n      <\/section>\n\n<section class=\"block-grid-wrapper block-grid-for-core-heading\">\n      <div class=\"default-editor-content grid-for-core-heading grid-container fluid fluid\">\n        <div class=\"grid-x grid-padding-x align-center\">\n          <div class=\"cell\">\n            \n<h2 class=\"wp-block-heading\"><strong>Deux offres pour deux exp\u00e9riences uniques<\/strong><\/h2>\n          <\/div>\n        <\/div>\n      <\/div>\n\n      <\/section>\n\n<section class=\"block-grid-wrapper block-grid-for-core-paragraph\">\n      <div class=\"default-editor-content grid-for-core-paragraph grid-container fluid fluid\">\n        <div class=\"grid-x grid-padding-x align-center\">\n          <div class=\"cell\">\n            \n<p>Que vous soyez un comit\u00e9 d\u2019entreprise (CSE), une grande entreprise, ou un groupe associatif, nos formules s\u2019adaptent \u00e0 votre budget et \u00e0 vos envies. R\u00e9servez une journ\u00e9e compl\u00e8te ou optez pour une exp\u00e9rience immersive en soir\u00e9e \u2013 tout est possible au Parc Sainte Croix !<\/p>\n          <\/div>\n        <\/div>\n      <\/div>\n\n      <\/section>\n\n<section class=\"block-grid-wrapper block-grid-for-core-heading\">\n      <div class=\"default-editor-content grid-for-core-heading grid-container fluid fluid\">\n        <div class=\"grid-x grid-padding-x align-center\">\n          <div class=\"cell\">\n            \n<h3 class=\"wp-block-heading\">L&rsquo;offre \u00ab\u00a0Votre Arbre de No\u00ebl au Parc\u00a0\u00bb \u2013 L\u2019\u00e9v\u00e9nement cl\u00e9 en main<\/h3>\n          <\/div>\n        <\/div>\n      <\/div>\n\n      <\/section>\n\n<section class=\"block-grid-wrapper block-grid-for-core-paragraph\">\n      <div class=\"default-editor-content grid-for-core-paragraph grid-container fluid fluid\">\n        <div class=\"grid-x grid-padding-x align-center\">\n          <div class=\"cell\">\n            \n<p>Cette offre est id\u00e9ale pour les groupes souhaitant un cadre privatis\u00e9 et des activit\u00e9s organis\u00e9es.<\/p>\n          <\/div>\n        <\/div>\n      <\/div>\n\n      <\/section>\n\n\n<section  class=\"wp-block-acf-home-insta-slider-v2  block-index-21 section-content section-home-insta-slider section-home-insta-slider-v2\"   itemprop=\"hasPart\" itemscope itemtype=\"https:\/\/schema.org\/WebPageElement\">\n\n  <div class=\"grid-container fluid grid-insta\">\n\n    \n    \n  <\/div>\n\n      <div class=\"home-insta-slider home-insta-slider-v2\">\n                <div>\n            \n            <figure>\n              <picture><source srcset=\"data:image\/svg+xml;base64,PHN2ZyB4bWxucz0naHR0cDovL3d3dy53My5vcmcvMjAwMC9zdmcnIHk9JzAnIHg9JzAnIHdpZHRoPScxMzY2JyBoZWlnaHQ9JzEzNjYnIHZpZXdCb3g9JzAgMCAxMzY2IDEzNjYnPjwvc3ZnPg==\" data-srcset=\"https:\/\/events.parcsaintecroix.com\/wp-content\/uploads\/2026\/03\/pere-noel-traineau-1366x1366-9a47d799afc0.jpg\" media=\"(min-width: 90rem) and (min-resolution: 192dpi), (min-width: 90rem) and (-webkit-min-device-pixel-ratio: 2)\"><source srcset=\"data:image\/svg+xml;base64,PHN2ZyB4bWxucz0naHR0cDovL3d3dy53My5vcmcvMjAwMC9zdmcnIHk9JzAnIHg9JzAnIHdpZHRoPScxMTE0JyBoZWlnaHQ9JzExMTQnIHZpZXdCb3g9JzAgMCAxMTE0IDExMTQnPjwvc3ZnPg==\" data-srcset=\"https:\/\/events.parcsaintecroix.com\/wp-content\/uploads\/2026\/03\/pere-noel-traineau-1114x1114-9019338081fd.jpg\" media=\"(min-width: 75rem) and (min-resolution: 192dpi), (min-width: 75rem) and (-webkit-min-device-pixel-ratio: 2)\"><source srcset=\"data:image\/svg+xml;base64,PHN2ZyB4bWxucz0naHR0cDovL3d3dy53My5vcmcvMjAwMC9zdmcnIHk9JzAnIHg9JzAnIHdpZHRoPSc3NDAnIGhlaWdodD0nNzQwJyB2aWV3Qm94PScwIDAgNzQwIDc0MCc+PC9zdmc+\" data-srcset=\"https:\/\/events.parcsaintecroix.com\/wp-content\/uploads\/2026\/03\/pere-noel-traineau-740x740-541343d2b933.jpg\" media=\"(min-width: 64rem) and (min-resolution: 192dpi), (min-width: 64rem) and (-webkit-min-device-pixel-ratio: 2)\"><source srcset=\"data:image\/svg+xml;base64,PHN2ZyB4bWxucz0naHR0cDovL3d3dy53My5vcmcvMjAwMC9zdmcnIHk9JzAnIHg9JzAnIHdpZHRoPSc0OTInIGhlaWdodD0nNDkyJyB2aWV3Qm94PScwIDAgNDkyIDQ5Mic+PC9zdmc+\" data-srcset=\"https:\/\/events.parcsaintecroix.com\/wp-content\/uploads\/2026\/03\/pere-noel-traineau-492x492-11f09bf121b8.jpg\" media=\"(min-resolution: 192dpi), (-webkit-min-device-pixel-ratio: 2)\"><source srcset=\"data:image\/svg+xml;base64,PHN2ZyB4bWxucz0naHR0cDovL3d3dy53My5vcmcvMjAwMC9zdmcnIHk9JzAnIHg9JzAnIHdpZHRoPSc3MTcnIGhlaWdodD0nNzE3JyB2aWV3Qm94PScwIDAgNzE3IDcxNyc+PC9zdmc+\" data-srcset=\"https:\/\/events.parcsaintecroix.com\/wp-content\/uploads\/2026\/03\/pere-noel-traineau-717x717-63289f274e1a.jpg\" media=\"(min-width: 90rem)\"><source srcset=\"data:image\/svg+xml;base64,PHN2ZyB4bWxucz0naHR0cDovL3d3dy53My5vcmcvMjAwMC9zdmcnIHk9JzAnIHg9JzAnIHdpZHRoPSc1NTcnIGhlaWdodD0nNTU3JyB2aWV3Qm94PScwIDAgNTU3IDU1Nyc+PC9zdmc+\" data-srcset=\"https:\/\/events.parcsaintecroix.com\/wp-content\/uploads\/2026\/03\/pere-noel-traineau-557x557-87d4579f6953.jpg\" media=\"(min-width: 75rem)\"><source srcset=\"data:image\/svg+xml;base64,PHN2ZyB4bWxucz0naHR0cDovL3d3dy53My5vcmcvMjAwMC9zdmcnIHk9JzAnIHg9JzAnIHdpZHRoPSczNzAnIGhlaWdodD0nMzcwJyB2aWV3Qm94PScwIDAgMzcwIDM3MCc+PC9zdmc+\" data-srcset=\"https:\/\/events.parcsaintecroix.com\/wp-content\/uploads\/2026\/03\/pere-noel-traineau-370x370-dcf66bb03c69.jpg\" media=\"(min-width: 64rem)\"><img loading=\"lazy\" decoding=\"async\" src=\"data:image\/svg+xml;base64,PHN2ZyB4bWxucz0naHR0cDovL3d3dy53My5vcmcvMjAwMC9zdmcnIHk9JzAnIHg9JzAnIHdpZHRoPScyNDYnIGhlaWdodD0nMjQ2JyB2aWV3Qm94PScwIDAgMjQ2IDI0Nic+PC9zdmc+\"  width=\"246\" height=\"246\" data-fade-in data-lazy-img data-src=\"https:\/\/events.parcsaintecroix.com\/wp-content\/uploads\/2026\/03\/pere-noel-traineau-246x246-f0cddf1a034a.jpg\" alt=\"\" style=\";--aspect-ratio-small: 1;--aspect-ratio-large: 1;--aspect-ratio-xlarge: 1;--aspect-ratio-xxlarge: 1;--aspect-ratio-retina: 1;--aspect-ratio-large_retina: 1;--aspect-ratio-xlarge_retina: 1;--aspect-ratio-xxlarge_retina: 1\" data-has-aspect-ratio=\"true\" \/><\/picture>            <\/figure>\n\n                      <\/div>\n                  <div>\n            \n            <figure>\n              <picture><source srcset=\"data:image\/svg+xml;base64,PHN2ZyB4bWxucz0naHR0cDovL3d3dy53My5vcmcvMjAwMC9zdmcnIHk9JzAnIHg9JzAnIHdpZHRoPScxMzY2JyBoZWlnaHQ9JzEzNjYnIHZpZXdCb3g9JzAgMCAxMzY2IDEzNjYnPjwvc3ZnPg==\" data-srcset=\"https:\/\/events.parcsaintecroix.com\/wp-content\/uploads\/2026\/03\/table-noel-1366x1366-9a47d799afc0.jpg\" media=\"(min-width: 90rem) and (min-resolution: 192dpi), (min-width: 90rem) and (-webkit-min-device-pixel-ratio: 2)\"><source srcset=\"data:image\/svg+xml;base64,PHN2ZyB4bWxucz0naHR0cDovL3d3dy53My5vcmcvMjAwMC9zdmcnIHk9JzAnIHg9JzAnIHdpZHRoPScxMTE0JyBoZWlnaHQ9JzExMTQnIHZpZXdCb3g9JzAgMCAxMTE0IDExMTQnPjwvc3ZnPg==\" data-srcset=\"https:\/\/events.parcsaintecroix.com\/wp-content\/uploads\/2026\/03\/table-noel-1114x1114-9019338081fd.jpg\" media=\"(min-width: 75rem) and (min-resolution: 192dpi), (min-width: 75rem) and (-webkit-min-device-pixel-ratio: 2)\"><source srcset=\"data:image\/svg+xml;base64,PHN2ZyB4bWxucz0naHR0cDovL3d3dy53My5vcmcvMjAwMC9zdmcnIHk9JzAnIHg9JzAnIHdpZHRoPSc3NDAnIGhlaWdodD0nNzQwJyB2aWV3Qm94PScwIDAgNzQwIDc0MCc+PC9zdmc+\" data-srcset=\"https:\/\/events.parcsaintecroix.com\/wp-content\/uploads\/2026\/03\/table-noel-740x740-541343d2b933.jpg\" media=\"(min-width: 64rem) and (min-resolution: 192dpi), (min-width: 64rem) and (-webkit-min-device-pixel-ratio: 2)\"><source srcset=\"data:image\/svg+xml;base64,PHN2ZyB4bWxucz0naHR0cDovL3d3dy53My5vcmcvMjAwMC9zdmcnIHk9JzAnIHg9JzAnIHdpZHRoPSc0OTInIGhlaWdodD0nNDkyJyB2aWV3Qm94PScwIDAgNDkyIDQ5Mic+PC9zdmc+\" data-srcset=\"https:\/\/events.parcsaintecroix.com\/wp-content\/uploads\/2026\/03\/table-noel-492x492-11f09bf121b8.jpg\" media=\"(min-resolution: 192dpi), (-webkit-min-device-pixel-ratio: 2)\"><source srcset=\"data:image\/svg+xml;base64,PHN2ZyB4bWxucz0naHR0cDovL3d3dy53My5vcmcvMjAwMC9zdmcnIHk9JzAnIHg9JzAnIHdpZHRoPSc3MTcnIGhlaWdodD0nNzE3JyB2aWV3Qm94PScwIDAgNzE3IDcxNyc+PC9zdmc+\" data-srcset=\"https:\/\/events.parcsaintecroix.com\/wp-content\/uploads\/2026\/03\/table-noel-717x717-63289f274e1a.jpg\" media=\"(min-width: 90rem)\"><source srcset=\"data:image\/svg+xml;base64,PHN2ZyB4bWxucz0naHR0cDovL3d3dy53My5vcmcvMjAwMC9zdmcnIHk9JzAnIHg9JzAnIHdpZHRoPSc1NTcnIGhlaWdodD0nNTU3JyB2aWV3Qm94PScwIDAgNTU3IDU1Nyc+PC9zdmc+\" data-srcset=\"https:\/\/events.parcsaintecroix.com\/wp-content\/uploads\/2026\/03\/table-noel-557x557-87d4579f6953.jpg\" media=\"(min-width: 75rem)\"><source srcset=\"data:image\/svg+xml;base64,PHN2ZyB4bWxucz0naHR0cDovL3d3dy53My5vcmcvMjAwMC9zdmcnIHk9JzAnIHg9JzAnIHdpZHRoPSczNzAnIGhlaWdodD0nMzcwJyB2aWV3Qm94PScwIDAgMzcwIDM3MCc+PC9zdmc+\" data-srcset=\"https:\/\/events.parcsaintecroix.com\/wp-content\/uploads\/2026\/03\/table-noel-370x370-dcf66bb03c69.jpg\" media=\"(min-width: 64rem)\"><img loading=\"lazy\" decoding=\"async\" src=\"data:image\/svg+xml;base64,PHN2ZyB4bWxucz0naHR0cDovL3d3dy53My5vcmcvMjAwMC9zdmcnIHk9JzAnIHg9JzAnIHdpZHRoPScyNDYnIGhlaWdodD0nMjQ2JyB2aWV3Qm94PScwIDAgMjQ2IDI0Nic+PC9zdmc+\"  width=\"246\" height=\"246\" data-fade-in data-lazy-img data-src=\"https:\/\/events.parcsaintecroix.com\/wp-content\/uploads\/2026\/03\/table-noel-246x246-f0cddf1a034a.jpg\" alt=\"\" style=\";--aspect-ratio-small: 1;--aspect-ratio-large: 1;--aspect-ratio-xlarge: 1;--aspect-ratio-xxlarge: 1;--aspect-ratio-retina: 1;--aspect-ratio-large_retina: 1;--aspect-ratio-xlarge_retina: 1;--aspect-ratio-xxlarge_retina: 1\" data-has-aspect-ratio=\"true\" \/><\/picture>            <\/figure>\n\n                      <\/div>\n                  <div>\n            \n            <figure>\n              <picture><source srcset=\"data:image\/svg+xml;base64,PHN2ZyB4bWxucz0naHR0cDovL3d3dy53My5vcmcvMjAwMC9zdmcnIHk9JzAnIHg9JzAnIHdpZHRoPScxMzY2JyBoZWlnaHQ9JzEzNjYnIHZpZXdCb3g9JzAgMCAxMzY2IDEzNjYnPjwvc3ZnPg==\" data-srcset=\"https:\/\/events.parcsaintecroix.com\/wp-content\/uploads\/2026\/03\/son-lumiere-1366x1366-9a47d799afc0.jpg\" media=\"(min-width: 90rem) and (min-resolution: 192dpi), (min-width: 90rem) and (-webkit-min-device-pixel-ratio: 2)\"><source srcset=\"data:image\/svg+xml;base64,PHN2ZyB4bWxucz0naHR0cDovL3d3dy53My5vcmcvMjAwMC9zdmcnIHk9JzAnIHg9JzAnIHdpZHRoPScxMTE0JyBoZWlnaHQ9JzExMTQnIHZpZXdCb3g9JzAgMCAxMTE0IDExMTQnPjwvc3ZnPg==\" data-srcset=\"https:\/\/events.parcsaintecroix.com\/wp-content\/uploads\/2026\/03\/son-lumiere-1114x1114-9019338081fd.jpg\" media=\"(min-width: 75rem) and (min-resolution: 192dpi), (min-width: 75rem) and (-webkit-min-device-pixel-ratio: 2)\"><source srcset=\"data:image\/svg+xml;base64,PHN2ZyB4bWxucz0naHR0cDovL3d3dy53My5vcmcvMjAwMC9zdmcnIHk9JzAnIHg9JzAnIHdpZHRoPSc3NDAnIGhlaWdodD0nNzQwJyB2aWV3Qm94PScwIDAgNzQwIDc0MCc+PC9zdmc+\" data-srcset=\"https:\/\/events.parcsaintecroix.com\/wp-content\/uploads\/2026\/03\/son-lumiere-740x740-541343d2b933.jpg\" media=\"(min-width: 64rem) and (min-resolution: 192dpi), (min-width: 64rem) and (-webkit-min-device-pixel-ratio: 2)\"><source srcset=\"data:image\/svg+xml;base64,PHN2ZyB4bWxucz0naHR0cDovL3d3dy53My5vcmcvMjAwMC9zdmcnIHk9JzAnIHg9JzAnIHdpZHRoPSc0OTInIGhlaWdodD0nNDkyJyB2aWV3Qm94PScwIDAgNDkyIDQ5Mic+PC9zdmc+\" data-srcset=\"https:\/\/events.parcsaintecroix.com\/wp-content\/uploads\/2026\/03\/son-lumiere-492x492-11f09bf121b8.jpg\" media=\"(min-resolution: 192dpi), (-webkit-min-device-pixel-ratio: 2)\"><source srcset=\"data:image\/svg+xml;base64,PHN2ZyB4bWxucz0naHR0cDovL3d3dy53My5vcmcvMjAwMC9zdmcnIHk9JzAnIHg9JzAnIHdpZHRoPSc3MTcnIGhlaWdodD0nNzE3JyB2aWV3Qm94PScwIDAgNzE3IDcxNyc+PC9zdmc+\" data-srcset=\"https:\/\/events.parcsaintecroix.com\/wp-content\/uploads\/2026\/03\/son-lumiere-717x717-63289f274e1a.jpg\" media=\"(min-width: 90rem)\"><source srcset=\"data:image\/svg+xml;base64,PHN2ZyB4bWxucz0naHR0cDovL3d3dy53My5vcmcvMjAwMC9zdmcnIHk9JzAnIHg9JzAnIHdpZHRoPSc1NTcnIGhlaWdodD0nNTU3JyB2aWV3Qm94PScwIDAgNTU3IDU1Nyc+PC9zdmc+\" data-srcset=\"https:\/\/events.parcsaintecroix.com\/wp-content\/uploads\/2026\/03\/son-lumiere-557x557-87d4579f6953.jpg\" media=\"(min-width: 75rem)\"><source srcset=\"data:image\/svg+xml;base64,PHN2ZyB4bWxucz0naHR0cDovL3d3dy53My5vcmcvMjAwMC9zdmcnIHk9JzAnIHg9JzAnIHdpZHRoPSczNzAnIGhlaWdodD0nMzcwJyB2aWV3Qm94PScwIDAgMzcwIDM3MCc+PC9zdmc+\" data-srcset=\"https:\/\/events.parcsaintecroix.com\/wp-content\/uploads\/2026\/03\/son-lumiere-370x370-dcf66bb03c69.jpg\" media=\"(min-width: 64rem)\"><img loading=\"lazy\" decoding=\"async\" src=\"data:image\/svg+xml;base64,PHN2ZyB4bWxucz0naHR0cDovL3d3dy53My5vcmcvMjAwMC9zdmcnIHk9JzAnIHg9JzAnIHdpZHRoPScyNDYnIGhlaWdodD0nMjQ2JyB2aWV3Qm94PScwIDAgMjQ2IDI0Nic+PC9zdmc+\"  width=\"246\" height=\"246\" data-fade-in data-lazy-img data-src=\"https:\/\/events.parcsaintecroix.com\/wp-content\/uploads\/2026\/03\/son-lumiere-246x246-f0cddf1a034a.jpg\" alt=\"\" style=\";--aspect-ratio-small: 1;--aspect-ratio-large: 1;--aspect-ratio-xlarge: 1;--aspect-ratio-xxlarge: 1;--aspect-ratio-retina: 1;--aspect-ratio-large_retina: 1;--aspect-ratio-xlarge_retina: 1;--aspect-ratio-xxlarge_retina: 1\" data-has-aspect-ratio=\"true\" \/><\/picture>            <\/figure>\n\n                      <\/div>\n                  <div>\n            \n            <figure>\n              <picture><source srcset=\"data:image\/svg+xml;base64,PHN2ZyB4bWxucz0naHR0cDovL3d3dy53My5vcmcvMjAwMC9zdmcnIHk9JzAnIHg9JzAnIHdpZHRoPScxMzY2JyBoZWlnaHQ9JzEzNjYnIHZpZXdCb3g9JzAgMCAxMzY2IDEzNjYnPjwvc3ZnPg==\" data-srcset=\"https:\/\/events.parcsaintecroix.com\/wp-content\/uploads\/2025\/12\/patisseries-1366x1366-9a47d799afc0.jpg\" media=\"(min-width: 90rem) and (min-resolution: 192dpi), (min-width: 90rem) and (-webkit-min-device-pixel-ratio: 2)\"><source srcset=\"data:image\/svg+xml;base64,PHN2ZyB4bWxucz0naHR0cDovL3d3dy53My5vcmcvMjAwMC9zdmcnIHk9JzAnIHg9JzAnIHdpZHRoPScxMTE0JyBoZWlnaHQ9JzExMTQnIHZpZXdCb3g9JzAgMCAxMTE0IDExMTQnPjwvc3ZnPg==\" data-srcset=\"https:\/\/events.parcsaintecroix.com\/wp-content\/uploads\/2025\/12\/patisseries-1114x1114-9019338081fd.jpg\" media=\"(min-width: 75rem) and (min-resolution: 192dpi), (min-width: 75rem) and (-webkit-min-device-pixel-ratio: 2)\"><source srcset=\"data:image\/svg+xml;base64,PHN2ZyB4bWxucz0naHR0cDovL3d3dy53My5vcmcvMjAwMC9zdmcnIHk9JzAnIHg9JzAnIHdpZHRoPSc3NDAnIGhlaWdodD0nNzQwJyB2aWV3Qm94PScwIDAgNzQwIDc0MCc+PC9zdmc+\" data-srcset=\"https:\/\/events.parcsaintecroix.com\/wp-content\/uploads\/2025\/12\/patisseries-740x740-541343d2b933.jpg\" media=\"(min-width: 64rem) and (min-resolution: 192dpi), (min-width: 64rem) and (-webkit-min-device-pixel-ratio: 2)\"><source srcset=\"data:image\/svg+xml;base64,PHN2ZyB4bWxucz0naHR0cDovL3d3dy53My5vcmcvMjAwMC9zdmcnIHk9JzAnIHg9JzAnIHdpZHRoPSc0OTInIGhlaWdodD0nNDkyJyB2aWV3Qm94PScwIDAgNDkyIDQ5Mic+PC9zdmc+\" data-srcset=\"https:\/\/events.parcsaintecroix.com\/wp-content\/uploads\/2025\/12\/patisseries-492x492-11f09bf121b8.jpg\" media=\"(min-resolution: 192dpi), (-webkit-min-device-pixel-ratio: 2)\"><source srcset=\"data:image\/svg+xml;base64,PHN2ZyB4bWxucz0naHR0cDovL3d3dy53My5vcmcvMjAwMC9zdmcnIHk9JzAnIHg9JzAnIHdpZHRoPSc3MTcnIGhlaWdodD0nNzE3JyB2aWV3Qm94PScwIDAgNzE3IDcxNyc+PC9zdmc+\" data-srcset=\"https:\/\/events.parcsaintecroix.com\/wp-content\/uploads\/2025\/12\/patisseries-717x717-63289f274e1a.jpg\" media=\"(min-width: 90rem)\"><source srcset=\"data:image\/svg+xml;base64,PHN2ZyB4bWxucz0naHR0cDovL3d3dy53My5vcmcvMjAwMC9zdmcnIHk9JzAnIHg9JzAnIHdpZHRoPSc1NTcnIGhlaWdodD0nNTU3JyB2aWV3Qm94PScwIDAgNTU3IDU1Nyc+PC9zdmc+\" data-srcset=\"https:\/\/events.parcsaintecroix.com\/wp-content\/uploads\/2025\/12\/patisseries-557x557-87d4579f6953.jpg\" media=\"(min-width: 75rem)\"><source srcset=\"data:image\/svg+xml;base64,PHN2ZyB4bWxucz0naHR0cDovL3d3dy53My5vcmcvMjAwMC9zdmcnIHk9JzAnIHg9JzAnIHdpZHRoPSczNzAnIGhlaWdodD0nMzcwJyB2aWV3Qm94PScwIDAgMzcwIDM3MCc+PC9zdmc+\" data-srcset=\"https:\/\/events.parcsaintecroix.com\/wp-content\/uploads\/2025\/12\/patisseries-370x370-dcf66bb03c69.jpg\" media=\"(min-width: 64rem)\"><img loading=\"lazy\" decoding=\"async\" src=\"data:image\/svg+xml;base64,PHN2ZyB4bWxucz0naHR0cDovL3d3dy53My5vcmcvMjAwMC9zdmcnIHk9JzAnIHg9JzAnIHdpZHRoPScyNDYnIGhlaWdodD0nMjQ2JyB2aWV3Qm94PScwIDAgMjQ2IDI0Nic+PC9zdmc+\"  width=\"246\" height=\"246\" data-fade-in data-lazy-img data-src=\"https:\/\/events.parcsaintecroix.com\/wp-content\/uploads\/2025\/12\/patisseries-246x246-f0cddf1a034a.jpg\" alt=\"\" style=\";--aspect-ratio-small: 1;--aspect-ratio-large: 1;--aspect-ratio-xlarge: 1;--aspect-ratio-xxlarge: 1;--aspect-ratio-retina: 1;--aspect-ratio-large_retina: 1;--aspect-ratio-xlarge_retina: 1;--aspect-ratio-xxlarge_retina: 1\" data-has-aspect-ratio=\"true\" \/><\/picture>            <\/figure>\n\n                      <\/div>\n                  <div>\n            \n            <figure>\n              <picture><source srcset=\"data:image\/svg+xml;base64,PHN2ZyB4bWxucz0naHR0cDovL3d3dy53My5vcmcvMjAwMC9zdmcnIHk9JzAnIHg9JzAnIHdpZHRoPScxNDE1JyBoZWlnaHQ9JzE0MTUnIHZpZXdCb3g9JzAgMCAxNDE1IDE0MTUnPjwvc3ZnPg==\" data-srcset=\"https:\/\/events.parcsaintecroix.com\/wp-content\/uploads\/2026\/03\/arrivee-pere-noel-1415x1415-9a47d799afc0.jpg\" media=\"(min-width: 90rem) and (min-resolution: 192dpi), (min-width: 90rem) and (-webkit-min-device-pixel-ratio: 2)\"><source srcset=\"data:image\/svg+xml;base64,PHN2ZyB4bWxucz0naHR0cDovL3d3dy53My5vcmcvMjAwMC9zdmcnIHk9JzAnIHg9JzAnIHdpZHRoPScxMTE0JyBoZWlnaHQ9JzExMTQnIHZpZXdCb3g9JzAgMCAxMTE0IDExMTQnPjwvc3ZnPg==\" data-srcset=\"https:\/\/events.parcsaintecroix.com\/wp-content\/uploads\/2026\/03\/arrivee-pere-noel-1114x1114-9019338081fd.jpg\" media=\"(min-width: 75rem) and (min-resolution: 192dpi), (min-width: 75rem) and (-webkit-min-device-pixel-ratio: 2)\"><source srcset=\"data:image\/svg+xml;base64,PHN2ZyB4bWxucz0naHR0cDovL3d3dy53My5vcmcvMjAwMC9zdmcnIHk9JzAnIHg9JzAnIHdpZHRoPSc3NDAnIGhlaWdodD0nNzQwJyB2aWV3Qm94PScwIDAgNzQwIDc0MCc+PC9zdmc+\" data-srcset=\"https:\/\/events.parcsaintecroix.com\/wp-content\/uploads\/2026\/03\/arrivee-pere-noel-740x740-541343d2b933.jpg\" media=\"(min-width: 64rem) and (min-resolution: 192dpi), (min-width: 64rem) and (-webkit-min-device-pixel-ratio: 2)\"><source srcset=\"data:image\/svg+xml;base64,PHN2ZyB4bWxucz0naHR0cDovL3d3dy53My5vcmcvMjAwMC9zdmcnIHk9JzAnIHg9JzAnIHdpZHRoPSc0OTInIGhlaWdodD0nNDkyJyB2aWV3Qm94PScwIDAgNDkyIDQ5Mic+PC9zdmc+\" data-srcset=\"https:\/\/events.parcsaintecroix.com\/wp-content\/uploads\/2026\/03\/arrivee-pere-noel-492x492-11f09bf121b8.jpg\" media=\"(min-resolution: 192dpi), (-webkit-min-device-pixel-ratio: 2)\"><source srcset=\"data:image\/svg+xml;base64,PHN2ZyB4bWxucz0naHR0cDovL3d3dy53My5vcmcvMjAwMC9zdmcnIHk9JzAnIHg9JzAnIHdpZHRoPSc3MTcnIGhlaWdodD0nNzE3JyB2aWV3Qm94PScwIDAgNzE3IDcxNyc+PC9zdmc+\" data-srcset=\"https:\/\/events.parcsaintecroix.com\/wp-content\/uploads\/2026\/03\/arrivee-pere-noel-717x717-63289f274e1a.jpg\" media=\"(min-width: 90rem)\"><source srcset=\"data:image\/svg+xml;base64,PHN2ZyB4bWxucz0naHR0cDovL3d3dy53My5vcmcvMjAwMC9zdmcnIHk9JzAnIHg9JzAnIHdpZHRoPSc1NTcnIGhlaWdodD0nNTU3JyB2aWV3Qm94PScwIDAgNTU3IDU1Nyc+PC9zdmc+\" data-srcset=\"https:\/\/events.parcsaintecroix.com\/wp-content\/uploads\/2026\/03\/arrivee-pere-noel-557x557-87d4579f6953.jpg\" media=\"(min-width: 75rem)\"><source srcset=\"data:image\/svg+xml;base64,PHN2ZyB4bWxucz0naHR0cDovL3d3dy53My5vcmcvMjAwMC9zdmcnIHk9JzAnIHg9JzAnIHdpZHRoPSczNzAnIGhlaWdodD0nMzcwJyB2aWV3Qm94PScwIDAgMzcwIDM3MCc+PC9zdmc+\" data-srcset=\"https:\/\/events.parcsaintecroix.com\/wp-content\/uploads\/2026\/03\/arrivee-pere-noel-370x370-dcf66bb03c69.jpg\" media=\"(min-width: 64rem)\"><img loading=\"lazy\" decoding=\"async\" src=\"data:image\/svg+xml;base64,PHN2ZyB4bWxucz0naHR0cDovL3d3dy53My5vcmcvMjAwMC9zdmcnIHk9JzAnIHg9JzAnIHdpZHRoPScyNDYnIGhlaWdodD0nMjQ2JyB2aWV3Qm94PScwIDAgMjQ2IDI0Nic+PC9zdmc+\"  width=\"246\" height=\"246\" data-fade-in data-lazy-img data-src=\"https:\/\/events.parcsaintecroix.com\/wp-content\/uploads\/2026\/03\/arrivee-pere-noel-246x246-f0cddf1a034a.jpg\" alt=\"\" style=\";--aspect-ratio-small: 1;--aspect-ratio-large: 1;--aspect-ratio-xlarge: 1;--aspect-ratio-xxlarge: 1;--aspect-ratio-retina: 1;--aspect-ratio-large_retina: 1;--aspect-ratio-xlarge_retina: 1;--aspect-ratio-xxlarge_retina: 1\" data-has-aspect-ratio=\"true\" \/><\/picture>            <\/figure>\n\n                      <\/div>\n                  <div>\n            \n            <figure>\n              <picture><source srcset=\"data:image\/svg+xml;base64,PHN2ZyB4bWxucz0naHR0cDovL3d3dy53My5vcmcvMjAwMC9zdmcnIHk9JzAnIHg9JzAnIHdpZHRoPScxMzY2JyBoZWlnaHQ9JzEzNjYnIHZpZXdCb3g9JzAgMCAxMzY2IDEzNjYnPjwvc3ZnPg==\" data-srcset=\"https:\/\/events.parcsaintecroix.com\/wp-content\/uploads\/2026\/03\/lumiere-noel-1366x1366-9a47d799afc0.jpg\" media=\"(min-width: 90rem) and (min-resolution: 192dpi), (min-width: 90rem) and (-webkit-min-device-pixel-ratio: 2)\"><source srcset=\"data:image\/svg+xml;base64,PHN2ZyB4bWxucz0naHR0cDovL3d3dy53My5vcmcvMjAwMC9zdmcnIHk9JzAnIHg9JzAnIHdpZHRoPScxMTE0JyBoZWlnaHQ9JzExMTQnIHZpZXdCb3g9JzAgMCAxMTE0IDExMTQnPjwvc3ZnPg==\" data-srcset=\"https:\/\/events.parcsaintecroix.com\/wp-content\/uploads\/2026\/03\/lumiere-noel-1114x1114-9019338081fd.jpg\" media=\"(min-width: 75rem) and (min-resolution: 192dpi), (min-width: 75rem) and (-webkit-min-device-pixel-ratio: 2)\"><source srcset=\"data:image\/svg+xml;base64,PHN2ZyB4bWxucz0naHR0cDovL3d3dy53My5vcmcvMjAwMC9zdmcnIHk9JzAnIHg9JzAnIHdpZHRoPSc3NDAnIGhlaWdodD0nNzQwJyB2aWV3Qm94PScwIDAgNzQwIDc0MCc+PC9zdmc+\" data-srcset=\"https:\/\/events.parcsaintecroix.com\/wp-content\/uploads\/2026\/03\/lumiere-noel-740x740-541343d2b933.jpg\" media=\"(min-width: 64rem) and (min-resolution: 192dpi), (min-width: 64rem) and (-webkit-min-device-pixel-ratio: 2)\"><source srcset=\"data:image\/svg+xml;base64,PHN2ZyB4bWxucz0naHR0cDovL3d3dy53My5vcmcvMjAwMC9zdmcnIHk9JzAnIHg9JzAnIHdpZHRoPSc0OTInIGhlaWdodD0nNDkyJyB2aWV3Qm94PScwIDAgNDkyIDQ5Mic+PC9zdmc+\" data-srcset=\"https:\/\/events.parcsaintecroix.com\/wp-content\/uploads\/2026\/03\/lumiere-noel-492x492-11f09bf121b8.jpg\" media=\"(min-resolution: 192dpi), (-webkit-min-device-pixel-ratio: 2)\"><source srcset=\"data:image\/svg+xml;base64,PHN2ZyB4bWxucz0naHR0cDovL3d3dy53My5vcmcvMjAwMC9zdmcnIHk9JzAnIHg9JzAnIHdpZHRoPSc3MTcnIGhlaWdodD0nNzE3JyB2aWV3Qm94PScwIDAgNzE3IDcxNyc+PC9zdmc+\" data-srcset=\"https:\/\/events.parcsaintecroix.com\/wp-content\/uploads\/2026\/03\/lumiere-noel-717x717-63289f274e1a.jpg\" media=\"(min-width: 90rem)\"><source srcset=\"data:image\/svg+xml;base64,PHN2ZyB4bWxucz0naHR0cDovL3d3dy53My5vcmcvMjAwMC9zdmcnIHk9JzAnIHg9JzAnIHdpZHRoPSc1NTcnIGhlaWdodD0nNTU3JyB2aWV3Qm94PScwIDAgNTU3IDU1Nyc+PC9zdmc+\" data-srcset=\"https:\/\/events.parcsaintecroix.com\/wp-content\/uploads\/2026\/03\/lumiere-noel-557x557-87d4579f6953.jpg\" media=\"(min-width: 75rem)\"><source srcset=\"data:image\/svg+xml;base64,PHN2ZyB4bWxucz0naHR0cDovL3d3dy53My5vcmcvMjAwMC9zdmcnIHk9JzAnIHg9JzAnIHdpZHRoPSczNzAnIGhlaWdodD0nMzcwJyB2aWV3Qm94PScwIDAgMzcwIDM3MCc+PC9zdmc+\" data-srcset=\"https:\/\/events.parcsaintecroix.com\/wp-content\/uploads\/2026\/03\/lumiere-noel-370x370-dcf66bb03c69.jpg\" media=\"(min-width: 64rem)\"><img loading=\"lazy\" decoding=\"async\" src=\"data:image\/svg+xml;base64,PHN2ZyB4bWxucz0naHR0cDovL3d3dy53My5vcmcvMjAwMC9zdmcnIHk9JzAnIHg9JzAnIHdpZHRoPScyNDYnIGhlaWdodD0nMjQ2JyB2aWV3Qm94PScwIDAgMjQ2IDI0Nic+PC9zdmc+\"  width=\"246\" height=\"246\" data-fade-in data-lazy-img data-src=\"https:\/\/events.parcsaintecroix.com\/wp-content\/uploads\/2026\/03\/lumiere-noel-246x246-f0cddf1a034a.jpg\" alt=\"\" style=\";--aspect-ratio-small: 1;--aspect-ratio-large: 1;--aspect-ratio-xlarge: 1;--aspect-ratio-xxlarge: 1;--aspect-ratio-retina: 1;--aspect-ratio-large_retina: 1;--aspect-ratio-xlarge_retina: 1;--aspect-ratio-xxlarge_retina: 1\" data-has-aspect-ratio=\"true\" \/><\/picture>            <\/figure>\n\n                      <\/div>\n                  <div>\n            \n            <figure>\n              <picture><source srcset=\"data:image\/svg+xml;base64,PHN2ZyB4bWxucz0naHR0cDovL3d3dy53My5vcmcvMjAwMC9zdmcnIHk9JzAnIHg9JzAnIHdpZHRoPScxMzY2JyBoZWlnaHQ9JzEzNjYnIHZpZXdCb3g9JzAgMCAxMzY2IDEzNjYnPjwvc3ZnPg==\" data-srcset=\"https:\/\/events.parcsaintecroix.com\/wp-content\/uploads\/2026\/03\/arbre-illuminee-1366x1366-9a47d799afc0.jpg\" media=\"(min-width: 90rem) and (min-resolution: 192dpi), (min-width: 90rem) and (-webkit-min-device-pixel-ratio: 2)\"><source srcset=\"data:image\/svg+xml;base64,PHN2ZyB4bWxucz0naHR0cDovL3d3dy53My5vcmcvMjAwMC9zdmcnIHk9JzAnIHg9JzAnIHdpZHRoPScxMTE0JyBoZWlnaHQ9JzExMTQnIHZpZXdCb3g9JzAgMCAxMTE0IDExMTQnPjwvc3ZnPg==\" data-srcset=\"https:\/\/events.parcsaintecroix.com\/wp-content\/uploads\/2026\/03\/arbre-illuminee-1114x1114-9019338081fd.jpg\" media=\"(min-width: 75rem) and (min-resolution: 192dpi), (min-width: 75rem) and (-webkit-min-device-pixel-ratio: 2)\"><source srcset=\"data:image\/svg+xml;base64,PHN2ZyB4bWxucz0naHR0cDovL3d3dy53My5vcmcvMjAwMC9zdmcnIHk9JzAnIHg9JzAnIHdpZHRoPSc3NDAnIGhlaWdodD0nNzQwJyB2aWV3Qm94PScwIDAgNzQwIDc0MCc+PC9zdmc+\" data-srcset=\"https:\/\/events.parcsaintecroix.com\/wp-content\/uploads\/2026\/03\/arbre-illuminee-740x740-541343d2b933.jpg\" media=\"(min-width: 64rem) and (min-resolution: 192dpi), (min-width: 64rem) and (-webkit-min-device-pixel-ratio: 2)\"><source srcset=\"data:image\/svg+xml;base64,PHN2ZyB4bWxucz0naHR0cDovL3d3dy53My5vcmcvMjAwMC9zdmcnIHk9JzAnIHg9JzAnIHdpZHRoPSc0OTInIGhlaWdodD0nNDkyJyB2aWV3Qm94PScwIDAgNDkyIDQ5Mic+PC9zdmc+\" data-srcset=\"https:\/\/events.parcsaintecroix.com\/wp-content\/uploads\/2026\/03\/arbre-illuminee-492x492-11f09bf121b8.jpg\" media=\"(min-resolution: 192dpi), (-webkit-min-device-pixel-ratio: 2)\"><source srcset=\"data:image\/svg+xml;base64,PHN2ZyB4bWxucz0naHR0cDovL3d3dy53My5vcmcvMjAwMC9zdmcnIHk9JzAnIHg9JzAnIHdpZHRoPSc3MTcnIGhlaWdodD0nNzE3JyB2aWV3Qm94PScwIDAgNzE3IDcxNyc+PC9zdmc+\" data-srcset=\"https:\/\/events.parcsaintecroix.com\/wp-content\/uploads\/2026\/03\/arbre-illuminee-717x717-63289f274e1a.jpg\" media=\"(min-width: 90rem)\"><source srcset=\"data:image\/svg+xml;base64,PHN2ZyB4bWxucz0naHR0cDovL3d3dy53My5vcmcvMjAwMC9zdmcnIHk9JzAnIHg9JzAnIHdpZHRoPSc1NTcnIGhlaWdodD0nNTU3JyB2aWV3Qm94PScwIDAgNTU3IDU1Nyc+PC9zdmc+\" data-srcset=\"https:\/\/events.parcsaintecroix.com\/wp-content\/uploads\/2026\/03\/arbre-illuminee-557x557-87d4579f6953.jpg\" media=\"(min-width: 75rem)\"><source srcset=\"data:image\/svg+xml;base64,PHN2ZyB4bWxucz0naHR0cDovL3d3dy53My5vcmcvMjAwMC9zdmcnIHk9JzAnIHg9JzAnIHdpZHRoPSczNzAnIGhlaWdodD0nMzcwJyB2aWV3Qm94PScwIDAgMzcwIDM3MCc+PC9zdmc+\" data-srcset=\"https:\/\/events.parcsaintecroix.com\/wp-content\/uploads\/2026\/03\/arbre-illuminee-370x370-dcf66bb03c69.jpg\" media=\"(min-width: 64rem)\"><img loading=\"lazy\" decoding=\"async\" src=\"data:image\/svg+xml;base64,PHN2ZyB4bWxucz0naHR0cDovL3d3dy53My5vcmcvMjAwMC9zdmcnIHk9JzAnIHg9JzAnIHdpZHRoPScyNDYnIGhlaWdodD0nMjQ2JyB2aWV3Qm94PScwIDAgMjQ2IDI0Nic+PC9zdmc+\"  width=\"246\" height=\"246\" data-fade-in data-lazy-img data-src=\"https:\/\/events.parcsaintecroix.com\/wp-content\/uploads\/2026\/03\/arbre-illuminee-246x246-f0cddf1a034a.jpg\" alt=\"\" style=\";--aspect-ratio-small: 1;--aspect-ratio-large: 1;--aspect-ratio-xlarge: 1;--aspect-ratio-xxlarge: 1;--aspect-ratio-retina: 1;--aspect-ratio-large_retina: 1;--aspect-ratio-xlarge_retina: 1;--aspect-ratio-xxlarge_retina: 1\" data-has-aspect-ratio=\"true\" \/><\/picture>            <\/figure>\n\n                      <\/div>\n            <\/div>\n  \n  \n<\/section>\n\n\n<section class=\"block-grid-wrapper block-grid-for-core-heading\">\n      <div class=\"default-editor-content grid-for-core-heading grid-container fluid fluid\">\n        <div class=\"grid-x grid-padding-x align-center\">\n          <div class=\"cell\">\n            \n<h4 class=\"wp-block-heading has-primary-color has-text-color has-link-color wp-elements-a2a816f345a8caed69b244c92799e984\">Ce qui est inclut dans votre arbre de No\u00ebl :<\/h4>\n          <\/div>\n        <\/div>\n      <\/div>\n\n      <\/section>\n\n<section class=\"block-grid-wrapper block-grid-for-core-list\">\n      <div class=\"default-editor-content grid-for-core-list grid-container fluid fluid\">\n        <div class=\"grid-x grid-padding-x align-center\">\n          <div class=\"cell\">\n            \n<ul class=\"wp-block-list\">\n<li>Acc\u00e8s illimit\u00e9 au parc d\u00e8s 13h30, avec d\u00e9couverte des animaux et des d\u00e9cors hivernaux<\/li>\n\n\n\n<li>Parcours \u201cLe Conte d\u2019Hiver\u201d : une balade enchant\u00e9e \u00e0 la tomb\u00e9e de la nuit, o\u00f9 lumi\u00e8res, sons et d\u00e9cors cr\u00e9ent une atmosph\u00e8re magique en plein c\u0153ur du Parc Sainte Croix<\/li>\n\n\n\n<li>Espace privatis\u00e9 pour votre go\u00fbter dans un cadre chaleureux et d\u00e9cor\u00e9 pour les f\u00eates<\/li>\n\n\n\n<li>Pr\u00e9sence du P\u00e8re No\u00ebl : distribution de cadeaux<br><br>Des options suppl\u00e9mentaires vous sont aussi propos\u00e9s pour personnaliser votre \u00e9v\u00e9nement :<br><\/li>\n\n\n\n<li>Spectacle de No\u00ebl (au choix parmi 5 spectacles &#8211; amphith\u00e9\u00e2tre de 180 places max) pour un moment festif inoubliable<\/li>\n\n\n\n<li><a href=\"https:\/\/events.parcsaintecroix.com\/fr\/activites-teambuilding-seminaire\">Safari Train privatis\u00e9 <\/a>(70 places) pour une visite exclusive du parc<\/li>\n\n\n\n<li>D\u00e9jeuner ou diner avec menu de No\u00ebl adapt\u00e9 aux adultes et aux enfants<\/li>\n<\/ul>\n          <\/div>\n        <\/div>\n      <\/div>\n\n      <\/section>\n\n<section class=\"block-grid-wrapper block-grid-for-core-list\">\n      <div class=\"default-editor-content grid-for-core-list grid-container fluid fluid\">\n        <div class=\"grid-x grid-padding-x align-center\">\n          <div class=\"cell\">\n            \n<ul class=\"wp-block-list\"><\/ul>\n          <\/div>\n        <\/div>\n      <\/div>\n\n      <\/section>\n\n<section class=\"block-grid-wrapper block-grid-for-core-list\">\n      <div class=\"default-editor-content grid-for-core-list grid-container fluid fluid\">\n        <div class=\"grid-x grid-padding-x align-center\">\n          <div class=\"cell\">\n            \n<ul class=\"wp-block-list\"><\/ul>\n          <\/div>\n        <\/div>\n      <\/div>\n\n      <\/section>\n\n<section class=\"block-grid-wrapper block-grid-for-core-buttons\">\n      <div class=\"default-editor-content grid-for-core-buttons grid-container fluid fluid\">\n        <div class=\"grid-x grid-padding-x align-center\">\n          <div class=\"cell\">\n            \n<div class=\"wp-block-buttons is-content-justification-center is-layout-flex wp-container-core-buttons-is-layout-16018d1d wp-block-buttons-is-layout-flex\">\n<div class=\"wp-block-button is-style-large-button-navy\" data-gtm=\"false\" data-gtm-event=\"click_cta\" data-gtm-event-label=\"false\"><a class=\"wp-block-button__link wp-element-button\" href=\"https:\/\/events.parcsaintecroix.com\/fr\/contact\">Besoin d&rsquo;informations ?<\/a><\/div>\n<\/div>\n          <\/div>\n        <\/div>\n      <\/div>\n\n      <\/section>\n\n<section class=\"block-grid-wrapper block-grid-for-core-list\">\n      <div class=\"default-editor-content grid-for-core-list grid-container fluid fluid\">\n        <div class=\"grid-x grid-padding-x align-center\">\n          <div class=\"cell\">\n            \n<ul class=\"wp-block-list\"><\/ul>\n          <\/div>\n        <\/div>\n      <\/div>\n\n      <\/section>\n\n<section class=\"block-grid-wrapper block-grid-for-core-heading\">\n      <div class=\"default-editor-content grid-for-core-heading grid-container fluid fluid\">\n        <div class=\"grid-x grid-padding-x align-center\">\n          <div class=\"cell\">\n            \n<h3 class=\"wp-block-heading\">Votre \u00e9v\u00e8nement de fin d&rsquo;ann\u00e9e immersif-  \u00ab\u00a0La Magie de No\u00ebl au Parc\u00a0\u00bb<\/h3>\n          <\/div>\n        <\/div>\n      <\/div>\n\n      <\/section>\n\n<section class=\"block-grid-wrapper block-grid-for-core-paragraph\">\n      <div class=\"default-editor-content grid-for-core-paragraph grid-container fluid fluid\">\n        <div class=\"grid-x grid-padding-x align-center\">\n          <div class=\"cell\">\n            \n<p>Cette offre s&rsquo;adresse aux groupes recherchant une ambiance festive et libre, sans privatisation.<\/p>\n          <\/div>\n        <\/div>\n      <\/div>\n\n      <\/section>\n\n<section class=\"block-grid-wrapper block-grid-for-core-columns\">\n      <div class=\"default-editor-content grid-for-core-columns grid-container fluid fluid\">\n        <div class=\"grid-x grid-padding-x align-center\">\n          <div class=\"cell\">\n            \n<div class=\"wp-block-columns is-layout-flex wp-container-core-columns-is-layout-9d6595d7 wp-block-columns-is-layout-flex\">\n<div class=\"wp-block-column is-layout-flow wp-block-column-is-layout-flow\">\n<figure class=\"wp-block-image size-large\"><img decoding=\"async\" src=\"http:\/\/events.parcsaintecroix.com\/wp-content\/uploads\/2026\/03\/loup-illuminee-1024x683.jpg\" alt=\"\" class=\"wp-image-39877\"\/><\/figure>\n<\/div>\n\n\n\n<div class=\"wp-block-column is-layout-flow wp-block-column-is-layout-flow\">\n<h4 class=\"wp-block-heading\">Cette offre inclut :<\/h4>\n\n\n\n<ul class=\"wp-block-list\">\n<li>Coupons restauration pour un go\u00fbter ou un d\u00eener debout \u00e0 la Ferme des Vents, dans une ambiance de march\u00e9 de No\u00ebl authentique<\/li>\n\n\n\n<li>Acc\u00e8s au parc d\u00e8s 13h30, avec d\u00e9couverte des animaux et des d\u00e9cors de No\u00ebl<\/li>\n\n\n\n<li>Acc\u00e8s exclusif au March\u00e9 de No\u00ebl : chalets gourmands, vin chaud, p\u00e2tisseries, et ambiance musicale au c\u0153ur de la Ferme des Vents illumin\u00e9e<\/li>\n\n\n\n<li>Parcours \u201cLe Conte d\u2019Hiver\u201d : une exp\u00e9rience sonore et lumineuse \u00e0 vivre en famille ou entre coll\u00e8gues<\/li>\n<\/ul>\n\n\n\n<p>Options Gourmandes :<\/p>\n\n\n\n<ul class=\"wp-block-list\">\n<li>Soir\u00e9e gourmande : knack-frites, flamm, ou autres sp\u00e9cialit\u00e9s locales.<\/li>\n\n\n\n<li>Go\u00fbter enchant\u00e9 : une p\u00e2tisserie + une boisson chaude ou froide.<\/li>\n<\/ul>\n<\/div>\n<\/div>\n          <\/div>\n        <\/div>\n      <\/div>\n\n      <\/section>\n\n<section class=\"block-grid-wrapper block-grid-for-core-buttons\">\n      <div class=\"default-editor-content grid-for-core-buttons grid-container fluid fluid\">\n        <div class=\"grid-x grid-padding-x align-center\">\n          <div class=\"cell\">\n            \n<div class=\"wp-block-buttons is-content-justification-center is-layout-flex wp-container-core-buttons-is-layout-16018d1d wp-block-buttons-is-layout-flex\">\n<div class=\"wp-block-button is-style-large-button-navy\" data-gtm=\"false\" data-gtm-event=\"click_cta\" data-gtm-event-label=\"false\"><a class=\"wp-block-button__link wp-element-button\" href=\"https:\/\/events.parcsaintecroix.com\/fr\/contact\">En savoir plus <\/a><\/div>\n<\/div>\n          <\/div>\n        <\/div>\n      <\/div>\n\n      <\/section>\n\n<section class=\"block-grid-wrapper block-grid-for-core-heading\">\n      <div class=\"default-editor-content grid-for-core-heading grid-container fluid fluid\">\n        <div class=\"grid-x grid-padding-x align-center\">\n          <div class=\"cell\">\n            \n<h2 class=\"wp-block-heading\">Informations pratiques pour votre arbre de No\u00ebl<\/h2>\n          <\/div>\n        <\/div>\n      <\/div>\n\n      <\/section>\n\n<section class=\"block-grid-wrapper block-grid-for-core-heading\">\n      <div class=\"default-editor-content grid-for-core-heading grid-container fluid fluid\">\n        <div class=\"grid-x grid-padding-x align-center\">\n          <div class=\"cell\">\n            \n<h3 class=\"wp-block-heading\">Horaires et acc\u00e8s :<\/h3>\n          <\/div>\n        <\/div>\n      <\/div>\n\n      <\/section>\n\n<section class=\"block-grid-wrapper block-grid-for-core-paragraph\">\n      <div class=\"default-editor-content grid-for-core-paragraph grid-container fluid fluid\">\n        <div class=\"grid-x grid-padding-x align-center\">\n          <div class=\"cell\">\n            \n<p>March\u00e9 de No\u00ebl : ouvert en continu, avec animations et stands gourmands<\/p>\n          <\/div>\n        <\/div>\n      <\/div>\n\n      <\/section>\n\n<section class=\"block-grid-wrapper block-grid-for-core-paragraph\">\n      <div class=\"default-editor-content grid-for-core-paragraph grid-container fluid fluid\">\n        <div class=\"grid-x grid-padding-x align-center\">\n          <div class=\"cell\">\n            \n<p>Ouverture du parc : 13h30 \u2013 17h (acc\u00e8s aux sentiers)<\/p>\n          <\/div>\n        <\/div>\n      <\/div>\n\n      <\/section>\n\n<section class=\"block-grid-wrapper block-grid-for-core-paragraph\">\n      <div class=\"default-editor-content grid-for-core-paragraph grid-container fluid fluid\">\n        <div class=\"grid-x grid-padding-x align-center\">\n          <div class=\"cell\">\n            \n<p>Le Conte d\u2019Hiver : accessible jusqu\u2019\u00e0 20h<\/p>\n          <\/div>\n        <\/div>\n      <\/div>\n\n      <\/section>\n\n<section class=\"block-grid-wrapper block-grid-for-core-list\">\n      <div class=\"default-editor-content grid-for-core-list grid-container fluid fluid\">\n        <div class=\"grid-x grid-padding-x align-center\">\n          <div class=\"cell\">\n            \n<ul class=\"wp-block-list\"><\/ul>\n          <\/div>\n        <\/div>\n      <\/div>\n\n      <\/section>\n\n\n<section  class=\"wp-block-acf-info-contact  block-index-64 section-content section-contact-info\"   itemprop=\"hasPart\" itemscope itemtype=\"https:\/\/schema.org\/WebPageElement\" style=\" --bg-color: #1B374A; \">\n\n  <div class=\"grid-container fluid\">\n    <div class=\"grid-x grid-padding-x align-center\">\n      <div class=\"cell medium-10 large-9 text-center inner-blocks\">\n        <div class=\"page-descr\">\n\n<p>R\u00e9servations et Contact :<\/p>\n\n\n\n<p>Pour organiser votre \u00e9v\u00e9nement d\u2019entreprise, journ\u00e9e de groupe, ou f\u00eate de fin d\u2019ann\u00e9e, contactez notre service d\u00e9di\u00e9 :<\/p>\n\n\n\n<div class=\"wp-block-buttons is-content-justification-center is-layout-flex wp-container-core-buttons-is-layout-16018d1d wp-block-buttons-is-layout-flex\">\n<div class=\"wp-block-button is-style-white-button\" data-gtm=\"false\" data-gtm-event=\"click_cta\" data-gtm-event-label=\"false\"><a class=\"wp-block-button__link wp-element-button\" href=\"https:\/\/events.parcsaintecroix.com\/fr\/contact\">Contactez nous<\/a><\/div>\n<\/div>\n\n<\/div>\n      <\/div>\n    <\/div>\n  <\/div>\n<\/section>\n","protected":false},"excerpt":{"rendered":"<p>Offrez \u00e0 vos collaborateur une exp\u00e9rience de fin d\u2019ann\u00e9e inoubliable ! Sainte Croix Events accueille les comit\u00e9s d\u2019entreprise, groupes et \u00e9v\u00e9nements professionnels toute l\u2019ann\u00e9e dans un cadre unique \u00e0 chaque saison. Qui dit hiver dit f\u00eates de fin d\u2019ann\u00e9e. La p\u00e9riode de No\u00ebl est une belle opportunit\u00e9 de cr\u00e9er des souvenirs inoubliables pour vos collaborateurs, [&hellip;]<\/p>\n","protected":false},"author":18,"featured_media":39877,"parent":0,"menu_order":0,"comment_status":"closed","ping_status":"closed","template":"","meta":{"_acf_changed":false,"footnotes":""},"class_list":["post-39847","page","type-page","status-publish","has-post-thumbnail","hentry"],"acf":[],"yoast_head":"<!-- This site is optimized with the Yoast SEO plugin v27.3 - https:\/\/yoast.com\/product\/yoast-seo-wordpress\/ -->\n<title>Votre arbre de No\u00ebl | Sainte-Croix Events<\/title>\n<meta name=\"description\" content=\"Organisez un \u00e9v\u00e9nement de fin d\u2019ann\u00e9e inoubliable au Parc Sainte Croix : cadre f\u00e9erique et offres sur mesure pour entreprises et CSE\" \/>\n<meta name=\"robots\" content=\"index, follow, max-snippet:-1, max-image-preview:large, max-video-preview:-1\" \/>\n<link rel=\"canonical\" href=\"https:\/\/events.parcsaintecroix.com\/fr\/evenement-fin-annee-entreprise-et-cse\" \/>\n<meta property=\"og:locale\" content=\"fr_FR\" \/>\n<meta property=\"og:type\" content=\"article\" \/>\n<meta property=\"og:title\" content=\"Votre arbre de No\u00ebl | Sainte-Croix Events\" \/>\n<meta property=\"og:description\" content=\"Organisez un \u00e9v\u00e9nement de fin d\u2019ann\u00e9e inoubliable au Parc Sainte Croix : cadre f\u00e9erique et offres sur mesure pour entreprises et CSE\" \/>\n<meta property=\"og:url\" content=\"https:\/\/events.parcsaintecroix.com\/fr\/evenement-fin-annee-entreprise-et-cse\" \/>\n<meta property=\"og:site_name\" content=\"Sainte-Croix Events\" \/>\n<meta property=\"article:publisher\" content=\"https:\/\/www.facebook.com\/LodgesSainteCroix\/\" \/>\n<meta property=\"article:modified_time\" content=\"2026-03-27T15:25:12+00:00\" \/>\n<meta property=\"og:image\" content=\"http:\/\/events.parcsaintecroix.com\/wp-content\/uploads\/2026\/03\/loup-illuminee.jpg\" \/>\n\t<meta property=\"og:image:width\" content=\"2048\" \/>\n\t<meta property=\"og:image:height\" content=\"1365\" \/>\n\t<meta property=\"og:image:type\" content=\"image\/jpeg\" \/>\n<meta name=\"twitter:card\" content=\"summary_large_image\" \/>\n<meta name=\"twitter:site\" content=\"@parc_stecroix\" \/>\n<meta name=\"twitter:label1\" content=\"Dur\u00e9e de lecture estim\u00e9e\" \/>\n\t<meta name=\"twitter:data1\" content=\"4 minutes\" \/>\n<script type=\"application\/ld+json\" class=\"yoast-schema-graph\">{\"@context\":\"https:\\\/\\\/schema.org\",\"@graph\":[{\"@type\":\"WebPage\",\"@id\":\"https:\\\/\\\/events.parcsaintecroix.com\\\/fr\\\/evenement-fin-annee-entreprise-et-cse\",\"url\":\"https:\\\/\\\/events.parcsaintecroix.com\\\/fr\\\/evenement-fin-annee-entreprise-et-cse\",\"name\":\"Votre arbre de No\u00ebl | Sainte-Croix Events\",\"isPartOf\":{\"@id\":\"https:\\\/\\\/events.parcsaintecroix.com\\\/fr\\\/#website\"},\"primaryImageOfPage\":{\"@id\":\"https:\\\/\\\/events.parcsaintecroix.com\\\/fr\\\/evenement-fin-annee-entreprise-et-cse#primaryimage\"},\"image\":{\"@id\":\"https:\\\/\\\/events.parcsaintecroix.com\\\/fr\\\/evenement-fin-annee-entreprise-et-cse#primaryimage\"},\"thumbnailUrl\":\"https:\\\/\\\/events.parcsaintecroix.com\\\/wp-content\\\/uploads\\\/2026\\\/03\\\/loup-illuminee.jpg\",\"datePublished\":\"2026-03-27T15:25:09+00:00\",\"dateModified\":\"2026-03-27T15:25:12+00:00\",\"description\":\"Organisez un \u00e9v\u00e9nement de fin d\u2019ann\u00e9e inoubliable au Parc Sainte Croix : cadre f\u00e9erique et offres sur mesure pour entreprises et CSE\",\"breadcrumb\":{\"@id\":\"https:\\\/\\\/events.parcsaintecroix.com\\\/fr\\\/evenement-fin-annee-entreprise-et-cse#breadcrumb\"},\"inLanguage\":\"fr-FR\",\"potentialAction\":[{\"@type\":\"ReadAction\",\"target\":[\"https:\\\/\\\/events.parcsaintecroix.com\\\/fr\\\/evenement-fin-annee-entreprise-et-cse\"]}]},{\"@type\":\"ImageObject\",\"inLanguage\":\"fr-FR\",\"@id\":\"https:\\\/\\\/events.parcsaintecroix.com\\\/fr\\\/evenement-fin-annee-entreprise-et-cse#primaryimage\",\"url\":\"https:\\\/\\\/events.parcsaintecroix.com\\\/wp-content\\\/uploads\\\/2026\\\/03\\\/loup-illuminee.jpg\",\"contentUrl\":\"https:\\\/\\\/events.parcsaintecroix.com\\\/wp-content\\\/uploads\\\/2026\\\/03\\\/loup-illuminee.jpg\",\"width\":2048,\"height\":1365},{\"@type\":\"BreadcrumbList\",\"@id\":\"https:\\\/\\\/events.parcsaintecroix.com\\\/fr\\\/evenement-fin-annee-entreprise-et-cse#breadcrumb\",\"itemListElement\":[{\"@type\":\"ListItem\",\"position\":1,\"name\":\"Accueil\",\"item\":\"https:\\\/\\\/events.parcsaintecroix.com\\\/fr\"},{\"@type\":\"ListItem\",\"position\":2,\"name\":\"No\u00ebl au Parc Sainte Croix \u2013 \u00c9v\u00e9nements d\u2019Entreprise et CSE\"}]},{\"@type\":\"WebSite\",\"@id\":\"https:\\\/\\\/events.parcsaintecroix.com\\\/fr\\\/#website\",\"url\":\"https:\\\/\\\/events.parcsaintecroix.com\\\/fr\\\/\",\"name\":\"Sainte-Croix Events\",\"description\":\"Organiser votre s\u00e9minaire au c\u0153ur de la nature et du vivant\",\"publisher\":{\"@id\":\"https:\\\/\\\/events.parcsaintecroix.com\\\/fr\\\/#organization\"},\"alternateName\":\"PSC\",\"inLanguage\":\"fr-FR\"},{\"@type\":\"Organization\",\"@id\":\"https:\\\/\\\/events.parcsaintecroix.com\\\/fr\\\/#organization\",\"name\":\"Sainte-Croix Events\",\"url\":\"https:\\\/\\\/events.parcsaintecroix.com\\\/fr\\\/\",\"logo\":{\"@type\":\"ImageObject\",\"inLanguage\":\"fr-FR\",\"@id\":\"https:\\\/\\\/events.parcsaintecroix.com\\\/fr\\\/#\\\/schema\\\/logo\\\/image\\\/\",\"url\":\"\",\"contentUrl\":\"\",\"caption\":\"Sainte-Croix Events\"},\"image\":{\"@id\":\"https:\\\/\\\/events.parcsaintecroix.com\\\/fr\\\/#\\\/schema\\\/logo\\\/image\\\/\"},\"sameAs\":[\"https:\\\/\\\/www.facebook.com\\\/LodgesSainteCroix\\\/\",\"https:\\\/\\\/x.com\\\/parc_stecroix\"]}]}<\/script>\n<!-- \/ Yoast SEO plugin. -->","yoast_head_json":{"title":"Votre arbre de No\u00ebl | Sainte-Croix Events","description":"Organisez un \u00e9v\u00e9nement de fin d\u2019ann\u00e9e inoubliable au Parc Sainte Croix : cadre f\u00e9erique et offres sur mesure pour entreprises et CSE","robots":{"index":"index","follow":"follow","max-snippet":"max-snippet:-1","max-image-preview":"max-image-preview:large","max-video-preview":"max-video-preview:-1"},"canonical":"https:\/\/events.parcsaintecroix.com\/fr\/evenement-fin-annee-entreprise-et-cse","og_locale":"fr_FR","og_type":"article","og_title":"Votre arbre de No\u00ebl | Sainte-Croix Events","og_description":"Organisez un \u00e9v\u00e9nement de fin d\u2019ann\u00e9e inoubliable au Parc Sainte Croix : cadre f\u00e9erique et offres sur mesure pour entreprises et CSE","og_url":"https:\/\/events.parcsaintecroix.com\/fr\/evenement-fin-annee-entreprise-et-cse","og_site_name":"Sainte-Croix Events","article_publisher":"https:\/\/www.facebook.com\/LodgesSainteCroix\/","article_modified_time":"2026-03-27T15:25:12+00:00","og_image":[{"width":2048,"height":1365,"url":"http:\/\/events.parcsaintecroix.com\/wp-content\/uploads\/2026\/03\/loup-illuminee.jpg","type":"image\/jpeg"}],"twitter_card":"summary_large_image","twitter_site":"@parc_stecroix","twitter_misc":{"Dur\u00e9e de lecture estim\u00e9e":"4 minutes"},"schema":{"@context":"https:\/\/schema.org","@graph":[{"@type":"WebPage","@id":"https:\/\/events.parcsaintecroix.com\/fr\/evenement-fin-annee-entreprise-et-cse","url":"https:\/\/events.parcsaintecroix.com\/fr\/evenement-fin-annee-entreprise-et-cse","name":"Votre arbre de No\u00ebl | Sainte-Croix Events","isPartOf":{"@id":"https:\/\/events.parcsaintecroix.com\/fr\/#website"},"primaryImageOfPage":{"@id":"https:\/\/events.parcsaintecroix.com\/fr\/evenement-fin-annee-entreprise-et-cse#primaryimage"},"image":{"@id":"https:\/\/events.parcsaintecroix.com\/fr\/evenement-fin-annee-entreprise-et-cse#primaryimage"},"thumbnailUrl":"https:\/\/events.parcsaintecroix.com\/wp-content\/uploads\/2026\/03\/loup-illuminee.jpg","datePublished":"2026-03-27T15:25:09+00:00","dateModified":"2026-03-27T15:25:12+00:00","description":"Organisez un \u00e9v\u00e9nement de fin d\u2019ann\u00e9e inoubliable au Parc Sainte Croix : cadre f\u00e9erique et offres sur mesure pour entreprises et CSE","breadcrumb":{"@id":"https:\/\/events.parcsaintecroix.com\/fr\/evenement-fin-annee-entreprise-et-cse#breadcrumb"},"inLanguage":"fr-FR","potentialAction":[{"@type":"ReadAction","target":["https:\/\/events.parcsaintecroix.com\/fr\/evenement-fin-annee-entreprise-et-cse"]}]},{"@type":"ImageObject","inLanguage":"fr-FR","@id":"https:\/\/events.parcsaintecroix.com\/fr\/evenement-fin-annee-entreprise-et-cse#primaryimage","url":"https:\/\/events.parcsaintecroix.com\/wp-content\/uploads\/2026\/03\/loup-illuminee.jpg","contentUrl":"https:\/\/events.parcsaintecroix.com\/wp-content\/uploads\/2026\/03\/loup-illuminee.jpg","width":2048,"height":1365},{"@type":"BreadcrumbList","@id":"https:\/\/events.parcsaintecroix.com\/fr\/evenement-fin-annee-entreprise-et-cse#breadcrumb","itemListElement":[{"@type":"ListItem","position":1,"name":"Accueil","item":"https:\/\/events.parcsaintecroix.com\/fr"},{"@type":"ListItem","position":2,"name":"No\u00ebl au Parc Sainte Croix \u2013 \u00c9v\u00e9nements d\u2019Entreprise et CSE"}]},{"@type":"WebSite","@id":"https:\/\/events.parcsaintecroix.com\/fr\/#website","url":"https:\/\/events.parcsaintecroix.com\/fr\/","name":"Sainte-Croix Events","description":"Organiser votre s\u00e9minaire au c\u0153ur de la nature et du vivant","publisher":{"@id":"https:\/\/events.parcsaintecroix.com\/fr\/#organization"},"alternateName":"PSC","inLanguage":"fr-FR"},{"@type":"Organization","@id":"https:\/\/events.parcsaintecroix.com\/fr\/#organization","name":"Sainte-Croix Events","url":"https:\/\/events.parcsaintecroix.com\/fr\/","logo":{"@type":"ImageObject","inLanguage":"fr-FR","@id":"https:\/\/events.parcsaintecroix.com\/fr\/#\/schema\/logo\/image\/","url":"","contentUrl":"","caption":"Sainte-Croix Events"},"image":{"@id":"https:\/\/events.parcsaintecroix.com\/fr\/#\/schema\/logo\/image\/"},"sameAs":["https:\/\/www.facebook.com\/LodgesSainteCroix\/","https:\/\/x.com\/parc_stecroix"]}]}},"_links":{"self":[{"href":"https:\/\/events.parcsaintecroix.com\/fr\/wp-json\/wp\/v2\/pages\/39847","targetHints":{"allow":["GET"]}}],"collection":[{"href":"https:\/\/events.parcsaintecroix.com\/fr\/wp-json\/wp\/v2\/pages"}],"about":[{"href":"https:\/\/events.parcsaintecroix.com\/fr\/wp-json\/wp\/v2\/types\/page"}],"author":[{"embeddable":true,"href":"https:\/\/events.parcsaintecroix.com\/fr\/wp-json\/wp\/v2\/users\/18"}],"replies":[{"embeddable":true,"href":"https:\/\/events.parcsaintecroix.com\/fr\/wp-json\/wp\/v2\/comments?post=39847"}],"version-history":[{"count":12,"href":"https:\/\/events.parcsaintecroix.com\/fr\/wp-json\/wp\/v2\/pages\/39847\/revisions"}],"predecessor-version":[{"id":39883,"href":"https:\/\/events.parcsaintecroix.com\/fr\/wp-json\/wp\/v2\/pages\/39847\/revisions\/39883"}],"wp:featuredmedia":[{"embeddable":true,"href":"https:\/\/events.parcsaintecroix.com\/fr\/wp-json\/wp\/v2\/media\/39877"}],"wp:attachment":[{"href":"https:\/\/events.parcsaintecroix.com\/fr\/wp-json\/wp\/v2\/media?parent=39847"}],"curies":[{"name":"wp","href":"https:\/\/api.w.org\/{rel}","templated":true}]}}